{"id":2118,"date":"2018-01-12T07:24:00","date_gmt":"2018-01-12T06:24:00","guid":{"rendered":"https:\/\/www.sprachschule-aktiv-koeln.de\/anmeldung-sprachschule-koeln\/"},"modified":"2020-11-24T09:11:01","modified_gmt":"2020-11-24T08:11:01","slug":"registration","status":"publish","type":"page","link":"https:\/\/www.sprachschule-aktiv-koeln.de\/en\/registration\/","title":{"rendered":"Sign up"},"content":{"rendered":"<p>[vc_row css=&#8221;.vc_custom_1538681911058{margin-top: 20px !important;}&#8221;][vc_column][vc_column_text]<\/p>\n<h1>Join our language school in K\u00f6ln and learn German with qualified native teachers<\/h1>\n<p>Learn German quickly at our language school in K\u00f6ln[\/vc_column_text][\/vc_column][\/vc_row][vc_row full_width=&#8221;stretch_row&#8221; css=&#8221;.vc_custom_1538681944998{padding-top: 10px !important;padding-bottom: 20px !important;background-color: #f9f9f9 !important;}&#8221;][vc_column][vc_column_text]\n<div class=\"wpcf7 no-js\" id=\"wpcf7-f2121-o1\" lang=\"de-DE\" dir=\"ltr\" data-wpcf7-id=\"2121\">\n<div class=\"screen-reader-response\"><p role=\"status\" aria-live=\"polite\" aria-atomic=\"true\"><\/p> <ul><\/ul><\/div>\n<form action=\"\/en\/wp-json\/wp\/v2\/pages\/2118#wpcf7-f2121-o1\" method=\"post\" class=\"wpcf7-form init wpcf7-acceptance-as-validation\" aria-label=\"Kontaktformular\" novalidate=\"novalidate\" data-status=\"init\">\n<fieldset class=\"hidden-fields-container\"><input type=\"hidden\" name=\"_wpcf7\" value=\"2121\" \/><input type=\"hidden\" name=\"_wpcf7_version\" value=\"6.1.5\" \/><input type=\"hidden\" name=\"_wpcf7_locale\" value=\"de_DE\" \/><input type=\"hidden\" name=\"_wpcf7_unit_tag\" value=\"wpcf7-f2121-o1\" \/><input type=\"hidden\" name=\"_wpcf7_container_post\" value=\"0\" \/><input type=\"hidden\" name=\"_wpcf7_posted_data_hash\" value=\"\" \/><input type=\"hidden\" name=\"_wpcf7_recaptcha_response\" value=\"\" \/>\n<\/fieldset>\n<p>Company: <span class=\"wpcf7-form-control-wrap\" data-name=\"Firma\"><input size=\"40\" maxlength=\"400\" class=\"wpcf7-form-control wpcf7-text\" aria-invalid=\"false\" value=\"\" type=\"text\" name=\"Firma\" \/><\/span><br \/>\nGender*: <span class=\"wpcf7-form-control-wrap\" data-name=\"anrede\"><select class=\"wpcf7-form-control wpcf7-select wpcf7-validates-as-required\" aria-required=\"true\" aria-invalid=\"false\" name=\"anrede\"><option value=\"\">&#8211; Bitte ausw\u00e4hlen &#8211;<\/option><option value=\"Frau\">Frau<\/option><option value=\"Herr\">Herr<\/option><\/select><\/span><br \/>\nFirst name*: <span class=\"wpcf7-form-control-wrap\" data-name=\"Vorname\"><input size=\"40\" maxlength=\"400\" class=\"wpcf7-form-control wpcf7-text wpcf7-validates-as-required\" aria-required=\"true\" aria-invalid=\"false\" value=\"\" type=\"text\" name=\"Vorname\" \/><\/span><br \/>\nSurname*: <span class=\"wpcf7-form-control-wrap\" data-name=\"Nachname\"><input size=\"40\" maxlength=\"400\" class=\"wpcf7-form-control wpcf7-text wpcf7-validates-as-required\" aria-required=\"true\" aria-invalid=\"false\" value=\"\" type=\"text\" name=\"Nachname\" \/><\/span><br \/>\nStreet, Nr*: <span class=\"wpcf7-form-control-wrap\" data-name=\"Adresse\"><input size=\"40\" maxlength=\"400\" class=\"wpcf7-form-control wpcf7-text wpcf7-validates-as-required\" aria-required=\"true\" aria-invalid=\"false\" value=\"\" type=\"text\" name=\"Adresse\" \/><\/span><br \/>\nPostal Code \/ City*: <span class=\"wpcf7-form-control-wrap\" data-name=\"PLZ-Ort\"><input size=\"40\" maxlength=\"400\" class=\"wpcf7-form-control wpcf7-text wpcf7-validates-as-required\" aria-required=\"true\" aria-invalid=\"false\" value=\"\" type=\"text\" name=\"PLZ-Ort\" \/><\/span><br \/>\nTelephone*: <span class=\"wpcf7-form-control-wrap\" data-name=\"Telefon\"><input size=\"40\" maxlength=\"400\" class=\"wpcf7-form-control wpcf7-text wpcf7-validates-as-required\" aria-required=\"true\" aria-invalid=\"false\" value=\"\" type=\"text\" name=\"Telefon\" \/><\/span><br \/>\nE-Mail*: <span class=\"wpcf7-form-control-wrap\" data-name=\"Email\"><input size=\"40\" maxlength=\"400\" class=\"wpcf7-form-control wpcf7-email wpcf7-validates-as-required wpcf7-text wpcf7-validates-as-email\" aria-required=\"true\" aria-invalid=\"false\" value=\"\" type=\"email\" name=\"Email\" \/><\/span>\n<\/p>\n<h2>Course information:\n<\/h2>\n<p>Desired language*: <span class=\"wpcf7-form-control-wrap\" data-name=\"Sprache\"><input size=\"40\" maxlength=\"400\" class=\"wpcf7-form-control wpcf7-text wpcf7-validates-as-required\" aria-required=\"true\" aria-invalid=\"false\" placeholder=\"e.g. German, English, Spanish\" value=\"\" type=\"text\" name=\"Sprache\" \/><\/span><br \/>\nCourse type*: <span class=\"wpcf7-form-control-wrap\" data-name=\"Kursart\"><select class=\"wpcf7-form-control wpcf7-select wpcf7-validates-as-required\" aria-required=\"true\" aria-invalid=\"false\" name=\"Kursart\"><option value=\"Morning intensive course\">Morning intensive course<\/option><option value=\"Intensive course for visas!\">Intensive course for visas!<\/option><option value=\"Evening course 1x per week\">Evening course 1x per week<\/option><option value=\"Evening course 2x per week\">Evening course 2x per week<\/option><option value=\"Private course\">Private course<\/option><option value=\"Company course\">Company course<\/option><\/select><\/span><br \/>\nLevel*: <span class=\"wpcf7-form-control-wrap\" data-name=\"Niveau\"><select class=\"wpcf7-form-control wpcf7-select wpcf7-validates-as-required\" aria-required=\"true\" aria-invalid=\"false\" name=\"Niveau\"><option value=\"A1.1 (Beginner)\">A1.1 (Beginner)<\/option><option value=\"A1.2 (Beginner)\">A1.2 (Beginner)<\/option><option value=\"A2.1 (Elementary \/ Basics)\">A2.1 (Elementary \/ Basics)<\/option><option value=\"A2.2 (Elementary \/ Basics)\">A2.2 (Elementary \/ Basics)<\/option><option value=\"B1.1 (Intermediate)\">B1.1 (Intermediate)<\/option><option value=\"B1.2 (Intermediate)\">B1.2 (Intermediate)<\/option><option value=\"B2.1 (Vantage \/ good intermediate)\">B2.1 (Vantage \/ good intermediate)<\/option><option value=\"B2.2 (Vantage \/ good intermediate)\">B2.2 (Vantage \/ good intermediate)<\/option><option value=\"C1.1 (Advanced)\">C1.1 (Advanced)<\/option><option value=\"C1.2 (Advanced \/ advanced knowledge)\">C1.2 (Advanced \/ advanced knowledge)<\/option><option value=\"C2.1 (Proficiency \/ excellent knowledge)\">C2.1 (Proficiency \/ excellent knowledge)<\/option><option value=\"C2.2 (Proficiency \/ excellent knowledge)\">C2.2 (Proficiency \/ excellent knowledge)<\/option><\/select><\/span><br \/>\nCourse start*: <span class=\"wpcf7-form-control-wrap\" data-name=\"Kursbeginn\"><input size=\"40\" maxlength=\"400\" class=\"wpcf7-form-control wpcf7-text wpcf7-validates-as-required\" aria-required=\"true\" aria-invalid=\"false\" value=\"\" type=\"text\" name=\"Kursbeginn\" \/><\/span><br \/>\nDuration of the course (only for intensive courses): <span class=\"wpcf7-form-control-wrap\" data-name=\"DauerDesKurses\"><input size=\"40\" maxlength=\"400\" class=\"wpcf7-form-control wpcf7-text\" aria-invalid=\"false\" placeholder=\"E.g. 4 weeks for an intensive course\" value=\"\" type=\"text\" name=\"DauerDesKurses\" \/><\/span><br \/>\nDesired number of hours (only for sports courses): <span class=\"wpcf7-form-control-wrap\" data-name=\"GewunschteStundenzahl\"><input size=\"40\" maxlength=\"400\" class=\"wpcf7-form-control wpcf7-text\" aria-invalid=\"false\" value=\"\" type=\"text\" name=\"GewunschteStundenzahl\" \/><\/span>\n<\/p>\n<h2>Payment:\n<\/h2>\n<p>Payment method: <span class=\"wpcf7-form-control-wrap\" data-name=\"Zahlungsweise\"><select class=\"wpcf7-form-control wpcf7-select wpcf7-validates-as-required\" aria-required=\"true\" aria-invalid=\"false\" name=\"Zahlungsweise\"><option value=\"Cash payment on site before the start of the course\">Cash payment on site before the start of the course<\/option><option value=\"Transfer\">Transfer<\/option><\/select><\/span>\n<\/p>\n<h2>Comments, notes:\n<\/h2>\n<p>Remarks:<br \/>\n<span class=\"wpcf7-form-control-wrap\" data-name=\"Bemerkungen\"><textarea cols=\"40\" rows=\"10\" maxlength=\"2000\" class=\"wpcf7-form-control wpcf7-textarea\" aria-invalid=\"false\" name=\"Bemerkungen\"><\/textarea><\/span>\n<\/p>\n<div style=\"\">\n\t<p><span class=\"wpcf7-form-control-wrap\" data-name=\"agb\"><span class=\"wpcf7-form-control wpcf7-acceptance\"><span class=\"wpcf7-list-item\"><input type=\"checkbox\" name=\"agb\" value=\"1\" aria-invalid=\"false\" \/><\/span><\/span><\/span> (*) I have read and accept the <a href=\"\/allgemeine-geschaftsbedingungen\/\" target=\"_blank\">legal terms<\/a> and the <a href=\"\/datenschutzerklarung\/\" target=\"_blank\">data privacy policy<\/a>.\n\t<\/p>\n<\/div>\n<div style=\"\">\n\t<p><span class=\"wpcf7-form-control-wrap\" data-name=\"widerrufsbelehrung\"><span class=\"wpcf7-form-control wpcf7-acceptance\"><span class=\"wpcf7-list-item\"><input type=\"checkbox\" name=\"widerrufsbelehrung\" value=\"1\" aria-invalid=\"false\" \/><\/span><\/span><\/span> (*) I hereby confirm, that I have read and understood the <a href=\"https:\/\/www.sprachschule-aktiv-koeln.de\/en\/cancellation-policy\/\" target=\"_blank\">cancellation policy<\/a> and instructions and accept them.\n\t<\/p>\n<\/div>\n<p><input class=\"wpcf7-form-control wpcf7-submit has-spinner\" type=\"submit\" value=\"Buy course\" \/>\n<\/p><div class=\"wpcf7-response-output\" aria-hidden=\"true\"><\/div>\n<\/form>\n<\/div>\n[\/vc_column_text][\/vc_column][\/vc_row]<\/p>\n","protected":false},"excerpt":{"rendered":"<p>[vc_row css=&#8221;.vc_custom_1538681911058{margin-top: 20px !important;}&#8221;][vc_column][vc_column_text] Join our language school in K\u00f6ln and learn German with qualified native teachers Learn German quickly at our language school in K\u00f6ln[\/vc_column_text][\/vc_column][\/vc_row][vc_row full_width=&#8221;stretch_row&#8221; css=&#8221;.vc_custom_1538681944998{padding-top: 10px !important;padding-bottom: 20px !important;background-color: #f9f9f9 !important;}&#8221;][vc_column][vc_column_text][\/vc_column_text][\/vc_column][\/vc_row]<\/p>\n","protected":false},"author":1,"featured_media":0,"parent":0,"menu_order":0,"comment_status":"closed","ping_status":"closed","template":"","meta":{"footnotes":""},"class_list":["post-2118","page","type-page","status-publish","hentry"],"yoast_head":"<!-- This site is optimized with the Yoast SEO plugin v27.2 - https:\/\/yoast.com\/product\/yoast-seo-wordpress\/ -->\n<title>Learn German with qualified native teachers in K\u00f6ln<\/title>\n<meta name=\"description\" content=\"Join our language school in K\u00f6ln and learn German with qualified native teachers. Learn German quickly at our language school in K\u00f6ln.\" \/>\n<meta name=\"robots\" content=\"index, follow, max-snippet:-1, max-image-preview:large, max-video-preview:-1\" \/>\n<link rel=\"canonical\" href=\"https:\/\/www.sprachschule-aktiv-koeln.de\/en\/registration\/\" \/>\n<meta property=\"og:locale\" content=\"en_US\" \/>\n<meta property=\"og:type\" content=\"article\" \/>\n<meta property=\"og:title\" content=\"Learn German with qualified native teachers in K\u00f6ln\" \/>\n<meta property=\"og:description\" content=\"Join our language school in K\u00f6ln and learn German with qualified native teachers. Learn German quickly at our language school in K\u00f6ln.\" \/>\n<meta property=\"og:url\" content=\"https:\/\/www.sprachschule-aktiv-koeln.de\/en\/registration\/\" \/>\n<meta property=\"og:site_name\" content=\"Sprachschule Aktiv K\u00f6ln\" \/>\n<meta property=\"article:modified_time\" content=\"2020-11-24T08:11:01+00:00\" \/>\n<meta name=\"twitter:card\" content=\"summary_large_image\" \/>\n<script type=\"application\/ld+json\" class=\"yoast-schema-graph\">{\"@context\":\"https:\/\/schema.org\",\"@graph\":[{\"@type\":\"WebPage\",\"@id\":\"https:\/\/www.sprachschule-aktiv-koeln.de\/en\/registration\/\",\"url\":\"https:\/\/www.sprachschule-aktiv-koeln.de\/en\/registration\/\",\"name\":\"Learn German with qualified native teachers in K\u00f6ln\",\"isPartOf\":{\"@id\":\"https:\/\/www.sprachschule-aktiv-koeln.de\/#website\"},\"datePublished\":\"2018-01-12T06:24:00+00:00\",\"dateModified\":\"2020-11-24T08:11:01+00:00\",\"description\":\"Join our language school in K\u00f6ln and learn German with qualified native teachers. Learn German quickly at our language school in K\u00f6ln.\",\"breadcrumb\":{\"@id\":\"https:\/\/www.sprachschule-aktiv-koeln.de\/en\/registration\/#breadcrumb\"},\"inLanguage\":\"en-US\",\"potentialAction\":[{\"@type\":\"ReadAction\",\"target\":[\"https:\/\/www.sprachschule-aktiv-koeln.de\/en\/registration\/\"]}]},{\"@type\":\"BreadcrumbList\",\"@id\":\"https:\/\/www.sprachschule-aktiv-koeln.de\/en\/registration\/#breadcrumb\",\"itemListElement\":[{\"@type\":\"ListItem\",\"position\":1,\"name\":\"Startseite\",\"item\":\"https:\/\/www.sprachschule-aktiv-koeln.de\/en\/\"},{\"@type\":\"ListItem\",\"position\":2,\"name\":\"Sign up\"}]},{\"@type\":\"WebSite\",\"@id\":\"https:\/\/www.sprachschule-aktiv-koeln.de\/#website\",\"url\":\"https:\/\/www.sprachschule-aktiv-koeln.de\/\",\"name\":\"Sprachschule Aktiv K\u00f6ln\",\"description\":\"\",\"potentialAction\":[{\"@type\":\"SearchAction\",\"target\":{\"@type\":\"EntryPoint\",\"urlTemplate\":\"https:\/\/www.sprachschule-aktiv-koeln.de\/?s={search_term_string}\"},\"query-input\":{\"@type\":\"PropertyValueSpecification\",\"valueRequired\":true,\"valueName\":\"search_term_string\"}}],\"inLanguage\":\"en-US\"}]}<\/script>\n<!-- \/ Yoast SEO plugin. -->","yoast_head_json":{"title":"Learn German with qualified native teachers in K\u00f6ln","description":"Join our language school in K\u00f6ln and learn German with qualified native teachers. Learn German quickly at our language school in K\u00f6ln.","robots":{"index":"index","follow":"follow","max-snippet":"max-snippet:-1","max-image-preview":"max-image-preview:large","max-video-preview":"max-video-preview:-1"},"canonical":"https:\/\/www.sprachschule-aktiv-koeln.de\/en\/registration\/","og_locale":"en_US","og_type":"article","og_title":"Learn German with qualified native teachers in K\u00f6ln","og_description":"Join our language school in K\u00f6ln and learn German with qualified native teachers. Learn German quickly at our language school in K\u00f6ln.","og_url":"https:\/\/www.sprachschule-aktiv-koeln.de\/en\/registration\/","og_site_name":"Sprachschule Aktiv K\u00f6ln","article_modified_time":"2020-11-24T08:11:01+00:00","twitter_card":"summary_large_image","schema":{"@context":"https:\/\/schema.org","@graph":[{"@type":"WebPage","@id":"https:\/\/www.sprachschule-aktiv-koeln.de\/en\/registration\/","url":"https:\/\/www.sprachschule-aktiv-koeln.de\/en\/registration\/","name":"Learn German with qualified native teachers in K\u00f6ln","isPartOf":{"@id":"https:\/\/www.sprachschule-aktiv-koeln.de\/#website"},"datePublished":"2018-01-12T06:24:00+00:00","dateModified":"2020-11-24T08:11:01+00:00","description":"Join our language school in K\u00f6ln and learn German with qualified native teachers. Learn German quickly at our language school in K\u00f6ln.","breadcrumb":{"@id":"https:\/\/www.sprachschule-aktiv-koeln.de\/en\/registration\/#breadcrumb"},"inLanguage":"en-US","potentialAction":[{"@type":"ReadAction","target":["https:\/\/www.sprachschule-aktiv-koeln.de\/en\/registration\/"]}]},{"@type":"BreadcrumbList","@id":"https:\/\/www.sprachschule-aktiv-koeln.de\/en\/registration\/#breadcrumb","itemListElement":[{"@type":"ListItem","position":1,"name":"Startseite","item":"https:\/\/www.sprachschule-aktiv-koeln.de\/en\/"},{"@type":"ListItem","position":2,"name":"Sign up"}]},{"@type":"WebSite","@id":"https:\/\/www.sprachschule-aktiv-koeln.de\/#website","url":"https:\/\/www.sprachschule-aktiv-koeln.de\/","name":"Sprachschule Aktiv K\u00f6ln","description":"","potentialAction":[{"@type":"SearchAction","target":{"@type":"EntryPoint","urlTemplate":"https:\/\/www.sprachschule-aktiv-koeln.de\/?s={search_term_string}"},"query-input":{"@type":"PropertyValueSpecification","valueRequired":true,"valueName":"search_term_string"}}],"inLanguage":"en-US"}]}},"_links":{"self":[{"href":"https:\/\/www.sprachschule-aktiv-koeln.de\/en\/wp-json\/wp\/v2\/pages\/2118","targetHints":{"allow":["GET"]}}],"collection":[{"href":"https:\/\/www.sprachschule-aktiv-koeln.de\/en\/wp-json\/wp\/v2\/pages"}],"about":[{"href":"https:\/\/www.sprachschule-aktiv-koeln.de\/en\/wp-json\/wp\/v2\/types\/page"}],"author":[{"embeddable":true,"href":"https:\/\/www.sprachschule-aktiv-koeln.de\/en\/wp-json\/wp\/v2\/users\/1"}],"replies":[{"embeddable":true,"href":"https:\/\/www.sprachschule-aktiv-koeln.de\/en\/wp-json\/wp\/v2\/comments?post=2118"}],"version-history":[{"count":4,"href":"https:\/\/www.sprachschule-aktiv-koeln.de\/en\/wp-json\/wp\/v2\/pages\/2118\/revisions"}],"predecessor-version":[{"id":2123,"href":"https:\/\/www.sprachschule-aktiv-koeln.de\/en\/wp-json\/wp\/v2\/pages\/2118\/revisions\/2123"}],"wp:attachment":[{"href":"https:\/\/www.sprachschule-aktiv-koeln.de\/en\/wp-json\/wp\/v2\/media?parent=2118"}],"curies":[{"name":"wp","href":"https:\/\/api.w.org\/{rel}","templated":true}]}}