{"id":1010,"date":"2018-01-11T18:49:20","date_gmt":"2018-01-11T17:49:20","guid":{"rendered":"https:\/\/www.sprachschule-aktiv-koeln.de\/home\/"},"modified":"2026-03-25T13:36:30","modified_gmt":"2026-03-25T12:36:30","slug":"home","status":"publish","type":"page","link":"https:\/\/www.sprachschule-aktiv-koeln.de\/es\/","title":{"rendered":"Home"},"content":{"rendered":"<p>[vc_row full_width=&#8221;stretch_row_content_no_spaces&#8221;][vc_column][vc_single_image image=&#8221;3684&#8243; img_size=&#8221;full&#8221;][\/vc_column][\/vc_row][vc_row css=&#8221;.vc_custom_1607186626905{margin-top: 10px !important;}&#8221;][vc_column][vc_column_text]<\/p>\n<h1>Aprender alem\u00e1n en Colonia &#8211; Cursos de alem\u00e1n (A1 a C2) &#8211; Escuela de idiomas<\/h1>\n<p>[\/vc_column_text][vc_row_inner][vc_column_inner width=&#8221;1\/2&#8243;][vc_column_text]<iframe src=\"https:\/\/www.youtube.com\/embed\/54-5aCU96MM\" width=\"560\" height=\"315\" frameborder=\"0\" allowfullscreen=\"allowfullscreen\"><\/iframe>[\/vc_column_text][\/vc_column_inner][vc_column_inner width=&#8221;1\/2&#8243;][vc_column_text]\u00bfEs tu deseo vivir, trabajar o estudiar en Alemania? Entonces necesitas un socio profesional y de confianza para aprender alem\u00e1n.<\/p>\n<p>La escuela de idiomas Aktiv en Colonia est\u00e1 comprometida con tus objetivos. Comenzamos con una consulta no vinculada con una prueba de ubicaci\u00f3n gratuita y un servicio r\u00e1pido y amigable.[\/vc_column_text][vc_column_text]<a class=\"whyaweb-kontakt\" href=\"#\">Contacta con nosotros<\/a>[\/vc_column_text][\/vc_column_inner][\/vc_row_inner][\/vc_column][\/vc_row][vc_row full_width=&#8221;stretch_row&#8221; css=&#8221;.vc_custom_1538648473780{padding-top: 10px !important;padding-bottom: 25px !important;background-color: #f9f9f9 !important;}&#8221;][vc_column width=&#8221;1\/2&#8243;][vc_column_text]<\/p>\n<h2>Clases de alem\u00e1n en Colonia: aprende alem\u00e1n profesionalmente<\/h2>\n<p>[\/vc_column_text][vc_single_image image=&#8221;1022&#8243; img_size=&#8221;full&#8221; alignment=&#8221;center&#8221;][vc_column_text]Adem\u00e1s, ofrecemos profesores nativos de alem\u00e1n y clases de alem\u00e1n de alta calidad de acuerdo con las directrices del Marco Com\u00fan Europeo de Referencia para las Lenguas. Por supuesto, no nos detendremos all\u00ed por mucho tiempo. Adem\u00e1s de un ambiente de aprendizaje motivador, ofrecemos una clase de prueba gratuita y organizamos actividades de ocio como un desayuno internacional y excursiones en la zona. Cont\u00e1ctanos, esperamos verte.[\/vc_column_text][vc_column_text]<a class=\"whyaweb-kontakt\" href=\"#\">Contacta con nosotros<\/a>[\/vc_column_text][\/vc_column][vc_column width=&#8221;1\/2&#8243;][vc_single_image image=&#8221;3446&#8243; img_size=&#8221;large&#8221;][\/vc_column][\/vc_row][vc_row css=&#8221;.vc_custom_1547630222745{margin-top: 15px !important;padding-bottom: 15px !important;}&#8221;][vc_column width=&#8221;1\/2&#8243;][vc_column_text]<\/p>\n<h2>Cursos de alem\u00e1n en Alemania: lo que debes saber<\/h2>\n<p>Hemos recopilado datos interesantes y consejos importantes para su estad\u00eda en Alemania. Esta informaci\u00f3n lo ayudar\u00e1 a comprender lo que debe hacer en t\u00e9rminos de visa, alojamiento o seguro de salud.[\/vc_column_text][vc_column_text]<a class=\"whyaweb-kontakt\" href=\"#\">Contacta con nosotros<\/a>[\/vc_column_text][\/vc_column][vc_column width=&#8221;1\/2&#8243;][vc_single_image image=&#8221;4090&#8243; img_size=&#8221;full&#8221; alignment=&#8221;center&#8221; css=&#8221;.vc_custom_1547630031683{margin-top: 50px !important;}&#8221;][\/vc_column][\/vc_row][vc_row full_width=&#8221;stretch_row&#8221; css=&#8221;.vc_custom_1538648658554{padding-top: 10px !important;padding-bottom: 25px !important;background-color: #f9f9f9 !important;}&#8221;][vc_column][vc_column_text]<\/p>\n<h2>Cursos intensivos de alem\u00e1n en Colonia &#8211; costos y fechas<\/h2>\n<ul>\n<li><strong>Fecha de inicio:<\/strong> Nuestros cursos intensivos de alem\u00e1n empiezan siempre el primer lunes de cada mes.<\/li>\n<li><strong>Duracion del curso intensivo:<\/strong>\u00a04 semanas de lunes a viernes de 9:00 a 12:00<\/li>\n<li>1 semana: 199 \u20ac<\/li>\n<li>2 semanas: 349 \u20ac<\/li>\n<li>3 semanas: 449 \u20ac<\/li>\n<li>4 semanas (por mes): 499 \u20ac<\/li>\n<li>Si reservas dos meses o m\u00e1s, pagas 449 \u20ac al mes.<\/li>\n<\/ul>\n<p>[\/vc_column_text][vc_column_text]<\/p>\n<h3 data-sourcepos=\"3:1-3:36\">Curso de alem\u00e1n nocturno Tipo 1:<\/h3>\n<ul data-sourcepos=\"5:1-9:0\">\n<li data-sourcepos=\"5:1-5:69\">Duraci\u00f3n: 4 semanas, 2 veces por semana con 135 minutos por sesi\u00f3n.<\/li>\n<li data-sourcepos=\"6:1-6:79\">Costo: 225 \u20ac por 4 semanas. \u00a1Precio especial de 380 \u20ac! al reservar 8 semanas.<\/li>\n<li data-sourcepos=\"7:1-7:54\">Horario: Las clases se imparten los martes y jueves.<\/li>\n<li data-sourcepos=\"8:1-9:0\">Inicio del curso: Todas las niveles comienzan el primer martes de cada mes.<\/li>\n<\/ul>\n<p>&nbsp;<\/p>\n<h3 data-sourcepos=\"3:1-3:36\">Curso de alem\u00e1n nocturno Tipo 2:<\/h3>\n<ul data-sourcepos=\"5:1-8:0\">\n<li data-sourcepos=\"5:1-5:67\">Duraci\u00f3n: 12 semanas, 1 vez por semana con 90 minutos por sesi\u00f3n.<\/li>\n<li data-sourcepos=\"6:1-6:49\">Costo: 279 \u20ac para todos los niveles de A1 a C2.<\/li>\n<\/ul>\n<p>[\/vc_column_text][\/vc_column][\/vc_row][vc_row css=&#8221;.vc_custom_1544170855256{padding-bottom: 20px !important;}&#8221;][vc_column][vc_column_text]<\/p>\n<h2>\u00bfEres principiante o avanzado? Aprende alem\u00e1n de A1 a C2<\/h2>\n<p>[\/vc_column_text][vc_single_image image=&#8221;1024&#8243; img_size=&#8221;full&#8221; alignment=&#8221;center&#8221;][vc_column_text]Una vez que haya completado la prueba de ubicaci\u00f3n gratuita mencionada anteriormente, sabr\u00e1 qu\u00e9 nivel de aprendizaje le conviene m\u00e1s. Todos nuestros modelos de cursos est\u00e1n disponibles para todos los niveles de A1, A2, B1, B2, C1 y C2. Orientado al \u00e9xito y adaptado a los requisitos respectivos, acompa\u00f1a a nuestros profesores de alem\u00e1n al siguiente nivel. Al hacerlo, entrena extensamente tanto la expresi\u00f3n escrita como la oral y la comprensi\u00f3n auditiva y lectora. Las lecciones de alem\u00e1n en Colonia son particularmente animadas debido al dise\u00f1o interactivo con una alta proporci\u00f3n de discurso para cada alumno alem\u00e1n.[\/vc_column_text][\/vc_column][\/vc_row][vc_row full_width=&#8221;stretch_row&#8221; css=&#8221;.vc_custom_1538648658554{padding-top: 10px !important;padding-bottom: 25px !important;background-color: #f9f9f9 !important;}&#8221;][vc_column][vc_column_text]<\/p>\n<h2>Colonia &#8211; la metr\u00f3poli encantadora<\/h2>\n<p>La ciudad del Rin es conocida por su apertura y tolerancia. Todos deber\u00edan estar felices despu\u00e9s de su actuaci\u00f3n, es la polilla de Colonia. Al mismo tiempo, y esto no es una contradicci\u00f3n en Colonia, los lugare\u00f1os est\u00e1n orgullosos de sus tradiciones y les gusta vivirlas; especialmente cuando se trata del notorio carnaval. Solo unas pocas ciudades celebran estos eventos tan exuberantemente como la gente de Colonia. Aprender alem\u00e1n y divertirse es a veces una combinaci\u00f3n muy efectiva. \u00a1Celebra con nosotros! Por supuesto, tambi\u00e9n puede admirar lugares de inter\u00e9s como la Catedral de Colonia en esta ciudad de 2000 a\u00f1os.<\/p>\n<h2>Prueba de nivel gratuita para alem\u00e1n en Colonia<\/h2>\n<p>Ya tiene conocimientos previos del idioma alem\u00e1n, pero no puede evaluar qu\u00e9 nivel de aprendizaje est\u00e1 estudiando actualmente. Ponte a prueba con nuestras pruebas de ubicaci\u00f3n gratuitas. Lo mejor es comenzar por el principio.[\/vc_column_text][\/vc_column][\/vc_row]<\/p>\n","protected":false},"excerpt":{"rendered":"<p>[vc_row full_width=&#8221;stretch_row_content_no_spaces&#8221;][vc_column][vc_single_image image=&#8221;3684&#8243; img_size=&#8221;full&#8221;][\/vc_column][\/vc_row][vc_row css=&#8221;.vc_custom_1607186626905{margin-top: 10px !important;}&#8221;][vc_column][vc_column_text] Aprender alem\u00e1n en Colonia &#8211; Cursos de alem\u00e1n (A1 a C2) &#8211; Escuela de idiomas [\/vc_column_text][vc_row_inner][vc_column_inner width=&#8221;1\/2&#8243;][vc_column_text][\/vc_column_text][\/vc_column_inner][vc_column_inner width=&#8221;1\/2&#8243;][vc_column_text]\u00bfEs tu deseo vivir, trabajar o estudiar en Alemania? Entonces necesitas un socio profesional y de confianza para aprender alem\u00e1n. La escuela de idiomas Aktiv en Colonia est\u00e1 comprometida con tus&hellip; <a class=\"read-more\" href=\"https:\/\/www.sprachschule-aktiv-koeln.de\/es\/\" title=\"Read Home\">Read more &raquo;<\/a><\/p>\n","protected":false},"author":1,"featured_media":0,"parent":0,"menu_order":0,"comment_status":"closed","ping_status":"closed","template":"","meta":{"footnotes":""},"class_list":["post-1010","page","type-page","status-publish","hentry"],"yoast_head":"<!-- This site is optimized with the Yoast SEO plugin v27.2 - https:\/\/yoast.com\/product\/yoast-seo-wordpress\/ -->\n<title>Cursos de alem\u00e1n en Colonia (A1 a C2) - Aprender alem\u00e1n<\/title>\n<meta name=\"description\" content=\"Aprender alem\u00e1n en Colonia en la escuela de idiomas Sprachschule Aktiv. Cursos intensivos de alem\u00e1n A1, A2, B1, B2, C1, C2. Fechas de inicio y precios.\" \/>\n<meta name=\"robots\" content=\"index, follow, max-snippet:-1, max-image-preview:large, max-video-preview:-1\" \/>\n<link rel=\"canonical\" href=\"https:\/\/www.sprachschule-aktiv-koeln.de\/es\/\" \/>\n<meta property=\"og:locale\" content=\"es_ES\" \/>\n<meta property=\"og:type\" content=\"article\" \/>\n<meta property=\"og:title\" content=\"Cursos de alem\u00e1n en Colonia (A1 a C2) - Aprender alem\u00e1n\" \/>\n<meta property=\"og:description\" content=\"Aprender alem\u00e1n en Colonia en la escuela de idiomas Sprachschule Aktiv. Cursos intensivos de alem\u00e1n A1, A2, B1, B2, C1, C2. Fechas de inicio y precios.\" \/>\n<meta property=\"og:url\" content=\"https:\/\/www.sprachschule-aktiv-koeln.de\/es\/\" \/>\n<meta property=\"og:site_name\" content=\"Sprachschule Aktiv K\u00f6ln\" \/>\n<meta property=\"article:modified_time\" content=\"2026-03-25T12:36:30+00:00\" \/>\n<meta name=\"twitter:card\" content=\"summary_large_image\" \/>\n<meta name=\"twitter:label1\" content=\"Tiempo de lectura\" \/>\n\t<meta name=\"twitter:data1\" content=\"5 minutos\" \/>\n<script type=\"application\/ld+json\" class=\"yoast-schema-graph\">{\"@context\":\"https:\/\/schema.org\",\"@graph\":[{\"@type\":\"WebPage\",\"@id\":\"https:\/\/www.sprachschule-aktiv-koeln.de\/es\/\",\"url\":\"https:\/\/www.sprachschule-aktiv-koeln.de\/es\/\",\"name\":\"Cursos de alem\u00e1n en Colonia (A1 a C2) - Aprender alem\u00e1n\",\"isPartOf\":{\"@id\":\"https:\/\/www.sprachschule-aktiv-koeln.de\/#website\"},\"datePublished\":\"2018-01-11T17:49:20+00:00\",\"dateModified\":\"2026-03-25T12:36:30+00:00\",\"description\":\"Aprender alem\u00e1n en Colonia en la escuela de idiomas Sprachschule Aktiv. Cursos intensivos de alem\u00e1n A1, A2, B1, B2, C1, C2. Fechas de inicio y precios.\",\"breadcrumb\":{\"@id\":\"https:\/\/www.sprachschule-aktiv-koeln.de\/es\/#breadcrumb\"},\"inLanguage\":\"es\",\"potentialAction\":[{\"@type\":\"ReadAction\",\"target\":[\"https:\/\/www.sprachschule-aktiv-koeln.de\/es\/\"]}]},{\"@type\":\"BreadcrumbList\",\"@id\":\"https:\/\/www.sprachschule-aktiv-koeln.de\/es\/#breadcrumb\",\"itemListElement\":[{\"@type\":\"ListItem\",\"position\":1,\"name\":\"Startseite\",\"item\":\"https:\/\/www.sprachschule-aktiv-koeln.de\/es\/\"},{\"@type\":\"ListItem\",\"position\":2,\"name\":\"Home\"}]},{\"@type\":\"WebSite\",\"@id\":\"https:\/\/www.sprachschule-aktiv-koeln.de\/#website\",\"url\":\"https:\/\/www.sprachschule-aktiv-koeln.de\/\",\"name\":\"Sprachschule Aktiv K\u00f6ln\",\"description\":\"\",\"potentialAction\":[{\"@type\":\"SearchAction\",\"target\":{\"@type\":\"EntryPoint\",\"urlTemplate\":\"https:\/\/www.sprachschule-aktiv-koeln.de\/?s={search_term_string}\"},\"query-input\":{\"@type\":\"PropertyValueSpecification\",\"valueRequired\":true,\"valueName\":\"search_term_string\"}}],\"inLanguage\":\"es\"}]}<\/script>\n<!-- \/ Yoast SEO plugin. -->","yoast_head_json":{"title":"Cursos de alem\u00e1n en Colonia (A1 a C2) - Aprender alem\u00e1n","description":"Aprender alem\u00e1n en Colonia en la escuela de idiomas Sprachschule Aktiv. Cursos intensivos de alem\u00e1n A1, A2, B1, B2, C1, C2. Fechas de inicio y precios.","robots":{"index":"index","follow":"follow","max-snippet":"max-snippet:-1","max-image-preview":"max-image-preview:large","max-video-preview":"max-video-preview:-1"},"canonical":"https:\/\/www.sprachschule-aktiv-koeln.de\/es\/","og_locale":"es_ES","og_type":"article","og_title":"Cursos de alem\u00e1n en Colonia (A1 a C2) - Aprender alem\u00e1n","og_description":"Aprender alem\u00e1n en Colonia en la escuela de idiomas Sprachschule Aktiv. Cursos intensivos de alem\u00e1n A1, A2, B1, B2, C1, C2. Fechas de inicio y precios.","og_url":"https:\/\/www.sprachschule-aktiv-koeln.de\/es\/","og_site_name":"Sprachschule Aktiv K\u00f6ln","article_modified_time":"2026-03-25T12:36:30+00:00","twitter_card":"summary_large_image","twitter_misc":{"Tiempo de lectura":"5 minutos"},"schema":{"@context":"https:\/\/schema.org","@graph":[{"@type":"WebPage","@id":"https:\/\/www.sprachschule-aktiv-koeln.de\/es\/","url":"https:\/\/www.sprachschule-aktiv-koeln.de\/es\/","name":"Cursos de alem\u00e1n en Colonia (A1 a C2) - Aprender alem\u00e1n","isPartOf":{"@id":"https:\/\/www.sprachschule-aktiv-koeln.de\/#website"},"datePublished":"2018-01-11T17:49:20+00:00","dateModified":"2026-03-25T12:36:30+00:00","description":"Aprender alem\u00e1n en Colonia en la escuela de idiomas Sprachschule Aktiv. Cursos intensivos de alem\u00e1n A1, A2, B1, B2, C1, C2. Fechas de inicio y precios.","breadcrumb":{"@id":"https:\/\/www.sprachschule-aktiv-koeln.de\/es\/#breadcrumb"},"inLanguage":"es","potentialAction":[{"@type":"ReadAction","target":["https:\/\/www.sprachschule-aktiv-koeln.de\/es\/"]}]},{"@type":"BreadcrumbList","@id":"https:\/\/www.sprachschule-aktiv-koeln.de\/es\/#breadcrumb","itemListElement":[{"@type":"ListItem","position":1,"name":"Startseite","item":"https:\/\/www.sprachschule-aktiv-koeln.de\/es\/"},{"@type":"ListItem","position":2,"name":"Home"}]},{"@type":"WebSite","@id":"https:\/\/www.sprachschule-aktiv-koeln.de\/#website","url":"https:\/\/www.sprachschule-aktiv-koeln.de\/","name":"Sprachschule Aktiv K\u00f6ln","description":"","potentialAction":[{"@type":"SearchAction","target":{"@type":"EntryPoint","urlTemplate":"https:\/\/www.sprachschule-aktiv-koeln.de\/?s={search_term_string}"},"query-input":{"@type":"PropertyValueSpecification","valueRequired":true,"valueName":"search_term_string"}}],"inLanguage":"es"}]}},"_links":{"self":[{"href":"https:\/\/www.sprachschule-aktiv-koeln.de\/es\/wp-json\/wp\/v2\/pages\/1010","targetHints":{"allow":["GET"]}}],"collection":[{"href":"https:\/\/www.sprachschule-aktiv-koeln.de\/es\/wp-json\/wp\/v2\/pages"}],"about":[{"href":"https:\/\/www.sprachschule-aktiv-koeln.de\/es\/wp-json\/wp\/v2\/types\/page"}],"author":[{"embeddable":true,"href":"https:\/\/www.sprachschule-aktiv-koeln.de\/es\/wp-json\/wp\/v2\/users\/1"}],"replies":[{"embeddable":true,"href":"https:\/\/www.sprachschule-aktiv-koeln.de\/es\/wp-json\/wp\/v2\/comments?post=1010"}],"version-history":[{"count":17,"href":"https:\/\/www.sprachschule-aktiv-koeln.de\/es\/wp-json\/wp\/v2\/pages\/1010\/revisions"}],"predecessor-version":[{"id":13300,"href":"https:\/\/www.sprachschule-aktiv-koeln.de\/es\/wp-json\/wp\/v2\/pages\/1010\/revisions\/13300"}],"wp:attachment":[{"href":"https:\/\/www.sprachschule-aktiv-koeln.de\/es\/wp-json\/wp\/v2\/media?parent=1010"}],"curies":[{"name":"wp","href":"https:\/\/api.w.org\/{rel}","templated":true}]}}