{"id":1830,"date":"2018-01-11T18:49:20","date_gmt":"2018-01-11T17:49:20","guid":{"rendered":"https:\/\/www.sprachschule-aktiv-koeln.de\/home\/"},"modified":"2026-03-25T13:41:53","modified_gmt":"2026-03-25T12:41:53","slug":"home","status":"publish","type":"page","link":"https:\/\/www.sprachschule-aktiv-koeln.de\/pl\/","title":{"rendered":"Home"},"content":{"rendered":"<p>[vc_row full_width=&#8221;stretch_row_content_no_spaces&#8221;][vc_column][vc_single_image image=&#8221;3702&#8243; img_size=&#8221;full&#8221; alignment=&#8221;center&#8221;][\/vc_column][\/vc_row][vc_row css=&#8221;.vc_custom_1538648120619{margin-top: 20px !important;}&#8221;][vc_column][vc_column_text]<\/p>\n<h1>Nauka niemieckiego w Kolonii- Kursy j\u0119zyka niemieckiego (A1 do C2)- Szko\u0142a j\u0119zykowa<\/h1>\n<p>[\/vc_column_text][vc_row_inner][vc_column_inner width=&#8221;1\/2&#8243;][vc_column_text]<iframe src=\"https:\/\/www.youtube.com\/embed\/54-5aCU96MM\" width=\"560\" height=\"315\" frameborder=\"0\" allowfullscreen=\"allowfullscreen\"><\/iframe><br \/>\n[\/vc_column_text][\/vc_column_inner][vc_column_inner width=&#8221;1\/2&#8243;][vc_column_text]Chcesz mieszka\u0107, pracowa\u0107 lub studiowa\u0107 w Niemczech? Potrzebujesz wi\u0119c zaufanego i profesjonalnego partnera do nauki j\u0119zyka niemieckiego.<\/p>\n<p>Szko\u0142a j\u0119zykowa Aktiv w Kolonii pomo\u017ce Ci zrealizowa\u0107 Twoje cele. Zaczniemy od szybkiego, bezp\u0142atnego testu sprawdzaj\u0105cego w przyjaznym otoczeniu. [\/vc_column_text][vc_column_text]<a class=\"whyaweb-kontakt\" href=\"#\">Skontaktuj si\u0119 z nami<\/a>[\/vc_column_text][\/vc_column_inner][\/vc_row_inner][\/vc_column][\/vc_row][vc_row full_width=&#8221;stretch_row&#8221; css=&#8221;.vc_custom_1538648473780{padding-top: 10px !important;padding-bottom: 25px !important;background-color: #f9f9f9 !important;}&#8221;][vc_column width=&#8221;1\/2&#8243;][vc_column_text]<\/p>\n<h2>Lekcje niemieckiego w Kolonii: naucz si\u0119 skutecznie j\u0119zyka<\/h2>\n<p>[\/vc_column_text][vc_column_text]Oferujemy lekcje z rodowitymi nativ speakerami oraz standardy dopasowane do Europejskiego Systemu Kszta\u0142cenia J\u0119zykowego. Poza motywuj\u0105c\u0105 atmosfer\u0105, oferujemy bezp\u0142atn\u0105 lekcj\u0119 pr\u00f3bn\u0105 i dodatkowe zaj\u0119cia w czasie wolnym takie jak wycieczki po okolicy lub mi\u0119dzynarodowe \u015bniadania. Czekamy a\u017c si\u0119 z nami skontaktujesz![\/vc_column_text][vc_column_text]<a class=\"whyaweb-kontakt\" href=\"#\">Skontaktuj si\u0119 z nami<\/a>[\/vc_column_text][\/vc_column][vc_column width=&#8221;1\/2&#8243;][vc_single_image image=&#8221;3444&#8243; img_size=&#8221;large&#8221;][\/vc_column][\/vc_row][vc_row css=&#8221;.vc_custom_1547630222745{margin-top: 15px !important;padding-bottom: 15px !important;}&#8221;][vc_column width=&#8221;1\/2&#8243;][vc_column_text]<\/p>\n<h2>Kursy j\u0119zyka niemieckiego: co musisz wiedzie\u0107<\/h2>\n<p>Przygotowali\u015bmy interesuj\u0105ce informacje i wskaz\u00f3wki \u017ceby u\u0142atwi\u0107 Ci Tw\u00f3j pobyt w Niemczech. Nasze informacje pomog\u0105 Ci w znalezieniu zakwaterowia lub za\u0142atwieniu ubezpieczenia zdrowotnego. [\/vc_column_text][vc_column_text]<a class=\"whyaweb-kontakt\" href=\"#\">Skontaktuj si\u0119 z nami<\/a>[\/vc_column_text][\/vc_column][vc_column width=&#8221;1\/2&#8243;][vc_single_image image=&#8221;4088&#8243; img_size=&#8221;full&#8221; alignment=&#8221;center&#8221; css=&#8221;.vc_custom_1547630031683{margin-top: 50px !important;}&#8221;][\/vc_column][\/vc_row][vc_row full_width=&#8221;stretch_row&#8221; css=&#8221;.vc_custom_1538648658554{padding-top: 10px !important;padding-bottom: 25px !important;background-color: #f9f9f9 !important;}&#8221;][vc_column][vc_column_text]<\/p>\n<h2>Kursy intensywne j\u0119zyka niemieckiego w Kolonii- ceny i terminy<\/h2>\n<ul>\n<li><strong>Termin rozpocz\u0119cia kursu<\/strong>: Kurs intensywny j\u0119zyka niemieckiego rozpoczyna si\u0119 zawsze w ka\u017cdy pierwszy poniedzia\u0142ek miesi\u0105ca.<\/li>\n<li><strong>Czas trwania kursu<\/strong>: 4 tygodnie od poniedzia\u0142ku do pi\u0105tku od 09:00 do 12:00.<\/li>\n<li>1 tydzie\u0144: 199 \u20ac<\/li>\n<li>2 tygodnie: 349 \u20ac<\/li>\n<li>3 tygodnie: 449 \u20ac<\/li>\n<li>4 tygodnie (1 miesi\u0105c): 499 \u20ac<\/li>\n<li>Je\u015bli zarezerwujesz dwa miesi\u0105ce lub d\u0142u\u017cej, p\u0142acisz 449 \u20ac miesi\u0119cznie.<\/li>\n<\/ul>\n<p>[\/vc_column_text][\/vc_column][\/vc_row][vc_row css=&#8221;.vc_custom_1544170855256{padding-bottom: 20px !important;}&#8221;][vc_column][vc_column_text]<\/p>\n<h2>Jeste\u015b na poziomie pocz\u0105tkuj\u0105cym lub zaawansowanym? Oferujemy kursy od A1 do C2<\/h2>\n<p>[\/vc_column_text][vc_single_image image=&#8221;1840&#8243; img_size=&#8221;full&#8221; alignment=&#8221;center&#8221; css=&#8221;.vc_custom_1599650629322{margin-bottom: 10px !important;}&#8221;][vc_column_text]Na wspomnianym wcze\u015bniej bep\u0142atnym te\u015bcie sprawdzaj\u0105cym, dowiesz si\u0119 jaki jest Tw\u00f3j poziom. Organizujemy kursy na wszystkich poziomach. A1,A2,B1,B2,C1 i C2. Przy pomocy naszych wykwalifikowanych nauczycieli b\u0119dziesz m\u00f3g\u0142 pi\u0105\u0107 si\u0119 z poziomu na poziom. Nasz kurs zapewni Ci nie tylko zrozumienie j\u0119zyka ale te\u017c praktyczn\u0105 znajomo\u015b\u0107 w mowie i w pi\u015bmie. Nasze zaj\u0119cia w Kolonii s\u0105 interaktywne i nastawione na m\u00f3wienie tak aby ka\u017cdy ucze\u0144 m\u00f3g\u0142 aktywnie uczestniczy\u0107 w lekcjach.[\/vc_column_text][\/vc_column][\/vc_row][vc_row full_width=&#8221;stretch_row&#8221; css=&#8221;.vc_custom_1538648658554{padding-top: 10px !important;padding-bottom: 25px !important;background-color: #f9f9f9 !important;}&#8221;][vc_column][vc_column_text]<\/p>\n<h2>Kolonia \u2013 czaruj\u0105ce miasto<\/h2>\n<p>Miasto nad Renem znane jest ze swojej otwarto\u015bci i tolerancji. To nie wyklucza faktu, \u017ce mieszka\u0144cy s\u0105 dumni ze swojej kultury i piel\u0119gnuj\u0105 lokalne zwyczaje, zw\u0142aszcza tradycyjny karnawa\u0142. Jest to jedno z niewielu miast kt\u00f3re obchodz\u0105 karnawal z tak wielk\u0105 pomp\u0105. Nauka niemieckiego po\u0142\u0105czona z dobr\u0105 zabaw\u0105 to idealne i skuteczne rozwi\u0105zanie. \u015awi\u0119tuj z nami! Oczywi\u015bcie mo\u017cesz te\u017c zwiedzi\u0107 interesuj\u0105ce miejsca takie jak dwutysi\u0119czna, zabytkowa Katedra.<\/p>\n<h2>Sprawd\u017a sw\u00f3j poziom na bezp\u0142atnym te\u015bcie j\u0119zyka niemieckiego w Kolonii<\/h2>\n<p>Masz ju\u017c znajomo\u015bc j\u0119zyka niemieckiego, lecz nie potrafisz okre\u015bli\u0107 na jakim poziomie? Sprawd\u017a si\u0119 z nami! Oferujemy Ci bezp\u0142atny test sprawdzaj\u0105cy. Najlepiej zacz\u0105\u0107 od pocz\u0105tku!<br \/>\n[\/vc_column_text][\/vc_column][\/vc_row]<\/p>\n","protected":false},"excerpt":{"rendered":"<p>[vc_row full_width=&#8221;stretch_row_content_no_spaces&#8221;][vc_column][vc_single_image image=&#8221;3702&#8243; img_size=&#8221;full&#8221; alignment=&#8221;center&#8221;][\/vc_column][\/vc_row][vc_row css=&#8221;.vc_custom_1538648120619{margin-top: 20px !important;}&#8221;][vc_column][vc_column_text] Nauka niemieckiego w Kolonii- Kursy j\u0119zyka niemieckiego (A1 do C2)- Szko\u0142a j\u0119zykowa [\/vc_column_text][vc_row_inner][vc_column_inner width=&#8221;1\/2&#8243;][vc_column_text] [\/vc_column_text][\/vc_column_inner][vc_column_inner width=&#8221;1\/2&#8243;][vc_column_text]Chcesz mieszka\u0107, pracowa\u0107 lub studiowa\u0107 w Niemczech? Potrzebujesz wi\u0119c zaufanego i profesjonalnego partnera do nauki j\u0119zyka niemieckiego. Szko\u0142a j\u0119zykowa Aktiv w Kolonii pomo\u017ce Ci zrealizowa\u0107 Twoje cele. Zaczniemy od szybkiego, bezp\u0142atnego testu&hellip; <a class=\"read-more\" href=\"https:\/\/www.sprachschule-aktiv-koeln.de\/pl\/\" title=\"Read Home\">Read more &raquo;<\/a><\/p>\n","protected":false},"author":1,"featured_media":0,"parent":0,"menu_order":0,"comment_status":"closed","ping_status":"closed","template":"","meta":{"footnotes":""},"class_list":["post-1830","page","type-page","status-publish","hentry"],"yoast_head":"<!-- This site is optimized with the Yoast SEO plugin v27.2 - https:\/\/yoast.com\/product\/yoast-seo-wordpress\/ -->\n<title>Kursy j\u0119zyka niemieckiego (A1 do C2)- Szko\u0142a j\u0119zykowa<\/title>\n<meta name=\"description\" content=\"Chcesz mieszka\u0107, pracowa\u0107 lub studiowa\u0107 w Niemczech? Potrzebujesz wi\u0119c zaufanego i profesjonalnego partnera do nauki j\u0119zyka niemieckiego.\" \/>\n<meta name=\"robots\" content=\"index, follow, max-snippet:-1, max-image-preview:large, max-video-preview:-1\" \/>\n<link rel=\"canonical\" href=\"https:\/\/www.sprachschule-aktiv-koeln.de\/pl\/\" \/>\n<meta property=\"og:locale\" content=\"pl_PL\" \/>\n<meta property=\"og:type\" content=\"article\" \/>\n<meta property=\"og:title\" content=\"Kursy j\u0119zyka niemieckiego (A1 do C2)- Szko\u0142a j\u0119zykowa\" \/>\n<meta property=\"og:description\" content=\"Chcesz mieszka\u0107, pracowa\u0107 lub studiowa\u0107 w Niemczech? Potrzebujesz wi\u0119c zaufanego i profesjonalnego partnera do nauki j\u0119zyka niemieckiego.\" \/>\n<meta property=\"og:url\" content=\"https:\/\/www.sprachschule-aktiv-koeln.de\/pl\/\" \/>\n<meta property=\"og:site_name\" content=\"Sprachschule Aktiv K\u00f6ln\" \/>\n<meta property=\"article:modified_time\" content=\"2026-03-25T12:41:53+00:00\" \/>\n<meta name=\"twitter:card\" content=\"summary_large_image\" \/>\n<meta name=\"twitter:label1\" content=\"Szacowany czas czytania\" \/>\n\t<meta name=\"twitter:data1\" content=\"4 minuty\" \/>\n<script type=\"application\/ld+json\" class=\"yoast-schema-graph\">{\"@context\":\"https:\/\/schema.org\",\"@graph\":[{\"@type\":\"WebPage\",\"@id\":\"https:\/\/www.sprachschule-aktiv-koeln.de\/pl\/\",\"url\":\"https:\/\/www.sprachschule-aktiv-koeln.de\/pl\/\",\"name\":\"Kursy j\u0119zyka niemieckiego (A1 do C2)- Szko\u0142a j\u0119zykowa\",\"isPartOf\":{\"@id\":\"https:\/\/www.sprachschule-aktiv-koeln.de\/#website\"},\"datePublished\":\"2018-01-11T17:49:20+00:00\",\"dateModified\":\"2026-03-25T12:41:53+00:00\",\"description\":\"Chcesz mieszka\u0107, pracowa\u0107 lub studiowa\u0107 w Niemczech? Potrzebujesz wi\u0119c zaufanego i profesjonalnego partnera do nauki j\u0119zyka niemieckiego.\",\"breadcrumb\":{\"@id\":\"https:\/\/www.sprachschule-aktiv-koeln.de\/pl\/#breadcrumb\"},\"inLanguage\":\"pl-PL\",\"potentialAction\":[{\"@type\":\"ReadAction\",\"target\":[\"https:\/\/www.sprachschule-aktiv-koeln.de\/pl\/\"]}]},{\"@type\":\"BreadcrumbList\",\"@id\":\"https:\/\/www.sprachschule-aktiv-koeln.de\/pl\/#breadcrumb\",\"itemListElement\":[{\"@type\":\"ListItem\",\"position\":1,\"name\":\"Startseite\",\"item\":\"https:\/\/www.sprachschule-aktiv-koeln.de\/pl\/\"},{\"@type\":\"ListItem\",\"position\":2,\"name\":\"Home\"}]},{\"@type\":\"WebSite\",\"@id\":\"https:\/\/www.sprachschule-aktiv-koeln.de\/#website\",\"url\":\"https:\/\/www.sprachschule-aktiv-koeln.de\/\",\"name\":\"Sprachschule Aktiv K\u00f6ln\",\"description\":\"\",\"potentialAction\":[{\"@type\":\"SearchAction\",\"target\":{\"@type\":\"EntryPoint\",\"urlTemplate\":\"https:\/\/www.sprachschule-aktiv-koeln.de\/?s={search_term_string}\"},\"query-input\":{\"@type\":\"PropertyValueSpecification\",\"valueRequired\":true,\"valueName\":\"search_term_string\"}}],\"inLanguage\":\"pl-PL\"}]}<\/script>\n<!-- \/ Yoast SEO plugin. -->","yoast_head_json":{"title":"Kursy j\u0119zyka niemieckiego (A1 do C2)- Szko\u0142a j\u0119zykowa","description":"Chcesz mieszka\u0107, pracowa\u0107 lub studiowa\u0107 w Niemczech? Potrzebujesz wi\u0119c zaufanego i profesjonalnego partnera do nauki j\u0119zyka niemieckiego.","robots":{"index":"index","follow":"follow","max-snippet":"max-snippet:-1","max-image-preview":"max-image-preview:large","max-video-preview":"max-video-preview:-1"},"canonical":"https:\/\/www.sprachschule-aktiv-koeln.de\/pl\/","og_locale":"pl_PL","og_type":"article","og_title":"Kursy j\u0119zyka niemieckiego (A1 do C2)- Szko\u0142a j\u0119zykowa","og_description":"Chcesz mieszka\u0107, pracowa\u0107 lub studiowa\u0107 w Niemczech? Potrzebujesz wi\u0119c zaufanego i profesjonalnego partnera do nauki j\u0119zyka niemieckiego.","og_url":"https:\/\/www.sprachschule-aktiv-koeln.de\/pl\/","og_site_name":"Sprachschule Aktiv K\u00f6ln","article_modified_time":"2026-03-25T12:41:53+00:00","twitter_card":"summary_large_image","twitter_misc":{"Szacowany czas czytania":"4 minuty"},"schema":{"@context":"https:\/\/schema.org","@graph":[{"@type":"WebPage","@id":"https:\/\/www.sprachschule-aktiv-koeln.de\/pl\/","url":"https:\/\/www.sprachschule-aktiv-koeln.de\/pl\/","name":"Kursy j\u0119zyka niemieckiego (A1 do C2)- Szko\u0142a j\u0119zykowa","isPartOf":{"@id":"https:\/\/www.sprachschule-aktiv-koeln.de\/#website"},"datePublished":"2018-01-11T17:49:20+00:00","dateModified":"2026-03-25T12:41:53+00:00","description":"Chcesz mieszka\u0107, pracowa\u0107 lub studiowa\u0107 w Niemczech? Potrzebujesz wi\u0119c zaufanego i profesjonalnego partnera do nauki j\u0119zyka niemieckiego.","breadcrumb":{"@id":"https:\/\/www.sprachschule-aktiv-koeln.de\/pl\/#breadcrumb"},"inLanguage":"pl-PL","potentialAction":[{"@type":"ReadAction","target":["https:\/\/www.sprachschule-aktiv-koeln.de\/pl\/"]}]},{"@type":"BreadcrumbList","@id":"https:\/\/www.sprachschule-aktiv-koeln.de\/pl\/#breadcrumb","itemListElement":[{"@type":"ListItem","position":1,"name":"Startseite","item":"https:\/\/www.sprachschule-aktiv-koeln.de\/pl\/"},{"@type":"ListItem","position":2,"name":"Home"}]},{"@type":"WebSite","@id":"https:\/\/www.sprachschule-aktiv-koeln.de\/#website","url":"https:\/\/www.sprachschule-aktiv-koeln.de\/","name":"Sprachschule Aktiv K\u00f6ln","description":"","potentialAction":[{"@type":"SearchAction","target":{"@type":"EntryPoint","urlTemplate":"https:\/\/www.sprachschule-aktiv-koeln.de\/?s={search_term_string}"},"query-input":{"@type":"PropertyValueSpecification","valueRequired":true,"valueName":"search_term_string"}}],"inLanguage":"pl-PL"}]}},"_links":{"self":[{"href":"https:\/\/www.sprachschule-aktiv-koeln.de\/pl\/wp-json\/wp\/v2\/pages\/1830","targetHints":{"allow":["GET"]}}],"collection":[{"href":"https:\/\/www.sprachschule-aktiv-koeln.de\/pl\/wp-json\/wp\/v2\/pages"}],"about":[{"href":"https:\/\/www.sprachschule-aktiv-koeln.de\/pl\/wp-json\/wp\/v2\/types\/page"}],"author":[{"embeddable":true,"href":"https:\/\/www.sprachschule-aktiv-koeln.de\/pl\/wp-json\/wp\/v2\/users\/1"}],"replies":[{"embeddable":true,"href":"https:\/\/www.sprachschule-aktiv-koeln.de\/pl\/wp-json\/wp\/v2\/comments?post=1830"}],"version-history":[{"count":14,"href":"https:\/\/www.sprachschule-aktiv-koeln.de\/pl\/wp-json\/wp\/v2\/pages\/1830\/revisions"}],"predecessor-version":[{"id":13304,"href":"https:\/\/www.sprachschule-aktiv-koeln.de\/pl\/wp-json\/wp\/v2\/pages\/1830\/revisions\/13304"}],"wp:attachment":[{"href":"https:\/\/www.sprachschule-aktiv-koeln.de\/pl\/wp-json\/wp\/v2\/media?parent=1830"}],"curies":[{"name":"wp","href":"https:\/\/api.w.org\/{rel}","templated":true}]}}