{"id":2459,"date":"2018-01-11T18:49:20","date_gmt":"2018-01-11T17:49:20","guid":{"rendered":"https:\/\/www.sprachschule-aktiv-koeln.de\/home\/"},"modified":"2026-03-18T09:16:07","modified_gmt":"2026-03-18T08:16:07","slug":"home","status":"publish","type":"page","link":"https:\/\/www.sprachschule-aktiv-koeln.de\/ro\/","title":{"rendered":"Home"},"content":{"rendered":"<p>[vc_row full_width=&#8221;stretch_row_content_no_spaces&#8221;][vc_column][vc_single_image image=&#8221;3729&#8243; img_size=&#8221;full&#8221;][\/vc_column][\/vc_row][vc_row css=&#8221;.vc_custom_1538648120619{margin-top: 20px !important;}&#8221;][vc_column][vc_column_text]<\/p>\n<h1>\u0218coala de limbi Aktiv Cologne &#8211; \u00eenv\u0103\u021ba\u021bi limba german\u0103\u0219i limbile str\u0103ine<\/h1>\n<p>\u00cenva\u021b\u0103 limbile germane \u0219i str\u0103ine \u00een grupuri mici \u00een K\u00f6ln, ieftin \u0219i cu o lec\u021bie de \u00eencercare gratuit\u0103![\/vc_column_text][vc_row_inner][vc_column_inner width=&#8221;1\/2&#8243;][vc_single_image image=&#8221;2522&#8243; img_size=&#8221;full&#8221;][\/vc_column_inner][vc_column_inner width=&#8221;1\/2&#8243;][vc_column_text]\u00cen \u0219coala noastr\u0103 de limbi din frumosul centru al ora\u0219ului K\u00f6ln, direct la Neumarkt 1c, pute\u021bi \u00eenv\u0103\u021ba acum peste 40 de limbi diferite \u00een serile de grup \u0219i cursuri private \u0219i v\u0103 pute\u021bi scufunda \u00eentr-o nou\u0103 cultur\u0103. L\u0103sa\u021bi personalul nostru specializat s\u0103 v\u0103 sf\u0103tuiasc\u0103\u0219i s\u0103 g\u0103seasc\u0103 cel mai bun curs posibil pentru dvs. Suna\u021bi-ne sau trimite\u021bi-ne un e-mail. Echipa Sprachschule Aktiv K\u00f6ln a\u0219teapt\u0103 cu ner\u0103bdare s\u0103 v\u0103 v\u0103d![\/vc_column_text][vc_column_text]<a class=\"whyaweb-kontakt\" href=\"#\">Contacteaz\u0103-ne<\/a>[\/vc_column_text][\/vc_column_inner][\/vc_row_inner][\/vc_column][\/vc_row][vc_row full_width=&#8221;stretch_row&#8221; css=&#8221;.vc_custom_1538648658554{padding-top: 10px !important;padding-bottom: 25px !important;background-color: #f9f9f9 !important;}&#8221;][vc_column][vc_column_text]<\/p>\n<h2>Cursurile noastre de limb\u0103 \u00een Cologne<\/h2>\n<p>Desigur, limbi precum germana, engleza, franceza, spaniola \u0219i italiana sunt \u00eentotdeauna \u00een oferta noastr\u0103. Dar cursurile sunt deseori oferite \u0219i pentru toate celelalte limbi. Dori\u021bi s\u0103 \u00eenv\u0103\u021ba\u021bi limba din motive profesionale sau mai mult din interes? Ai nevoie de ele pentru urm\u0103toarea ta vacan\u021b\u0103? Cu noi sunte\u021bi sigur c\u0103 ve\u021bi g\u0103si cursul potrivit pentru obiectivele dvs. personale.<\/p>\n<h2>\u00cenva\u021b\u0103\u0219i experimenteaz\u0103 noi limbi \u00een Cologne<\/h2>\n<p>\u00cen zilele noastre, \u00eenv\u0103\u021barea limbilor nu \u00eenseamn\u0103 doar vocabular \u0219i gramatic\u0103! Aplica\u021bia practic\u0103, \u00een mod ideal \u00een situa\u021bii autentice, precum \u0219i informa\u021biile de fundal cultural au devenit o parte integrant\u0103 a pred\u0103rii moderne de zi cu zi. De aceea, echipa de la \u0219coala de limbi Aktiv K\u00f6ln organizeaz\u0103 \u00een mod regulat diverse excursii \u0219i activit\u0103\u021bi de agrement care sunt distractive \u0219i distractive pe de o parte \u0219i \u00eencurajeaz\u0103 schimbul lingvistic informal \u00eentre elevi, pe de alt\u0103parte. Situa\u021bia de \u00eenv\u0103\u021bare se transform\u0103 \u00eentr-o experien\u021b\u0103.<\/p>\n<h2>Test de plasare gratuit &#8211; online sau la \u0219coala noastr\u0103 de limbi str\u0103in<\/h2>\n<p>[\/vc_column_text][vc_row_inner][vc_column_inner width=&#8221;1\/2&#8243;][vc_column_text]\u00cen \u0219coala noastr\u0103 de limbi str\u0103ine oferim cursuri la toate nivelurile. Asta \u00eenseamn\u0103 c\u0103, indiferent dac\u0103 e\u0219ti \u00eencep\u0103tor, la nivel intermediar sau vii la noi ca student avansat, vom g\u0103si cursul potrivit pentru tine.<\/p>\n<p>Pute\u021bi testa nivelul dvs. \u00een german\u0103, englez\u0103, francez\u0103, spaniol\u0103\u0219i italian\u0103acas\u0103 folosind testul nostru online de plasare de pe site-ul nostru sau pute\u021bi veni la biroul nostru pentru o consultare personal\u0103\u0219i un test de plasare. Particip\u00e2nd la o lec\u021bie de \u00eencercare gratuit\u0103, ave\u021bi \u0219i posibilitatea de a verifica dac\u0103 nivelul este potrivit pentru dvs.[\/vc_column_text][\/vc_column_inner][vc_column_inner width=&#8221;1\/2&#8243;][vc_single_image image=&#8221;2530&#8243; img_size=&#8221;full&#8221;][\/vc_column_inner][\/vc_row_inner][\/vc_column][\/vc_row][vc_row css=&#8221;.vc_custom_1544170855256{padding-bottom: 20px !important;}&#8221;][vc_column][vc_column_text]<\/p>\n<h2>Profesorii no\u0219tri de limbi str\u0103ine din Cologne sunt vorbitori nativi califica\u021bi<\/h2>\n<p>In allen Sprachen und auf allen Niveaus werden Sie von unseren qualifizierten Lehrern betreut. Diese sind Muttersprachler und unterrichten nach modernsten p\u00e4dagogischen und methodischen Kriterien. Kommunikation und Interaktion stehen dabei immer im Vordergrund.<\/p>\n<h2>Cursurile noastre din Cologne<\/h2>\n<p>\u00cen cursurile noastre lingvistice din K\u00f6ln ve\u021bi g\u0103si cursuri intensive, lec\u021bii private, cursuri de sear\u0103\u0219i cursuri de companie. Cursurile noastre intensive se desf\u0103\u0219oar\u0103 de luni p\u00e2n\u0103 vineri, 3 ore pe zi. Pute\u021bi rezerva cursurile noastre de grup o dat\u0103 sau de dou\u0103 ori pe s\u0103pt\u0103m\u00e2n\u0103 pentru trei unit\u0103\u021bi didactice (1 unitate didactic\u0103 = 45 de minute). Cursurile noastre private sunt cele mai flexibile, aici stabili\u021bi num\u0103rul s\u0103pt\u0103m\u00e2nal de ore \u0219i datele \u00een consultare cu profesorul dumneavoastr\u0103.<\/p>\n<h2>Offerte pentru copii \u0219i tineri<\/h2>\n<p>Pentru elevii no\u0219tri mai mici oferim cursuri de vacan\u021b\u0103 pentru \u0219colari. Metodele \u0219i subiectele de predare sunt adaptate nevoilor lor.[\/vc_column_text][\/vc_column][\/vc_row][vc_row full_width=&#8221;stretch_row&#8221; css=&#8221;.vc_custom_1538648658554{padding-top: 10px !important;padding-bottom: 25px !important;background-color: #f9f9f9 !important;}&#8221;][vc_column][vc_column_text]<\/p>\n<h2>Mai multe cursuri de limb\u0103<\/h2>\n<p>De asemenea, oferim cursuri preg\u0103titoare pentru diferite teste lingvistice, cum ar fi testul telc, TestDAF sau DSH. Dac\u0103 \u00een calitate de companie trebuie s\u0103 preg\u0103ti\u021bi unul sau mai mul\u021bi angaja\u021bi \u00eentr-o alt\u0103 limb\u0103, ve\u021bi g\u0103si, desigur, \u0219i cursuri de companie \u00een limba englez\u0103 sau german\u0103, precum \u0219i instruire intern\u0103 \u00een programul nostru. Aceste cursuri \u0219i instruiri sunt desigur posibile \u00een multe limbi.<\/p>\n<h2>Merit\u0103 \u00eencercat!<\/h2>\n<p>Profita\u021bi de lec\u021bia noastr\u0103 de \u00eencercare gratuit\u0103. Dac\u0103 nu sunte\u021bi complet mul\u021bumit dup\u0103 prima lec\u021bie, ne pare r\u0103u. Desigur, ve\u021bi primi \u00een \u00eentregime taxa de curs \u00eenapoi f\u0103r\u0103 nici o birocra\u021bie. V\u0103 garant\u0103m asta!<\/p>\n<p>V\u0103 a\u0219tept\u0103m cu ner\u0103bdare!<\/p>\n<p>\u0218coala noastr\u0103 de limbi str\u0103ine este situat\u0103 \u00een centrul ora\u0219ului K\u00f6ln \u0219i este u\u0219or accesibil\u0103 cu mijloacele de transport \u00een comun. Adresa noastr\u0103:<\/p>\n<p>\u0218coal\u0103 activ\u0103 de limbi str\u0103ine \u00een K\u00f6ln<br \/>\nNeumarkt 1c<br \/>\n50667 K\u00f6ln[\/vc_column_text][\/vc_column][\/vc_row]<\/p>\n","protected":false},"excerpt":{"rendered":"<p>[vc_row full_width=&#8221;stretch_row_content_no_spaces&#8221;][vc_column][vc_single_image image=&#8221;3729&#8243; img_size=&#8221;full&#8221;][\/vc_column][\/vc_row][vc_row css=&#8221;.vc_custom_1538648120619{margin-top: 20px !important;}&#8221;][vc_column][vc_column_text] \u0218coala de limbi Aktiv Cologne &#8211; \u00eenv\u0103\u021ba\u021bi limba german\u0103\u0219i limbile str\u0103ine \u00cenva\u021b\u0103 limbile germane \u0219i str\u0103ine \u00een grupuri mici \u00een K\u00f6ln, ieftin \u0219i cu o lec\u021bie de \u00eencercare gratuit\u0103![\/vc_column_text][vc_row_inner][vc_column_inner width=&#8221;1\/2&#8243;][vc_single_image image=&#8221;2522&#8243; img_size=&#8221;full&#8221;][\/vc_column_inner][vc_column_inner width=&#8221;1\/2&#8243;][vc_column_text]\u00cen \u0219coala noastr\u0103 de limbi din frumosul centru al ora\u0219ului K\u00f6ln, direct la Neumarkt 1c, pute\u021bi&hellip; <a class=\"read-more\" href=\"https:\/\/www.sprachschule-aktiv-koeln.de\/ro\/\" title=\"Read Home\">Read more &raquo;<\/a><\/p>\n","protected":false},"author":1,"featured_media":0,"parent":0,"menu_order":0,"comment_status":"closed","ping_status":"closed","template":"","meta":{"footnotes":""},"class_list":["post-2459","page","type-page","status-publish","hentry"],"yoast_head":"<!-- This site is optimized with the Yoast SEO plugin v27.2 - https:\/\/yoast.com\/product\/yoast-seo-wordpress\/ -->\n<title>\u0218coala de limbi Aktiv Cologne - \u00eenv\u0103\u021ba\u021bi limba german\u0103\u0219i limbile str\u0103ine<\/title>\n<meta name=\"description\" content=\"\u00cenva\u021b\u0103 limbile germane \u0219i str\u0103ine \u00een grupuri mici \u00een K\u00f6ln, ieftin \u0219i cu o lec\u021bie de \u00eencercare gratuit\u0103! \u0218coala de limbi Aktiv Cologne\" \/>\n<meta name=\"robots\" content=\"index, follow, max-snippet:-1, max-image-preview:large, max-video-preview:-1\" \/>\n<link rel=\"canonical\" href=\"https:\/\/www.sprachschule-aktiv-koeln.de\/ro\/\" \/>\n<meta property=\"og:locale\" content=\"ro_RO\" \/>\n<meta property=\"og:type\" content=\"article\" \/>\n<meta property=\"og:title\" content=\"\u0218coala de limbi Aktiv Cologne - \u00eenv\u0103\u021ba\u021bi limba german\u0103\u0219i limbile str\u0103ine\" \/>\n<meta property=\"og:description\" content=\"\u00cenva\u021b\u0103 limbile germane \u0219i str\u0103ine \u00een grupuri mici \u00een K\u00f6ln, ieftin \u0219i cu o lec\u021bie de \u00eencercare gratuit\u0103! \u0218coala de limbi Aktiv Cologne\" \/>\n<meta property=\"og:url\" content=\"https:\/\/www.sprachschule-aktiv-koeln.de\/ro\/\" \/>\n<meta property=\"og:site_name\" content=\"Sprachschule Aktiv K\u00f6ln\" \/>\n<meta property=\"article:modified_time\" content=\"2026-03-18T08:16:07+00:00\" \/>\n<meta name=\"twitter:card\" content=\"summary_large_image\" \/>\n<meta name=\"twitter:label1\" content=\"Timp estimat pentru citire\" \/>\n\t<meta name=\"twitter:data1\" content=\"5 minute\" \/>\n<script type=\"application\/ld+json\" class=\"yoast-schema-graph\">{\"@context\":\"https:\/\/schema.org\",\"@graph\":[{\"@type\":\"WebPage\",\"@id\":\"https:\/\/www.sprachschule-aktiv-koeln.de\/ro\/\",\"url\":\"https:\/\/www.sprachschule-aktiv-koeln.de\/ro\/\",\"name\":\"\u0218coala de limbi Aktiv Cologne - \u00eenv\u0103\u021ba\u021bi limba german\u0103\u0219i limbile str\u0103ine\",\"isPartOf\":{\"@id\":\"https:\/\/www.sprachschule-aktiv-koeln.de\/#website\"},\"datePublished\":\"2018-01-11T17:49:20+00:00\",\"dateModified\":\"2026-03-18T08:16:07+00:00\",\"description\":\"\u00cenva\u021b\u0103 limbile germane \u0219i str\u0103ine \u00een grupuri mici \u00een K\u00f6ln, ieftin \u0219i cu o lec\u021bie de \u00eencercare gratuit\u0103! \u0218coala de limbi Aktiv Cologne\",\"breadcrumb\":{\"@id\":\"https:\/\/www.sprachschule-aktiv-koeln.de\/ro\/#breadcrumb\"},\"inLanguage\":\"ro-RO\",\"potentialAction\":[{\"@type\":\"ReadAction\",\"target\":[\"https:\/\/www.sprachschule-aktiv-koeln.de\/ro\/\"]}]},{\"@type\":\"BreadcrumbList\",\"@id\":\"https:\/\/www.sprachschule-aktiv-koeln.de\/ro\/#breadcrumb\",\"itemListElement\":[{\"@type\":\"ListItem\",\"position\":1,\"name\":\"Startseite\",\"item\":\"https:\/\/www.sprachschule-aktiv-koeln.de\/ro\/\"},{\"@type\":\"ListItem\",\"position\":2,\"name\":\"Home\"}]},{\"@type\":\"WebSite\",\"@id\":\"https:\/\/www.sprachschule-aktiv-koeln.de\/#website\",\"url\":\"https:\/\/www.sprachschule-aktiv-koeln.de\/\",\"name\":\"Sprachschule Aktiv K\u00f6ln\",\"description\":\"\",\"potentialAction\":[{\"@type\":\"SearchAction\",\"target\":{\"@type\":\"EntryPoint\",\"urlTemplate\":\"https:\/\/www.sprachschule-aktiv-koeln.de\/?s={search_term_string}\"},\"query-input\":{\"@type\":\"PropertyValueSpecification\",\"valueRequired\":true,\"valueName\":\"search_term_string\"}}],\"inLanguage\":\"ro-RO\"}]}<\/script>\n<!-- \/ Yoast SEO plugin. -->","yoast_head_json":{"title":"\u0218coala de limbi Aktiv Cologne - \u00eenv\u0103\u021ba\u021bi limba german\u0103\u0219i limbile str\u0103ine","description":"\u00cenva\u021b\u0103 limbile germane \u0219i str\u0103ine \u00een grupuri mici \u00een K\u00f6ln, ieftin \u0219i cu o lec\u021bie de \u00eencercare gratuit\u0103! \u0218coala de limbi Aktiv Cologne","robots":{"index":"index","follow":"follow","max-snippet":"max-snippet:-1","max-image-preview":"max-image-preview:large","max-video-preview":"max-video-preview:-1"},"canonical":"https:\/\/www.sprachschule-aktiv-koeln.de\/ro\/","og_locale":"ro_RO","og_type":"article","og_title":"\u0218coala de limbi Aktiv Cologne - \u00eenv\u0103\u021ba\u021bi limba german\u0103\u0219i limbile str\u0103ine","og_description":"\u00cenva\u021b\u0103 limbile germane \u0219i str\u0103ine \u00een grupuri mici \u00een K\u00f6ln, ieftin \u0219i cu o lec\u021bie de \u00eencercare gratuit\u0103! \u0218coala de limbi Aktiv Cologne","og_url":"https:\/\/www.sprachschule-aktiv-koeln.de\/ro\/","og_site_name":"Sprachschule Aktiv K\u00f6ln","article_modified_time":"2026-03-18T08:16:07+00:00","twitter_card":"summary_large_image","twitter_misc":{"Timp estimat pentru citire":"5 minute"},"schema":{"@context":"https:\/\/schema.org","@graph":[{"@type":"WebPage","@id":"https:\/\/www.sprachschule-aktiv-koeln.de\/ro\/","url":"https:\/\/www.sprachschule-aktiv-koeln.de\/ro\/","name":"\u0218coala de limbi Aktiv Cologne - \u00eenv\u0103\u021ba\u021bi limba german\u0103\u0219i limbile str\u0103ine","isPartOf":{"@id":"https:\/\/www.sprachschule-aktiv-koeln.de\/#website"},"datePublished":"2018-01-11T17:49:20+00:00","dateModified":"2026-03-18T08:16:07+00:00","description":"\u00cenva\u021b\u0103 limbile germane \u0219i str\u0103ine \u00een grupuri mici \u00een K\u00f6ln, ieftin \u0219i cu o lec\u021bie de \u00eencercare gratuit\u0103! \u0218coala de limbi Aktiv Cologne","breadcrumb":{"@id":"https:\/\/www.sprachschule-aktiv-koeln.de\/ro\/#breadcrumb"},"inLanguage":"ro-RO","potentialAction":[{"@type":"ReadAction","target":["https:\/\/www.sprachschule-aktiv-koeln.de\/ro\/"]}]},{"@type":"BreadcrumbList","@id":"https:\/\/www.sprachschule-aktiv-koeln.de\/ro\/#breadcrumb","itemListElement":[{"@type":"ListItem","position":1,"name":"Startseite","item":"https:\/\/www.sprachschule-aktiv-koeln.de\/ro\/"},{"@type":"ListItem","position":2,"name":"Home"}]},{"@type":"WebSite","@id":"https:\/\/www.sprachschule-aktiv-koeln.de\/#website","url":"https:\/\/www.sprachschule-aktiv-koeln.de\/","name":"Sprachschule Aktiv K\u00f6ln","description":"","potentialAction":[{"@type":"SearchAction","target":{"@type":"EntryPoint","urlTemplate":"https:\/\/www.sprachschule-aktiv-koeln.de\/?s={search_term_string}"},"query-input":{"@type":"PropertyValueSpecification","valueRequired":true,"valueName":"search_term_string"}}],"inLanguage":"ro-RO"}]}},"_links":{"self":[{"href":"https:\/\/www.sprachschule-aktiv-koeln.de\/ro\/wp-json\/wp\/v2\/pages\/2459","targetHints":{"allow":["GET"]}}],"collection":[{"href":"https:\/\/www.sprachschule-aktiv-koeln.de\/ro\/wp-json\/wp\/v2\/pages"}],"about":[{"href":"https:\/\/www.sprachschule-aktiv-koeln.de\/ro\/wp-json\/wp\/v2\/types\/page"}],"author":[{"embeddable":true,"href":"https:\/\/www.sprachschule-aktiv-koeln.de\/ro\/wp-json\/wp\/v2\/users\/1"}],"replies":[{"embeddable":true,"href":"https:\/\/www.sprachschule-aktiv-koeln.de\/ro\/wp-json\/wp\/v2\/comments?post=2459"}],"version-history":[{"count":11,"href":"https:\/\/www.sprachschule-aktiv-koeln.de\/ro\/wp-json\/wp\/v2\/pages\/2459\/revisions"}],"predecessor-version":[{"id":13266,"href":"https:\/\/www.sprachschule-aktiv-koeln.de\/ro\/wp-json\/wp\/v2\/pages\/2459\/revisions\/13266"}],"wp:attachment":[{"href":"https:\/\/www.sprachschule-aktiv-koeln.de\/ro\/wp-json\/wp\/v2\/media?parent=2459"}],"curies":[{"name":"wp","href":"https:\/\/api.w.org\/{rel}","templated":true}]}}