{"id":2576,"date":"2019-11-20T16:02:03","date_gmt":"2019-11-20T15:02:03","guid":{"rendered":"https:\/\/www.sprachschule-aktiv-koeln.de\/deutschkurse-mit-visum\/"},"modified":"2026-03-18T09:17:17","modified_gmt":"2026-03-18T08:17:17","slug":"curs-de-limba-germana-cu-viza","status":"publish","type":"page","link":"https:\/\/www.sprachschule-aktiv-koeln.de\/ro\/curs-de-limba-germana-cu-viza\/","title":{"rendered":"Curs de limba german\u0103 cu viz\u0103"},"content":{"rendered":"<p>[vc_row][vc_column][vc_column_text]<\/p>\n<h1>Curs de limba german\u0103 cu viz\u0103- condi\u021bii pentru cererea dumneavoastr\u0103:<\/h1>\n<p>Dac\u0103 ave\u021bi nevoie de un curs de german\u0103 pentru viza dumneavoastr\u0103 \u00een Germania, a\u021bi ajuns la locul potrivit la \u0218coala de Limbi Str\u0103ine Aktiv din Cologne: [\/vc_column_text][vc_column_text]<img decoding=\"async\" class=\"alignnone wp-image-2577 size-large\" src=\"https:\/\/www.sprachschule-aktiv-koeln.de\/wp-content\/uploads\/2019\/11\/deutschkurse-visum-koeln-1024x297.jpg\" alt=\"Curs de limba german\u0103 cu viz\u0103\" width=\"1024\" height=\"297\" srcset=\"https:\/\/www.sprachschule-aktiv-koeln.de\/wp-content\/uploads\/2019\/11\/deutschkurse-visum-koeln-1024x297.jpg 1024w, https:\/\/www.sprachschule-aktiv-koeln.de\/wp-content\/uploads\/2019\/11\/deutschkurse-visum-koeln-300x87.jpg 300w, https:\/\/www.sprachschule-aktiv-koeln.de\/wp-content\/uploads\/2019\/11\/deutschkurse-visum-koeln-768x222.jpg 768w, https:\/\/www.sprachschule-aktiv-koeln.de\/wp-content\/uploads\/2019\/11\/deutschkurse-visum-koeln.jpg 1060w\" sizes=\"(max-width: 1024px) 100vw, 1024px\" \/>[\/vc_column_text][vc_column_text]Cu noi pute\u021bi urma un curs intensiv de german\u0103 (4 s\u0103pt\u0103m\u00e2ni, de luni p\u00e2n\u0103 vineri, 20 de ore pe s\u0103pt\u0103m\u00e2n\u0103) pentru a ob\u021bine viza de intrare \u00een Germania. Verifica\u021bi cu autoritatea competent\u0103 c\u00e2t timp trebuie s\u0103 fie cursul de german\u0103 pentru a ob\u021bine viza.<\/p>\n<p>V\u0103 recomand\u0103m o perioad\u0103 minim\u0103 de 6 luni pentru a putea justifica seriozitatea de a dori s\u0103 \u00eenve\u021be limba german\u0103 \u00een mod durabil. Cu c\u00e2t v\u0103 \u00eenscrie\u021bi mai mult, cu at\u00e2t sunt mai mari \u0219ansele de a ob\u021bine viza. [\/vc_column_text][vc_column_text]<a class=\"whyaweb-anmeldung\" href=\"#\">Inscrie-te acum!<\/a>[\/vc_column_text][\/vc_column][\/vc_row][vc_row full_width=&#8221;stretch_row&#8221; css=&#8221;.vc_custom_1608064968809{background-color: #f8f8f8 !important;}&#8221;][vc_column][vc_column_text]<\/p>\n<h2>Ave\u021bi nevoie de ajutor cu cererea de viz\u0103? Suntem aici pentru tine!<\/h2>\n<p>Vom fi bucuro\u0219i s\u0103 v\u0103 ajut\u0103m cu cererea de viz\u0103, s\u0103 v\u0103 ajut\u0103m cu completarea formularelor \u0219i documentelor, s\u0103 v\u0103 oferim sfaturi \u0219i s\u0103 v\u0103 ajut\u0103m cu experien\u021ba noastr\u0103. Ve\u021bi primi o factur\u0103 de la noi imediat dup\u0103 rezervare. De \u00eendat\u0103 ce 50% din taxa de curs a fost pl\u0103tit\u0103, v\u0103 vom trimite confirmarea cursului \u0219i cererea de viz\u0103 \u00een sine. Apoi pute\u021bi trimite aceste dou\u0103 documente direct autorit\u0103\u021bii, V\u0103 rug\u0103m s\u0103 ne contacta\u021bi dac\u0103 ave\u021bi \u00eentreb\u0103ri suplimentare despre cursul de german\u0103 cu viz\u0103 la \u0219coala de limbi str\u0103ine Aktiv Cologne. De la \u00eenregistrare la certificat- \u0219coala de limbi Aktiv Cologne este aici pentru tine!<\/p>\n<h2>Cologne &#8211; german\u0103 s\u0103 \u00eenve\u021be \u0219i s\u0103 cunoasc\u0103 Germania<\/h2>\n<p>\u0218coala de limbi str\u0103ine Aktiv din Cologne v\u0103 ofer\u0103 un curs intensiv de german\u0103 cu viz\u0103 \u00een centrul popularei Neumarkt. Un modul (e.B. A1.1) dureaz\u0103 patru s\u0103pt\u0103m\u00e2ni. Pentru a finaliza un nivel, ave\u021bi nevoie de opt s\u0103pt\u0103m\u00e2ni (e.B. B1.1 \u0219i B1.2 pentru B1). Etapele individuale sunt \u00eemp\u0103r\u021bite \u00een A1, A2, B1, B2, C1 \u0219i C2. Aici ve\u021bi g\u0103si toate informa\u021biile importante:<\/p>\n<p>Curs de diminea\u021b\u0103: de luni p\u00e2n\u0103 vineri de la 9:00 a.m la 12:00 p.m.<br \/>\n<strong>Preturile noastre:<\/strong><\/p>\n<ul>\n<li>1 s\u0103pt\u0103m\u00e2n\u0103: \u20ac199.00<\/li>\n<li>2 s\u0103pt\u0103m\u00e2ni: \u20ac349.00<\/li>\n<li>3 s\u0103pt\u0103m\u00e2ni: \u20ac449.00<\/li>\n<li>4 s\u0103pt\u0103m\u00e2ni (pe lun\u0103): 499,-\u20ac<\/li>\n<li>Dac\u0103 rezerva\u021bi dou\u0103 sau mai multe luni, pl\u0103ti\u021bi doar 449,00 \u20ac pe lun\u0103!<\/li>\n<\/ul>\n<p>[\/vc_column_text][vc_column_text]<a class=\"whyaweb-anmeldung\" href=\"#\">Inscrie-te acum!<\/a>[\/vc_column_text][\/vc_column][\/vc_row][vc_row][vc_column][vc_column_text]De ce am nevoie pentru viza mea lingvistic\u0103:<\/p>\n<ul>\n<li>carte de identitate valid\u0103<\/li>\n<li>Asigur\u0103ri de s\u0103n\u0103tate<\/li>\n<li>Dou\u0103 formulare de cerere pentru viz\u0103<\/li>\n<li>Dou\u0103 fotografii de pa\u0219aport curente<\/li>\n<li>Dovada c\u0103 urmeaz\u0103 un curs de german\u0103<\/li>\n<li>Dovada c\u0103 ave\u021bi cel pu\u021bin un nivel mediu de educa\u021bie<\/li>\n<li>Dovada c\u0103 a\u021bi pl\u0103tit pentru viz\u0103<\/li>\n<li>Dovada c\u0103 a\u021bi pl\u0103tit pentru curs<\/li>\n<\/ul>\n<p>Dac\u0103 tot nu primi\u021bi viza, ve\u021bi primi banii \u00eenapoi dup\u0103 ce a fost trimis\u0103 notificarea de respingere. Trebuie s\u0103 percepem o tax\u0103 de manipulare de 250,00\u20ac. Dac\u0103 viza dumneavoastr\u0103 nu este aprobat\u0103 la timp, pute\u021bi am\u00e2na cursul cu p\u00e2n\u0103 la 4 luni gratuit. \u00cenregistreaz\u0103-te la noi la \u0219coala de limbi str\u0103ine: info@sprachschule-aktiv-koeln.de<br \/>\nSuntem bucuro\u0219i s\u0103 v\u0103 aranj\u0103m cazarea \u00een cooperare cu partenerii no\u0219tri.<\/p>\n<p>Cunoa\u0219te\u021bi unul dintre cele mai atractive ora\u0219e germane din mijlocul Rinului. A\u0219tept\u0103m cu ner\u0103bdare s\u0103 te v\u0103d!<br \/>\n[\/vc_column_text][\/vc_column][\/vc_row]<\/p>\n","protected":false},"excerpt":{"rendered":"<p>[vc_row][vc_column][vc_column_text] Curs de limba german\u0103 cu viz\u0103- condi\u021bii pentru cererea dumneavoastr\u0103: Dac\u0103 ave\u021bi nevoie de un curs de german\u0103 pentru viza dumneavoastr\u0103 \u00een Germania, a\u021bi ajuns la locul potrivit la \u0218coala de Limbi Str\u0103ine Aktiv din Cologne: [\/vc_column_text][vc_column_text][\/vc_column_text][vc_column_text]Cu noi pute\u021bi urma un curs intensiv de german\u0103 (4 s\u0103pt\u0103m\u00e2ni, de luni p\u00e2n\u0103 vineri, 20 de ore&hellip; <a class=\"read-more\" href=\"https:\/\/www.sprachschule-aktiv-koeln.de\/ro\/curs-de-limba-germana-cu-viza\/\" title=\"Read Curs de limba german\u0103 cu viz\u0103\">Read more &raquo;<\/a><\/p>\n","protected":false},"author":2,"featured_media":0,"parent":0,"menu_order":0,"comment_status":"closed","ping_status":"closed","template":"","meta":{"footnotes":""},"class_list":["post-2576","page","type-page","status-publish","hentry"],"yoast_head":"<!-- This site is optimized with the Yoast SEO plugin v27.2 - https:\/\/yoast.com\/product\/yoast-seo-wordpress\/ -->\n<title>Curs de limba german\u0103 cu viz\u0103- condi\u021bii pentru cererea dumneavoastr\u0103<\/title>\n<meta name=\"description\" content=\"Curs de limba german\u0103 cu viz\u0103. Ave\u021bi nevoie de ajutor cu cererea de viz\u0103? Suntem aici pentru tine! Condi\u021bii pentru cererea dumneavoastr\u0103.\" \/>\n<meta name=\"robots\" content=\"index, follow, max-snippet:-1, max-image-preview:large, max-video-preview:-1\" \/>\n<link rel=\"canonical\" href=\"https:\/\/www.sprachschule-aktiv-koeln.de\/ro\/curs-de-limba-germana-cu-viza\/\" \/>\n<meta property=\"og:locale\" content=\"ro_RO\" \/>\n<meta property=\"og:type\" content=\"article\" \/>\n<meta property=\"og:title\" content=\"Curs de limba german\u0103 cu viz\u0103- condi\u021bii pentru cererea dumneavoastr\u0103\" \/>\n<meta property=\"og:description\" content=\"Curs de limba german\u0103 cu viz\u0103. Ave\u021bi nevoie de ajutor cu cererea de viz\u0103? Suntem aici pentru tine! Condi\u021bii pentru cererea dumneavoastr\u0103.\" \/>\n<meta property=\"og:url\" content=\"https:\/\/www.sprachschule-aktiv-koeln.de\/ro\/curs-de-limba-germana-cu-viza\/\" \/>\n<meta property=\"og:site_name\" content=\"Sprachschule Aktiv K\u00f6ln\" \/>\n<meta property=\"article:modified_time\" content=\"2026-03-18T08:17:17+00:00\" \/>\n<meta property=\"og:image\" content=\"https:\/\/www.sprachschule-aktiv-koeln.de\/wp-content\/uploads\/2019\/11\/deutschkurse-visum-koeln.jpg\" \/>\n\t<meta property=\"og:image:width\" content=\"1060\" \/>\n\t<meta property=\"og:image:height\" content=\"307\" \/>\n\t<meta property=\"og:image:type\" content=\"image\/jpeg\" \/>\n<meta name=\"twitter:card\" content=\"summary_large_image\" \/>\n<meta name=\"twitter:label1\" content=\"Timp estimat pentru citire\" \/>\n\t<meta name=\"twitter:data1\" content=\"3 minute\" \/>\n<script type=\"application\/ld+json\" class=\"yoast-schema-graph\">{\"@context\":\"https:\/\/schema.org\",\"@graph\":[{\"@type\":\"WebPage\",\"@id\":\"https:\/\/www.sprachschule-aktiv-koeln.de\/ro\/curs-de-limba-germana-cu-viza\/\",\"url\":\"https:\/\/www.sprachschule-aktiv-koeln.de\/ro\/curs-de-limba-germana-cu-viza\/\",\"name\":\"Curs de limba german\u0103 cu viz\u0103- condi\u021bii pentru cererea dumneavoastr\u0103\",\"isPartOf\":{\"@id\":\"https:\/\/www.sprachschule-aktiv-koeln.de\/#website\"},\"primaryImageOfPage\":{\"@id\":\"https:\/\/www.sprachschule-aktiv-koeln.de\/ro\/curs-de-limba-germana-cu-viza\/#primaryimage\"},\"image\":{\"@id\":\"https:\/\/www.sprachschule-aktiv-koeln.de\/ro\/curs-de-limba-germana-cu-viza\/#primaryimage\"},\"thumbnailUrl\":\"https:\/\/www.sprachschule-aktiv-koeln.de\/wp-content\/uploads\/2019\/11\/deutschkurse-visum-koeln-1024x297.jpg\",\"datePublished\":\"2019-11-20T15:02:03+00:00\",\"dateModified\":\"2026-03-18T08:17:17+00:00\",\"description\":\"Curs de limba german\u0103 cu viz\u0103. Ave\u021bi nevoie de ajutor cu cererea de viz\u0103? Suntem aici pentru tine! Condi\u021bii pentru cererea dumneavoastr\u0103.\",\"breadcrumb\":{\"@id\":\"https:\/\/www.sprachschule-aktiv-koeln.de\/ro\/curs-de-limba-germana-cu-viza\/#breadcrumb\"},\"inLanguage\":\"ro-RO\",\"potentialAction\":[{\"@type\":\"ReadAction\",\"target\":[\"https:\/\/www.sprachschule-aktiv-koeln.de\/ro\/curs-de-limba-germana-cu-viza\/\"]}]},{\"@type\":\"ImageObject\",\"inLanguage\":\"ro-RO\",\"@id\":\"https:\/\/www.sprachschule-aktiv-koeln.de\/ro\/curs-de-limba-germana-cu-viza\/#primaryimage\",\"url\":\"https:\/\/www.sprachschule-aktiv-koeln.de\/wp-content\/uploads\/2019\/11\/deutschkurse-visum-koeln-1024x297.jpg\",\"contentUrl\":\"https:\/\/www.sprachschule-aktiv-koeln.de\/wp-content\/uploads\/2019\/11\/deutschkurse-visum-koeln-1024x297.jpg\"},{\"@type\":\"BreadcrumbList\",\"@id\":\"https:\/\/www.sprachschule-aktiv-koeln.de\/ro\/curs-de-limba-germana-cu-viza\/#breadcrumb\",\"itemListElement\":[{\"@type\":\"ListItem\",\"position\":1,\"name\":\"Startseite\",\"item\":\"https:\/\/www.sprachschule-aktiv-koeln.de\/ro\/\"},{\"@type\":\"ListItem\",\"position\":2,\"name\":\"Curs de limba german\u0103 cu viz\u0103\"}]},{\"@type\":\"WebSite\",\"@id\":\"https:\/\/www.sprachschule-aktiv-koeln.de\/#website\",\"url\":\"https:\/\/www.sprachschule-aktiv-koeln.de\/\",\"name\":\"Sprachschule Aktiv K\u00f6ln\",\"description\":\"\",\"potentialAction\":[{\"@type\":\"SearchAction\",\"target\":{\"@type\":\"EntryPoint\",\"urlTemplate\":\"https:\/\/www.sprachschule-aktiv-koeln.de\/?s={search_term_string}\"},\"query-input\":{\"@type\":\"PropertyValueSpecification\",\"valueRequired\":true,\"valueName\":\"search_term_string\"}}],\"inLanguage\":\"ro-RO\"}]}<\/script>\n<!-- \/ Yoast SEO plugin. -->","yoast_head_json":{"title":"Curs de limba german\u0103 cu viz\u0103- condi\u021bii pentru cererea dumneavoastr\u0103","description":"Curs de limba german\u0103 cu viz\u0103. Ave\u021bi nevoie de ajutor cu cererea de viz\u0103? Suntem aici pentru tine! Condi\u021bii pentru cererea dumneavoastr\u0103.","robots":{"index":"index","follow":"follow","max-snippet":"max-snippet:-1","max-image-preview":"max-image-preview:large","max-video-preview":"max-video-preview:-1"},"canonical":"https:\/\/www.sprachschule-aktiv-koeln.de\/ro\/curs-de-limba-germana-cu-viza\/","og_locale":"ro_RO","og_type":"article","og_title":"Curs de limba german\u0103 cu viz\u0103- condi\u021bii pentru cererea dumneavoastr\u0103","og_description":"Curs de limba german\u0103 cu viz\u0103. Ave\u021bi nevoie de ajutor cu cererea de viz\u0103? Suntem aici pentru tine! Condi\u021bii pentru cererea dumneavoastr\u0103.","og_url":"https:\/\/www.sprachschule-aktiv-koeln.de\/ro\/curs-de-limba-germana-cu-viza\/","og_site_name":"Sprachschule Aktiv K\u00f6ln","article_modified_time":"2026-03-18T08:17:17+00:00","og_image":[{"width":1060,"height":307,"url":"https:\/\/www.sprachschule-aktiv-koeln.de\/wp-content\/uploads\/2019\/11\/deutschkurse-visum-koeln.jpg","type":"image\/jpeg"}],"twitter_card":"summary_large_image","twitter_misc":{"Timp estimat pentru citire":"3 minute"},"schema":{"@context":"https:\/\/schema.org","@graph":[{"@type":"WebPage","@id":"https:\/\/www.sprachschule-aktiv-koeln.de\/ro\/curs-de-limba-germana-cu-viza\/","url":"https:\/\/www.sprachschule-aktiv-koeln.de\/ro\/curs-de-limba-germana-cu-viza\/","name":"Curs de limba german\u0103 cu viz\u0103- condi\u021bii pentru cererea dumneavoastr\u0103","isPartOf":{"@id":"https:\/\/www.sprachschule-aktiv-koeln.de\/#website"},"primaryImageOfPage":{"@id":"https:\/\/www.sprachschule-aktiv-koeln.de\/ro\/curs-de-limba-germana-cu-viza\/#primaryimage"},"image":{"@id":"https:\/\/www.sprachschule-aktiv-koeln.de\/ro\/curs-de-limba-germana-cu-viza\/#primaryimage"},"thumbnailUrl":"https:\/\/www.sprachschule-aktiv-koeln.de\/wp-content\/uploads\/2019\/11\/deutschkurse-visum-koeln-1024x297.jpg","datePublished":"2019-11-20T15:02:03+00:00","dateModified":"2026-03-18T08:17:17+00:00","description":"Curs de limba german\u0103 cu viz\u0103. Ave\u021bi nevoie de ajutor cu cererea de viz\u0103? Suntem aici pentru tine! Condi\u021bii pentru cererea dumneavoastr\u0103.","breadcrumb":{"@id":"https:\/\/www.sprachschule-aktiv-koeln.de\/ro\/curs-de-limba-germana-cu-viza\/#breadcrumb"},"inLanguage":"ro-RO","potentialAction":[{"@type":"ReadAction","target":["https:\/\/www.sprachschule-aktiv-koeln.de\/ro\/curs-de-limba-germana-cu-viza\/"]}]},{"@type":"ImageObject","inLanguage":"ro-RO","@id":"https:\/\/www.sprachschule-aktiv-koeln.de\/ro\/curs-de-limba-germana-cu-viza\/#primaryimage","url":"https:\/\/www.sprachschule-aktiv-koeln.de\/wp-content\/uploads\/2019\/11\/deutschkurse-visum-koeln-1024x297.jpg","contentUrl":"https:\/\/www.sprachschule-aktiv-koeln.de\/wp-content\/uploads\/2019\/11\/deutschkurse-visum-koeln-1024x297.jpg"},{"@type":"BreadcrumbList","@id":"https:\/\/www.sprachschule-aktiv-koeln.de\/ro\/curs-de-limba-germana-cu-viza\/#breadcrumb","itemListElement":[{"@type":"ListItem","position":1,"name":"Startseite","item":"https:\/\/www.sprachschule-aktiv-koeln.de\/ro\/"},{"@type":"ListItem","position":2,"name":"Curs de limba german\u0103 cu viz\u0103"}]},{"@type":"WebSite","@id":"https:\/\/www.sprachschule-aktiv-koeln.de\/#website","url":"https:\/\/www.sprachschule-aktiv-koeln.de\/","name":"Sprachschule Aktiv K\u00f6ln","description":"","potentialAction":[{"@type":"SearchAction","target":{"@type":"EntryPoint","urlTemplate":"https:\/\/www.sprachschule-aktiv-koeln.de\/?s={search_term_string}"},"query-input":{"@type":"PropertyValueSpecification","valueRequired":true,"valueName":"search_term_string"}}],"inLanguage":"ro-RO"}]}},"_links":{"self":[{"href":"https:\/\/www.sprachschule-aktiv-koeln.de\/ro\/wp-json\/wp\/v2\/pages\/2576","targetHints":{"allow":["GET"]}}],"collection":[{"href":"https:\/\/www.sprachschule-aktiv-koeln.de\/ro\/wp-json\/wp\/v2\/pages"}],"about":[{"href":"https:\/\/www.sprachschule-aktiv-koeln.de\/ro\/wp-json\/wp\/v2\/types\/page"}],"author":[{"embeddable":true,"href":"https:\/\/www.sprachschule-aktiv-koeln.de\/ro\/wp-json\/wp\/v2\/users\/2"}],"replies":[{"embeddable":true,"href":"https:\/\/www.sprachschule-aktiv-koeln.de\/ro\/wp-json\/wp\/v2\/comments?post=2576"}],"version-history":[{"count":6,"href":"https:\/\/www.sprachschule-aktiv-koeln.de\/ro\/wp-json\/wp\/v2\/pages\/2576\/revisions"}],"predecessor-version":[{"id":13268,"href":"https:\/\/www.sprachschule-aktiv-koeln.de\/ro\/wp-json\/wp\/v2\/pages\/2576\/revisions\/13268"}],"wp:attachment":[{"href":"https:\/\/www.sprachschule-aktiv-koeln.de\/ro\/wp-json\/wp\/v2\/media?parent=2576"}],"curies":[{"name":"wp","href":"https:\/\/api.w.org\/{rel}","templated":true}]}}