{"id":8600,"date":"2018-01-11T18:49:20","date_gmt":"2018-01-11T17:49:20","guid":{"rendered":"https:\/\/www.sprachschule-aktiv-koeln.de\/home\/"},"modified":"2026-03-25T13:39:58","modified_gmt":"2026-03-25T12:39:58","slug":"home","status":"publish","type":"page","link":"https:\/\/www.sprachschule-aktiv-koeln.de\/tr\/","title":{"rendered":"Home"},"content":{"rendered":"<p>[vc_row full_width=&#8221;stretch_row_content_no_spaces&#8221;][vc_column][vc_single_image image=&#8221;8301&#8243; img_size=&#8221;full&#8221;][\/vc_column][\/vc_row][vc_row css=&#8221;.vc_custom_1680072115849{margin-top: 40px !important;padding-bottom: 30px !important;}&#8221;][vc_column][vc_column_text]<\/p>\n<h1>Sprachschule Aktiv K\u00f6ln \u2013 almanca &amp; yabanc\u0131 dil \u00f6\u011frenme \u2013 dil kurslari<\/h1>\n<p>[\/vc_column_text][vc_column_text]K\u00f6ln\u2019de k\u00fc\u00e7\u00fck gruplar halinde, d\u00fc\u015f\u00fck fiyatlarla ve \u00fccretsiz deneme dersiyle Almanca ve yabanc\u0131 dil \u00f6grenin! K\u00f6ln&#8217;\u00fcn g\u00fczel merkezinde, do\u011frudan Neumarkt 1c&#8217;de bulunan Aktiv K\u00f6ln dil okulunda art\u0131k grup, ak\u015fam ve \u00f6zel kurslarda 40&#8217;tan fazla farkl\u0131 dil \u00f6\u011frenebilir ve kendinizi yeni bir k\u00fclt\u00fcre kapt\u0131rabilirsiniz. Kurs se\u00e7iminizde zorlan\u0131yormusunuz? Uzman kadromuz taraf\u0131ndan kapsaml\u0131 bilgilendirilebilir ve size uygun olan kursu bulabilirsiniz. Bize telefon veya e-posta \u00fczeri kolayl\u0131kla ula\u015fabilirsiniz. Sprachschule Aktiv K\u00f6ln ekibi olarak sizi okulumuzda g\u00f6rmekten mutluluk duyar\u0131z![\/vc_column_text][vc_column_text]<a class=\"whyaweb-kontakt\" href=\"#\">H\u0131zl\u0131 bilgi<\/a>[\/vc_column_text][vc_row_inner][vc_column_inner width=&#8221;1\/2&#8243;][vc_video link=&#8221;https:\/\/www.youtube.com\/embed\/54-5aCU96MM&#8221;][\/vc_column_inner][vc_column_inner width=&#8221;1\/2&#8243;][vc_single_image image=&#8221;8562&#8243; img_size=&#8221;large&#8221;][\/vc_column_inner][\/vc_row_inner][\/vc_column][\/vc_row][vc_row full_width=&#8221;stretch_row&#8221; css=&#8221;.vc_custom_1538648473780{padding-top: 10px !important;padding-bottom: 25px !important;background-color: #f9f9f9 !important;}&#8221;][vc_column][vc_column_text]<\/p>\n<h2>K\u00f6ln\u2019deki dil kurslar\u0131m\u0131z<\/h2>\n<p>[\/vc_column_text][vc_column_text]Elbette Almanca, Frans\u0131zca, \u0130spanyolca ve \u0130talyanca gibi diller her zaman yelpazemizin par\u00e7as\u0131d\u0131r.<br \/>\nBununla birlikte di\u011fer t\u00fcm dilleri de s\u0131kl\u0131kla sunmakta bulunuyoruz.<br \/>\nDili mesleki nedenlerle mi yoksa daha \u00e7ok ilginiz i\u00e7in mi \u00f6\u011frenmek istiyorsunuz?<br \/>\nBir sonraki tatiliniz i\u00e7in mi ihtiyac\u0131n\u0131z var?<br \/>\nKi\u015fisel hedeflerinize ba\u011fl\u0131 olarak, bizimle kesinlikle do\u011fru kursu bulacaks\u0131n\u0131z.<br \/>\n[\/vc_column_text][vc_column_text]<a class=\"whyaweb-kontakt\" href=\"#\">H\u0131zl\u0131 bilgi<\/a>[\/vc_column_text][vc_column_text]<\/p>\n<h2>Telc s\u0131nav\u0131 i\u00e7in spontane termine mi ihtiyac\u0131n\u0131z var?<\/h2>\n<p>Mesai saatlerimiz i\u00e7erisinde istedi\u011finiz tarihte size \u00f6zel s\u0131navlar sunmaktan mutluluk duyar\u0131z.[\/vc_column_text][vc_row_inner][vc_column_inner width=&#8221;1\/2&#8243;][vc_single_image image=&#8221;8605&#8243; img_size=&#8221;full&#8221;][\/vc_column_inner][vc_column_inner width=&#8221;1\/2&#8243;][vc_column_text]Ki\u015fiye \u00f6zel Telc s\u0131nav\u0131n\u0131 iki hafta \u00f6nceden Telc Enstit\u00fct\u00fc\u2019ne kaydedebilir ve kendi tesislerimizde ger\u00e7erkle\u015ftirebiliriz. A1-C1, C1 \u00fcniversite ve C2 seviyeleri i\u00e7in s\u0131navlar sunuyoruz.<\/p>\n<p>\u0130stedi\u011finiz tarihi bizimle 590\u20ac kar\u015f\u0131l\u0131\u011f\u0131nda rezerve edebilirsiniz.<\/p>\n<p>\u0130leti\u015fim formumuz arac\u0131l\u0131\u011f\u0131yla bize yaz\u0131n veya aray\u0131n! S\u0131nav veya organizasyonu hakk\u0131nda ba\u015fka sorular\u0131n\u0131z varsa, l\u00fctfen bizimle ileti\u015fime ge\u00e7mekten \u00e7ekinmeyin.[\/vc_column_text][vc_column_text]<a class=\"whyaweb-anmeldung\" href=\"#\">Telc s\u0131nav kayd\u0131<\/a>[\/vc_column_text][\/vc_column_inner][\/vc_row_inner][\/vc_column][\/vc_row][vc_row css=&#8221;.vc_custom_1544170855256{padding-bottom: 20px !important;}&#8221;][vc_column][vc_column_text]<\/p>\n<h2>K\u00f6ln&#8217;de dil \u00f6\u011frenin ve deneyimleyin<\/h2>\n<p>G\u00fcn\u00fcm\u00fczde dil \u00f6\u011frenmek sadece kelime bilgisi ve gramerden ibaret de\u011fil!<br \/>\nTercihen otantik durumlarda pratik uygulama ve k\u00fclt\u00fcrel arka plan bilgisi de modern g\u00fcnl\u00fck \u00f6\u011fretimde vazge\u00e7ilmezdir.Bu nedenle Sprachschule Aktiv K\u00f6ln ekibi d\u00fczenli olarak bir yandan e\u011flenceli ve keyifli, di\u011fer yandan da \u00f6\u011frenciler aras\u0131nda gayri resmi dil al\u0131\u015fveri\u015fini te\u015fvik eden \u00e7e\u015fitli geziler ve bo\u015f zaman etkinlikleri d\u00fczenlemektedir. B\u00f6ylece \u00f6\u011frenme durumu bir deneyime d\u00f6n\u00fc\u015f\u00fcr.<\/p>\n<h2>\u00dccretsiz seviye tespit s\u0131nav\u0131 &#8211; online veya dil okulumuzda<\/h2>\n<p>Dil okulumuzda her seviyede kurslar sunuyoruz. \u0130ster yeni ba\u015flayan, ister orta veya ileri d\u00fczeyde bir \u00f6\u011frenci olun, sizin i\u00e7in do\u011fru kursu bulaca\u011f\u0131m\u0131zdan \u015f\u00fcpheniz olmas\u0131n. Almanca, \u0130ngilizce, Frans\u0131zca, \u0130spanyolca ve \u0130talyanca dillerindeki seviyenizi ana sayfam\u0131zdaki online seviye tespit s\u0131nav\u0131m\u0131z arac\u0131l\u0131\u011f\u0131yla evinizde test edebilir veya ki\u015fisel dan\u0131\u015fmanl\u0131k ve s\u0131n\u0131fland\u0131rma i\u00e7in ofisimize gelebilirsiniz. \u00dccretsiz bir deneme dersine kat\u0131larak, seviyenin sizin i\u00e7in uygun olup olmad\u0131\u011f\u0131n\u0131 kontrol etme f\u0131rsat\u0131na da sahip olursunuz.[\/vc_column_text][\/vc_column][\/vc_row][vc_row full_width=&#8221;stretch_row&#8221; css=&#8221;.vc_custom_1538648658554{padding-top: 10px !important;padding-bottom: 25px !important;background-color: #f9f9f9 !important;}&#8221;][vc_column][vc_column_text]<\/p>\n<h2>K\u00f6ln&#8217;deki dil \u00f6\u011fretmenlerimiz nitelikli anadil konu\u015fmac\u0131lar\u0131d\u0131r<\/h2>\n<p>T\u00fcm dillerde ve t\u00fcm seviyelerde, nitelikli \u00f6\u011fretmenlerimiz taraf\u0131ndan ders g\u00f6receksiniz.<br \/>\nAna dil konu\u015fmac\u0131 olan e\u011fitmenlerimiz, en modern pedagojik ve metodolojik kriterlere g\u00f6re e\u011fitim vermektedir. \u0130leti\u015fim ve etkile\u015fim her zaman \u00f6n plandad\u0131r.<\/p>\n<h2>K\u00f6ln&#8217;deki kurs teklifimiz<\/h2>\n<p>K\u00f6ln&#8217;deki dil kurslar\u0131m\u0131zda yo\u011fun kurslar, \u00f6zel dersler, ak\u015fam kurslar\u0131 ve \u015firket kurslar\u0131 bulacaks\u0131n\u0131z. Yo\u011fun kurslar\u0131m\u0131z Pazartesi&#8217;den Cuma&#8217;ya g\u00fcnde 3 saat olarak ger\u00e7ekle\u015fmektedir.<\/p>\n<p>Grup kurslar\u0131m\u0131za haftada bir veya iki kez \u00fc\u00e7 ders i\u00e7in rezervasyon yapt\u0131rabilirsiniz (1 ders = 45 dakika). \u00d6zel kurslar\u0131m\u0131z en esnek olanlard\u0131r, burada haftal\u0131k saat say\u0131s\u0131n\u0131 ve tarihleri \u00f6\u011fretmeninize dan\u0131\u015farak siz belirlersiniz.<br \/>\n[\/vc_column_text][\/vc_column][\/vc_row][vc_row css=&#8221;.vc_custom_1544170855256{padding-bottom: 20px !important;}&#8221;][vc_column][vc_column_text]<\/p>\n<h2>Denemeye de\u011fer!<\/h2>\n<p>\u00dccretsiz deneme dersimizden yararlan\u0131n. \u0130lk dersinizden sonra tamamen memnun kalmazsan\u0131z, h\u00fczn\u00fcm\u00fcz\u00fc belirtmek isteriz. Elbette, kurs \u00fccretinizin tamam\u0131n\u0131 herhangi bir b\u00fcrokrasi olmadan geri alacaks\u0131n\u0131z. Bunu garanti ediyoruz!<br \/>\nSizi g\u00f6rmeyi sab\u0131rs\u0131zl\u0131kla bekliyoruz![\/vc_column_text][vc_column_text]<\/p>\n<h2>K\u00f6ln&#8217;\u00fcn merkezinde dil okulu. Sanal Turu<\/h2>\n<h3>Sanal Turu Ba\u015flat<\/h3>\n<p>[\/vc_column_text][vc_row_inner][vc_column_inner width=&#8221;1\/2&#8243;][vc_single_image image=&#8221;8322&#8243; img_size=&#8221;full&#8221; onclick=&#8221;custom_link&#8221; img_link_target=&#8221;_blank&#8221; link=&#8221;https:\/\/360smartmedia.com\/2023\/sprachschuleaktiv\/&#8221;][\/vc_column_inner][vc_column_inner width=&#8221;1\/2&#8243;][vc_column_text]<iframe style=\"border: 0;\" tabindex=\"0\" title=\"Sprachschule in K\u00f6ln\" src=\"https:\/\/www.google.com\/maps\/embed?pb=!1m18!1m12!1m3!1d2514.3383539337465!2d6.947705716069991!3d50.9359553795453!2m3!1f0!2f0!3f0!3m2!1i1024!2i768!4f13.1!3m3!1m2!1s0x47bf25b90b6fe0fd%3A0x3e58f4cca312106d!2sSprachschule%20Aktiv%20K%C3%B6ln!5e0!3m2!1sde!2sde!4v1594019355977!5m2!1sde!2sde\" width=\"100%\" height=\"385\" frameborder=\"0\" allowfullscreen=\"allowfullscreen\" aria-hidden=\"false\"><\/iframe>[\/vc_column_text][\/vc_column_inner][\/vc_row_inner][\/vc_column][\/vc_row]<\/p>\n","protected":false},"excerpt":{"rendered":"<p>[vc_row full_width=&#8221;stretch_row_content_no_spaces&#8221;][vc_column][vc_single_image image=&#8221;8301&#8243; img_size=&#8221;full&#8221;][\/vc_column][\/vc_row][vc_row css=&#8221;.vc_custom_1680072115849{margin-top: 40px !important;padding-bottom: 30px !important;}&#8221;][vc_column][vc_column_text] Sprachschule Aktiv K\u00f6ln \u2013 almanca &amp; yabanc\u0131 dil \u00f6\u011frenme \u2013 dil kurslari [\/vc_column_text][vc_column_text]K\u00f6ln\u2019de k\u00fc\u00e7\u00fck gruplar halinde, d\u00fc\u015f\u00fck fiyatlarla ve \u00fccretsiz deneme dersiyle Almanca ve yabanc\u0131 dil \u00f6grenin! K\u00f6ln&#8217;\u00fcn g\u00fczel merkezinde, do\u011frudan Neumarkt 1c&#8217;de bulunan Aktiv K\u00f6ln dil okulunda art\u0131k grup, ak\u015fam ve \u00f6zel kurslarda 40&#8217;tan fazla&hellip; <a class=\"read-more\" href=\"https:\/\/www.sprachschule-aktiv-koeln.de\/tr\/\" title=\"Read Home\">Read more &raquo;<\/a><\/p>\n","protected":false},"author":1,"featured_media":0,"parent":0,"menu_order":0,"comment_status":"closed","ping_status":"closed","template":"","meta":{"footnotes":""},"class_list":["post-8600","page","type-page","status-publish","hentry"],"yoast_head":"<!-- This site is optimized with the Yoast SEO plugin v27.2 - https:\/\/yoast.com\/product\/yoast-seo-wordpress\/ -->\n<title>Sprachschule Aktiv K\u00f6ln \u2013 almanca &amp; yabanc\u0131 dil \u00f6\u011frenme<\/title>\n<meta name=\"description\" content=\"K\u00f6ln\u2019de k\u00fc\u00e7\u00fck gruplar halinde, d\u00fc\u015f\u00fck fiyatlarla ve \u00fccretsiz deneme dersiyle Almanca ve yabanc\u0131 dil \u00f6grenin!\" \/>\n<meta name=\"robots\" content=\"index, follow, max-snippet:-1, max-image-preview:large, max-video-preview:-1\" \/>\n<link rel=\"canonical\" href=\"https:\/\/www.sprachschule-aktiv-koeln.de\/tr\/\" \/>\n<meta property=\"og:locale\" content=\"tr_TR\" \/>\n<meta property=\"og:type\" content=\"article\" \/>\n<meta property=\"og:title\" content=\"Sprachschule Aktiv K\u00f6ln \u2013 almanca &amp; yabanc\u0131 dil \u00f6\u011frenme\" \/>\n<meta property=\"og:description\" content=\"K\u00f6ln\u2019de k\u00fc\u00e7\u00fck gruplar halinde, d\u00fc\u015f\u00fck fiyatlarla ve \u00fccretsiz deneme dersiyle Almanca ve yabanc\u0131 dil \u00f6grenin!\" \/>\n<meta property=\"og:url\" content=\"https:\/\/www.sprachschule-aktiv-koeln.de\/tr\/\" \/>\n<meta property=\"og:site_name\" content=\"Sprachschule Aktiv K\u00f6ln\" \/>\n<meta property=\"article:modified_time\" content=\"2026-03-25T12:39:58+00:00\" \/>\n<meta name=\"twitter:card\" content=\"summary_large_image\" \/>\n<meta name=\"twitter:label1\" content=\"Tahmini okuma s\u00fcresi\" \/>\n\t<meta name=\"twitter:data1\" content=\"4 dakika\" \/>\n<script type=\"application\/ld+json\" class=\"yoast-schema-graph\">{\"@context\":\"https:\/\/schema.org\",\"@graph\":[{\"@type\":\"WebPage\",\"@id\":\"https:\/\/www.sprachschule-aktiv-koeln.de\/tr\/\",\"url\":\"https:\/\/www.sprachschule-aktiv-koeln.de\/tr\/\",\"name\":\"Sprachschule Aktiv K\u00f6ln \u2013 almanca & yabanc\u0131 dil \u00f6\u011frenme\",\"isPartOf\":{\"@id\":\"https:\/\/www.sprachschule-aktiv-koeln.de\/#website\"},\"datePublished\":\"2018-01-11T17:49:20+00:00\",\"dateModified\":\"2026-03-25T12:39:58+00:00\",\"description\":\"K\u00f6ln\u2019de k\u00fc\u00e7\u00fck gruplar halinde, d\u00fc\u015f\u00fck fiyatlarla ve \u00fccretsiz deneme dersiyle Almanca ve yabanc\u0131 dil \u00f6grenin!\",\"breadcrumb\":{\"@id\":\"https:\/\/www.sprachschule-aktiv-koeln.de\/tr\/#breadcrumb\"},\"inLanguage\":\"tr\",\"potentialAction\":[{\"@type\":\"ReadAction\",\"target\":[\"https:\/\/www.sprachschule-aktiv-koeln.de\/tr\/\"]}]},{\"@type\":\"BreadcrumbList\",\"@id\":\"https:\/\/www.sprachschule-aktiv-koeln.de\/tr\/#breadcrumb\",\"itemListElement\":[{\"@type\":\"ListItem\",\"position\":1,\"name\":\"Startseite\",\"item\":\"https:\/\/www.sprachschule-aktiv-koeln.de\/tr\/\"},{\"@type\":\"ListItem\",\"position\":2,\"name\":\"Home\"}]},{\"@type\":\"WebSite\",\"@id\":\"https:\/\/www.sprachschule-aktiv-koeln.de\/#website\",\"url\":\"https:\/\/www.sprachschule-aktiv-koeln.de\/\",\"name\":\"Sprachschule Aktiv K\u00f6ln\",\"description\":\"\",\"potentialAction\":[{\"@type\":\"SearchAction\",\"target\":{\"@type\":\"EntryPoint\",\"urlTemplate\":\"https:\/\/www.sprachschule-aktiv-koeln.de\/?s={search_term_string}\"},\"query-input\":{\"@type\":\"PropertyValueSpecification\",\"valueRequired\":true,\"valueName\":\"search_term_string\"}}],\"inLanguage\":\"tr\"}]}<\/script>\n<!-- \/ Yoast SEO plugin. -->","yoast_head_json":{"title":"Sprachschule Aktiv K\u00f6ln \u2013 almanca & yabanc\u0131 dil \u00f6\u011frenme","description":"K\u00f6ln\u2019de k\u00fc\u00e7\u00fck gruplar halinde, d\u00fc\u015f\u00fck fiyatlarla ve \u00fccretsiz deneme dersiyle Almanca ve yabanc\u0131 dil \u00f6grenin!","robots":{"index":"index","follow":"follow","max-snippet":"max-snippet:-1","max-image-preview":"max-image-preview:large","max-video-preview":"max-video-preview:-1"},"canonical":"https:\/\/www.sprachschule-aktiv-koeln.de\/tr\/","og_locale":"tr_TR","og_type":"article","og_title":"Sprachschule Aktiv K\u00f6ln \u2013 almanca & yabanc\u0131 dil \u00f6\u011frenme","og_description":"K\u00f6ln\u2019de k\u00fc\u00e7\u00fck gruplar halinde, d\u00fc\u015f\u00fck fiyatlarla ve \u00fccretsiz deneme dersiyle Almanca ve yabanc\u0131 dil \u00f6grenin!","og_url":"https:\/\/www.sprachschule-aktiv-koeln.de\/tr\/","og_site_name":"Sprachschule Aktiv K\u00f6ln","article_modified_time":"2026-03-25T12:39:58+00:00","twitter_card":"summary_large_image","twitter_misc":{"Tahmini okuma s\u00fcresi":"4 dakika"},"schema":{"@context":"https:\/\/schema.org","@graph":[{"@type":"WebPage","@id":"https:\/\/www.sprachschule-aktiv-koeln.de\/tr\/","url":"https:\/\/www.sprachschule-aktiv-koeln.de\/tr\/","name":"Sprachschule Aktiv K\u00f6ln \u2013 almanca & yabanc\u0131 dil \u00f6\u011frenme","isPartOf":{"@id":"https:\/\/www.sprachschule-aktiv-koeln.de\/#website"},"datePublished":"2018-01-11T17:49:20+00:00","dateModified":"2026-03-25T12:39:58+00:00","description":"K\u00f6ln\u2019de k\u00fc\u00e7\u00fck gruplar halinde, d\u00fc\u015f\u00fck fiyatlarla ve \u00fccretsiz deneme dersiyle Almanca ve yabanc\u0131 dil \u00f6grenin!","breadcrumb":{"@id":"https:\/\/www.sprachschule-aktiv-koeln.de\/tr\/#breadcrumb"},"inLanguage":"tr","potentialAction":[{"@type":"ReadAction","target":["https:\/\/www.sprachschule-aktiv-koeln.de\/tr\/"]}]},{"@type":"BreadcrumbList","@id":"https:\/\/www.sprachschule-aktiv-koeln.de\/tr\/#breadcrumb","itemListElement":[{"@type":"ListItem","position":1,"name":"Startseite","item":"https:\/\/www.sprachschule-aktiv-koeln.de\/tr\/"},{"@type":"ListItem","position":2,"name":"Home"}]},{"@type":"WebSite","@id":"https:\/\/www.sprachschule-aktiv-koeln.de\/#website","url":"https:\/\/www.sprachschule-aktiv-koeln.de\/","name":"Sprachschule Aktiv K\u00f6ln","description":"","potentialAction":[{"@type":"SearchAction","target":{"@type":"EntryPoint","urlTemplate":"https:\/\/www.sprachschule-aktiv-koeln.de\/?s={search_term_string}"},"query-input":{"@type":"PropertyValueSpecification","valueRequired":true,"valueName":"search_term_string"}}],"inLanguage":"tr"}]}},"_links":{"self":[{"href":"https:\/\/www.sprachschule-aktiv-koeln.de\/tr\/wp-json\/wp\/v2\/pages\/8600","targetHints":{"allow":["GET"]}}],"collection":[{"href":"https:\/\/www.sprachschule-aktiv-koeln.de\/tr\/wp-json\/wp\/v2\/pages"}],"about":[{"href":"https:\/\/www.sprachschule-aktiv-koeln.de\/tr\/wp-json\/wp\/v2\/types\/page"}],"author":[{"embeddable":true,"href":"https:\/\/www.sprachschule-aktiv-koeln.de\/tr\/wp-json\/wp\/v2\/users\/1"}],"replies":[{"embeddable":true,"href":"https:\/\/www.sprachschule-aktiv-koeln.de\/tr\/wp-json\/wp\/v2\/comments?post=8600"}],"version-history":[{"count":6,"href":"https:\/\/www.sprachschule-aktiv-koeln.de\/tr\/wp-json\/wp\/v2\/pages\/8600\/revisions"}],"predecessor-version":[{"id":13303,"href":"https:\/\/www.sprachschule-aktiv-koeln.de\/tr\/wp-json\/wp\/v2\/pages\/8600\/revisions\/13303"}],"wp:attachment":[{"href":"https:\/\/www.sprachschule-aktiv-koeln.de\/tr\/wp-json\/wp\/v2\/media?parent=8600"}],"curies":[{"name":"wp","href":"https:\/\/api.w.org\/{rel}","templated":true}]}}