{"id":8616,"date":"2018-01-12T07:14:43","date_gmt":"2018-01-12T06:14:43","guid":{"rendered":"https:\/\/www.sprachschule-aktiv-koeln.de\/kontakt\/"},"modified":"2023-03-29T09:01:44","modified_gmt":"2023-03-29T07:01:44","slug":"temas-etmek","status":"publish","type":"page","link":"https:\/\/www.sprachschule-aktiv-koeln.de\/tr\/temas-etmek\/","title":{"rendered":"Temas etmek"},"content":{"rendered":"<p>[vc_row css=&#8221;.vc_custom_1538681072827{margin-top: 20px !important;}&#8221;][vc_column][vc_column_text]<\/p>\n<h1>\u0130leti\u015fim formu \u2013 Sprachschule Aktiv K\u00f6ln<\/h1>\n<p>\u0130leti\u015fim formu \u2013 talebiniz \u2013 ileti\u015fim bilgilerimiz Sprachschule Aktiv K\u00f6ln<\/p>\n<p>[\/vc_column_text][\/vc_column][\/vc_row][vc_row full_width=&#8221;stretch_row&#8221; css=&#8221;.vc_custom_1538681088940{padding-top: 10px !important;padding-bottom: 20px !important;background-color: #f9f9f9 !important;}&#8221;][vc_column][vc_column_text]<\/p>\n<h2>\u0130leti\u015fim Formu<\/h2>\n<div class=\"wpcf7 no-js\" id=\"wpcf7-f8619-o1\" lang=\"de-DE\" dir=\"ltr\" data-wpcf7-id=\"8619\">\n<div class=\"screen-reader-response\"><p role=\"status\" aria-live=\"polite\" aria-atomic=\"true\"><\/p> <ul><\/ul><\/div>\n<form action=\"\/tr\/wp-json\/wp\/v2\/pages\/8616#wpcf7-f8619-o1\" method=\"post\" class=\"wpcf7-form init wpcf7-acceptance-as-validation\" aria-label=\"Kontaktformular\" novalidate=\"novalidate\" data-status=\"init\">\n<fieldset class=\"hidden-fields-container\"><input type=\"hidden\" name=\"_wpcf7\" value=\"8619\" \/><input type=\"hidden\" name=\"_wpcf7_version\" value=\"6.1.5\" \/><input type=\"hidden\" name=\"_wpcf7_locale\" value=\"de_DE\" \/><input type=\"hidden\" name=\"_wpcf7_unit_tag\" value=\"wpcf7-f8619-o1\" \/><input type=\"hidden\" name=\"_wpcf7_container_post\" value=\"0\" \/><input type=\"hidden\" name=\"_wpcf7_posted_data_hash\" value=\"\" \/><input type=\"hidden\" name=\"_wpcf7_recaptcha_response\" value=\"\" \/>\n<\/fieldset>\n<p>Selamlama*\n<\/p>\n<p><span class=\"wpcf7-form-control-wrap\" data-name=\"anrede\"><select class=\"wpcf7-form-control wpcf7-select\" aria-invalid=\"false\" name=\"anrede\"><option value=\"\">&#8211; Bitte ausw\u00e4hlen &#8211;<\/option><option value=\"Bayan\">Bayan<\/option><option value=\"Bay\">Bay<\/option><\/select><\/span>\n<\/p>\n<p>Ad\u0131n\u0131z *\n<\/p>\n<p><span class=\"wpcf7-form-control-wrap\" data-name=\"Vorname\"><input size=\"40\" maxlength=\"400\" class=\"wpcf7-form-control wpcf7-text wpcf7-validates-as-required\" aria-required=\"true\" aria-invalid=\"false\" value=\"\" type=\"text\" name=\"Vorname\" \/><\/span>\n<\/p>\n<p>Soy ad\u0131n\u0131z *\n<\/p>\n<p><span class=\"wpcf7-form-control-wrap\" data-name=\"Nachname\"><input size=\"40\" maxlength=\"400\" class=\"wpcf7-form-control wpcf7-text wpcf7-validates-as-required\" aria-required=\"true\" aria-invalid=\"false\" value=\"\" type=\"text\" name=\"Nachname\" \/><\/span>\n<\/p>\n<p>Telefon numaran *\n<\/p>\n<p><span class=\"wpcf7-form-control-wrap\" data-name=\"Telefon\"><input size=\"40\" maxlength=\"400\" class=\"wpcf7-form-control wpcf7-text wpcf7-validates-as-required\" aria-required=\"true\" aria-invalid=\"false\" value=\"\" type=\"text\" name=\"Telefon\" \/><\/span>\n<\/p>\n<p>e-posta adresiniz *\n<\/p>\n<p><span class=\"wpcf7-form-control-wrap\" data-name=\"your-email\"><input size=\"40\" maxlength=\"400\" class=\"wpcf7-form-control wpcf7-email wpcf7-validates-as-required wpcf7-text wpcf7-validates-as-email\" aria-required=\"true\" aria-invalid=\"false\" value=\"\" type=\"email\" name=\"your-email\" \/><\/span>\n<\/p>\n<p>\u0130li\u015fkin\n<\/p>\n<p><span class=\"wpcf7-form-control-wrap\" data-name=\"your-subject\"><input size=\"40\" maxlength=\"400\" class=\"wpcf7-form-control wpcf7-text\" aria-invalid=\"false\" value=\"\" type=\"text\" name=\"your-subject\" \/><\/span>\n<\/p>\n<p>Mesaj\u0131n\n<\/p>\n<p><span class=\"wpcf7-form-control-wrap\" data-name=\"your-message\"><textarea cols=\"40\" rows=\"10\" maxlength=\"2000\" class=\"wpcf7-form-control wpcf7-textarea\" aria-invalid=\"false\" name=\"your-message\"><\/textarea><\/span>\n<\/p>\n<div style=\"\">\n\t<p><span class=\"wpcf7-form-control-wrap\" data-name=\"agb\"><span class=\"wpcf7-form-control wpcf7-acceptance\"><span class=\"wpcf7-list-item\"><input type=\"checkbox\" name=\"agb\" value=\"1\" aria-invalid=\"false\" \/><\/span><\/span><\/span> (*) <a href=\"https:\/\/www.sprachschule-aktiv-koeln.de\/allgemeine-geschaftsbedingungen\/\" target=\"_blank\">Genel \u015eartlar ve Ko\u015fullar\u0131n\u0131z\u0131<\/a> ve <a href=\"https:\/\/www.sprachschule-aktiv-koeln.de\/datenschutzerklarung\/\" target=\"_blank\">Gizlilik Politikas\u0131<\/a> o.\n\t<\/p>\n<\/div>\n<p><input class=\"wpcf7-form-control wpcf7-submit has-spinner\" type=\"submit\" value=\"G\u00f6ndermek\" \/>\n<\/p>\n<div class=\"wpcf7-response-output\" aria-hidden=\"true\"><\/div>\n<\/form>\n<\/div>\n[\/vc_column_text][\/vc_column][\/vc_row]<\/p>\n","protected":false},"excerpt":{"rendered":"<p>[vc_row css=&#8221;.vc_custom_1538681072827{margin-top: 20px !important;}&#8221;][vc_column][vc_column_text] \u0130leti\u015fim formu \u2013 Sprachschule Aktiv K\u00f6ln \u0130leti\u015fim formu \u2013 talebiniz \u2013 ileti\u015fim bilgilerimiz Sprachschule Aktiv K\u00f6ln [\/vc_column_text][\/vc_column][\/vc_row][vc_row full_width=&#8221;stretch_row&#8221; css=&#8221;.vc_custom_1538681088940{padding-top: 10px !important;padding-bottom: 20px !important;background-color: #f9f9f9 !important;}&#8221;][vc_column][vc_column_text] \u0130leti\u015fim Formu [\/vc_column_text][\/vc_column][\/vc_row]<\/p>\n","protected":false},"author":1,"featured_media":0,"parent":0,"menu_order":0,"comment_status":"closed","ping_status":"closed","template":"","meta":{"footnotes":""},"class_list":["post-8616","page","type-page","status-publish","hentry"],"yoast_head":"<!-- This site is optimized with the Yoast SEO plugin v27.2 - https:\/\/yoast.com\/product\/yoast-seo-wordpress\/ -->\n<title>Sorgulama ve ileti\u015fim dil okulu K\u00f6ln<\/title>\n<meta name=\"description\" content=\"Sprachschule Aktiv K\u00f6ln ileti\u015fim formu. Bize talebiniz ve ileti\u015fim bilgilerimiz. Bize telefon, e-posta veya \u015fahsen ula\u015f\u0131labilir.\" \/>\n<meta name=\"robots\" content=\"index, follow, max-snippet:-1, max-image-preview:large, max-video-preview:-1\" \/>\n<link rel=\"canonical\" href=\"https:\/\/www.sprachschule-aktiv-koeln.de\/tr\/temas-etmek\/\" \/>\n<meta property=\"og:locale\" content=\"tr_TR\" \/>\n<meta property=\"og:type\" content=\"article\" \/>\n<meta property=\"og:title\" content=\"Sorgulama ve ileti\u015fim dil okulu K\u00f6ln\" \/>\n<meta property=\"og:description\" content=\"Sprachschule Aktiv K\u00f6ln ileti\u015fim formu. Bize talebiniz ve ileti\u015fim bilgilerimiz. Bize telefon, e-posta veya \u015fahsen ula\u015f\u0131labilir.\" \/>\n<meta property=\"og:url\" content=\"https:\/\/www.sprachschule-aktiv-koeln.de\/tr\/temas-etmek\/\" \/>\n<meta property=\"og:site_name\" content=\"Sprachschule Aktiv K\u00f6ln\" \/>\n<meta property=\"article:modified_time\" content=\"2023-03-29T07:01:44+00:00\" \/>\n<meta name=\"twitter:card\" content=\"summary_large_image\" \/>\n<meta name=\"twitter:label1\" content=\"Tahmini okuma s\u00fcresi\" \/>\n\t<meta name=\"twitter:data1\" content=\"1 dakika\" \/>\n<script type=\"application\/ld+json\" class=\"yoast-schema-graph\">{\"@context\":\"https:\/\/schema.org\",\"@graph\":[{\"@type\":\"WebPage\",\"@id\":\"https:\/\/www.sprachschule-aktiv-koeln.de\/tr\/temas-etmek\/\",\"url\":\"https:\/\/www.sprachschule-aktiv-koeln.de\/tr\/temas-etmek\/\",\"name\":\"Sorgulama ve ileti\u015fim dil okulu K\u00f6ln\",\"isPartOf\":{\"@id\":\"https:\/\/www.sprachschule-aktiv-koeln.de\/#website\"},\"datePublished\":\"2018-01-12T06:14:43+00:00\",\"dateModified\":\"2023-03-29T07:01:44+00:00\",\"description\":\"Sprachschule Aktiv K\u00f6ln ileti\u015fim formu. Bize talebiniz ve ileti\u015fim bilgilerimiz. Bize telefon, e-posta veya \u015fahsen ula\u015f\u0131labilir.\",\"breadcrumb\":{\"@id\":\"https:\/\/www.sprachschule-aktiv-koeln.de\/tr\/temas-etmek\/#breadcrumb\"},\"inLanguage\":\"tr\",\"potentialAction\":[{\"@type\":\"ReadAction\",\"target\":[\"https:\/\/www.sprachschule-aktiv-koeln.de\/tr\/temas-etmek\/\"]}]},{\"@type\":\"BreadcrumbList\",\"@id\":\"https:\/\/www.sprachschule-aktiv-koeln.de\/tr\/temas-etmek\/#breadcrumb\",\"itemListElement\":[{\"@type\":\"ListItem\",\"position\":1,\"name\":\"Startseite\",\"item\":\"https:\/\/www.sprachschule-aktiv-koeln.de\/tr\/\"},{\"@type\":\"ListItem\",\"position\":2,\"name\":\"Temas etmek\"}]},{\"@type\":\"WebSite\",\"@id\":\"https:\/\/www.sprachschule-aktiv-koeln.de\/#website\",\"url\":\"https:\/\/www.sprachschule-aktiv-koeln.de\/\",\"name\":\"Sprachschule Aktiv K\u00f6ln\",\"description\":\"\",\"potentialAction\":[{\"@type\":\"SearchAction\",\"target\":{\"@type\":\"EntryPoint\",\"urlTemplate\":\"https:\/\/www.sprachschule-aktiv-koeln.de\/?s={search_term_string}\"},\"query-input\":{\"@type\":\"PropertyValueSpecification\",\"valueRequired\":true,\"valueName\":\"search_term_string\"}}],\"inLanguage\":\"tr\"}]}<\/script>\n<!-- \/ Yoast SEO plugin. -->","yoast_head_json":{"title":"Sorgulama ve ileti\u015fim dil okulu K\u00f6ln","description":"Sprachschule Aktiv K\u00f6ln ileti\u015fim formu. Bize talebiniz ve ileti\u015fim bilgilerimiz. Bize telefon, e-posta veya \u015fahsen ula\u015f\u0131labilir.","robots":{"index":"index","follow":"follow","max-snippet":"max-snippet:-1","max-image-preview":"max-image-preview:large","max-video-preview":"max-video-preview:-1"},"canonical":"https:\/\/www.sprachschule-aktiv-koeln.de\/tr\/temas-etmek\/","og_locale":"tr_TR","og_type":"article","og_title":"Sorgulama ve ileti\u015fim dil okulu K\u00f6ln","og_description":"Sprachschule Aktiv K\u00f6ln ileti\u015fim formu. Bize talebiniz ve ileti\u015fim bilgilerimiz. Bize telefon, e-posta veya \u015fahsen ula\u015f\u0131labilir.","og_url":"https:\/\/www.sprachschule-aktiv-koeln.de\/tr\/temas-etmek\/","og_site_name":"Sprachschule Aktiv K\u00f6ln","article_modified_time":"2023-03-29T07:01:44+00:00","twitter_card":"summary_large_image","twitter_misc":{"Tahmini okuma s\u00fcresi":"1 dakika"},"schema":{"@context":"https:\/\/schema.org","@graph":[{"@type":"WebPage","@id":"https:\/\/www.sprachschule-aktiv-koeln.de\/tr\/temas-etmek\/","url":"https:\/\/www.sprachschule-aktiv-koeln.de\/tr\/temas-etmek\/","name":"Sorgulama ve ileti\u015fim dil okulu K\u00f6ln","isPartOf":{"@id":"https:\/\/www.sprachschule-aktiv-koeln.de\/#website"},"datePublished":"2018-01-12T06:14:43+00:00","dateModified":"2023-03-29T07:01:44+00:00","description":"Sprachschule Aktiv K\u00f6ln ileti\u015fim formu. Bize talebiniz ve ileti\u015fim bilgilerimiz. Bize telefon, e-posta veya \u015fahsen ula\u015f\u0131labilir.","breadcrumb":{"@id":"https:\/\/www.sprachschule-aktiv-koeln.de\/tr\/temas-etmek\/#breadcrumb"},"inLanguage":"tr","potentialAction":[{"@type":"ReadAction","target":["https:\/\/www.sprachschule-aktiv-koeln.de\/tr\/temas-etmek\/"]}]},{"@type":"BreadcrumbList","@id":"https:\/\/www.sprachschule-aktiv-koeln.de\/tr\/temas-etmek\/#breadcrumb","itemListElement":[{"@type":"ListItem","position":1,"name":"Startseite","item":"https:\/\/www.sprachschule-aktiv-koeln.de\/tr\/"},{"@type":"ListItem","position":2,"name":"Temas etmek"}]},{"@type":"WebSite","@id":"https:\/\/www.sprachschule-aktiv-koeln.de\/#website","url":"https:\/\/www.sprachschule-aktiv-koeln.de\/","name":"Sprachschule Aktiv K\u00f6ln","description":"","potentialAction":[{"@type":"SearchAction","target":{"@type":"EntryPoint","urlTemplate":"https:\/\/www.sprachschule-aktiv-koeln.de\/?s={search_term_string}"},"query-input":{"@type":"PropertyValueSpecification","valueRequired":true,"valueName":"search_term_string"}}],"inLanguage":"tr"}]}},"_links":{"self":[{"href":"https:\/\/www.sprachschule-aktiv-koeln.de\/tr\/wp-json\/wp\/v2\/pages\/8616","targetHints":{"allow":["GET"]}}],"collection":[{"href":"https:\/\/www.sprachschule-aktiv-koeln.de\/tr\/wp-json\/wp\/v2\/pages"}],"about":[{"href":"https:\/\/www.sprachschule-aktiv-koeln.de\/tr\/wp-json\/wp\/v2\/types\/page"}],"author":[{"embeddable":true,"href":"https:\/\/www.sprachschule-aktiv-koeln.de\/tr\/wp-json\/wp\/v2\/users\/1"}],"replies":[{"embeddable":true,"href":"https:\/\/www.sprachschule-aktiv-koeln.de\/tr\/wp-json\/wp\/v2\/comments?post=8616"}],"version-history":[{"count":3,"href":"https:\/\/www.sprachschule-aktiv-koeln.de\/tr\/wp-json\/wp\/v2\/pages\/8616\/revisions"}],"predecessor-version":[{"id":8620,"href":"https:\/\/www.sprachschule-aktiv-koeln.de\/tr\/wp-json\/wp\/v2\/pages\/8616\/revisions\/8620"}],"wp:attachment":[{"href":"https:\/\/www.sprachschule-aktiv-koeln.de\/tr\/wp-json\/wp\/v2\/media?parent=8616"}],"curies":[{"name":"wp","href":"https:\/\/api.w.org\/{rel}","templated":true}]}}