{"id":8623,"date":"2019-11-06T16:01:16","date_gmt":"2019-11-06T15:01:16","guid":{"rendered":"https:\/\/www.sprachschule-aktiv-koeln.de\/deutsch-intensivkurse\/"},"modified":"2026-03-18T09:20:56","modified_gmt":"2026-03-18T08:20:56","slug":"yogun-almanca-kurslari","status":"publish","type":"page","link":"https:\/\/www.sprachschule-aktiv-koeln.de\/tr\/yogun-almanca-kurslari\/","title":{"rendered":"Yo\u011fun Almanca Kurslar\u0131"},"content":{"rendered":"<p>[vc_row css=&#8221;.vc_custom_1632726032335{margin-top: 25px !important;}&#8221;][vc_column][vc_column_text]<\/p>\n<h1>K\u00f6ln&#8217;de Yo\u011fun Almanca Kurslar\u0131 &#8211; A1, A2, B1, B2, C1, C2<\/h1>\n<p>A1, A2, B1, B2, C1 ve C2 t\u00fcm dil seviyeleri i\u00e7in K\u00f6ln&#8217;de yo\u011fun Almanca kurslar\u0131. K\u00fc\u00e7\u00fck gruplar halinde h\u0131zl\u0131 ve etkili bir \u015fekilde Almanca \u00f6\u011frenmek istiyorsan\u0131z, yo\u011fun Almanca kurslar\u0131m\u0131za kat\u0131lmak sizin i\u00e7in do\u011fru se\u00e7im olacakt\u0131r.<br \/>\n[\/vc_column_text][vc_row_inner][vc_column_inner width=&#8221;1\/2&#8243;][vc_single_image image=&#8221;8629&#8243; img_size=&#8221;full&#8221;][\/vc_column_inner][vc_column_inner width=&#8221;1\/2&#8243;][vc_column_text]Her kursun ba\u015f\u0131nda yap\u0131lan seviye tespit s\u0131nav\u0131n\u0131n ard\u0131ndan, hedefinize daha da h\u0131zl\u0131 ula\u015fabilmeniz i\u00e7in sizin i\u00e7in ideal kursu bulaca\u011f\u0131z. \u0130ster k\u0131sa ister uzun vadeli olsun &#8211; kursunuza istedi\u011finiz zaman kat\u0131labilirsiniz. Her ay her seviyeyi sunuyoruz, bu nedenle sizin i\u00e7in do\u011fru kursu bulaca\u011f\u0131m\u0131zdan eminiz. Size daha da fazla verimlilik sunabilmemiz i\u00e7in her seviye kendi i\u00e7inde alt seviyelere ayr\u0131lm\u0131\u015ft\u0131r. Telc, TestDaf ve DSH i\u00e7in s\u0131nav haz\u0131rl\u0131\u011f\u0131 kurslar\u0131m\u0131z\u0131n bir par\u00e7as\u0131d\u0131r ve sizi s\u0131nav\u0131n\u0131za m\u00fckemmel bir \u015fekilde haz\u0131rlar.[\/vc_column_text][vc_column_text]<a class=\"whyaweb-kontakt\" href=\"#\">H\u0131zl\u0131 bilgi<\/a>[\/vc_column_text][\/vc_column_inner][\/vc_row_inner][\/vc_column][\/vc_row][vc_row full_width=&#8221;stretch_row&#8221; css=&#8221;.vc_custom_1632726155178{margin-top: 25px !important;padding-top: 25px !important;padding-bottom: 25px !important;background-color: #f8f8f8 !important;}&#8221;][vc_column][vc_column_text]<\/p>\n<h2>Yo\u011fun Almanca kursu &#8211; ne zaman ve ne kadara?<\/h2>\n<p>S\u00fcre: Kurs s\u00fcreniz esnektir. Kursa ne kadar s\u00fcreyle kat\u0131lmak istedi\u011finize siz karar verirsiniz. Bir seviye i\u00e7in d\u00fczenli olarak iki aya ihtiyac\u0131n\u0131z vard\u0131r.<br \/>\n\u00d6\u011frenme seviyeleri: A1,A2,B1,B2,C1,C2<br \/>\nRandevular: Pazartesi &#8211; Cuma 9:00 &#8211; 12:00 veya 18:00 &#8211; 21:00 saatleri aras\u0131nda<\/p>\n<p>Fiyatlar:<\/p>\n<p>1 hafta: 199,- \u20ac<br \/>\n2 hafta: 349,- \u20ac<br \/>\n3 hafta: 449,- \u20ac<br \/>\n4 hafta (ayl\u0131k): 499,- \u20ac<\/p>\n<p>2 ay veya daha uzun s\u00fcreli rezervasyonlar i\u00e7in ayl\u0131k 449 \u20ac!<\/p>\n<p>Yo\u011fun Almanca Kursu i\u00e7in haftal\u0131k rezervasyon da yapt\u0131rabilirsiniz.<br \/>\n[\/vc_column_text][vc_column_text]<a class=\"whyaweb-anmeldung\" href=\"#\">Buradan kaydolun<\/a>[\/vc_column_text][\/vc_column][\/vc_row][vc_row full_width=&#8221;stretch_row&#8221; css=&#8221;.vc_custom_1632726155178{margin-top: 25px !important;padding-top: 25px !important;padding-bottom: 25px !important;background-color: #f8f8f8 !important;}&#8221;][vc_column][vc_column_text]<\/p>\n<h2>Burada Yo\u011fun Almanca Kurslar\u0131 i\u00e7in ba\u015flang\u0131\u00e7 tarihlerini bulabilirsiniz<\/h2>\n<p>\n<table id=\"tablepress-17\" class=\"tablepress tablepress-id-17\">\n<thead>\n<tr class=\"row-1\">\n\t<th class=\"column-1\">Yo\u011fun Almanca Kursu<\/th><th class=\"column-2\">Kurs ba\u015flang\u0131c\u0131<\/th><th class=\"column-3\">Randevular<\/th><th class=\"column-4\">Zamanlar<\/th>\n<\/tr>\n<\/thead>\n<tbody class=\"row-striping row-hover\">\n<tr class=\"row-2\">\n\t<td class=\"column-1\">Nisan<\/td><td class=\"column-2\">07.04.2026<\/td><td class=\"column-3\">Pazartesi'den Cuma'ya<\/td><td class=\"column-4\">9:00-12:00<\/td>\n<\/tr>\n<tr class=\"row-3\">\n\t<td class=\"column-1\">May\u0131s<\/td><td class=\"column-2\">04.05.2026<\/td><td class=\"column-3\">Pazartesi'den Cuma'ya<\/td><td class=\"column-4\">9:00-12:00<\/td>\n<\/tr>\n<tr class=\"row-4\">\n\t<td class=\"column-1\">Haziran<\/td><td class=\"column-2\">01.06.2026<\/td><td class=\"column-3\">Pazartesi'den Cuma'ya<\/td><td class=\"column-4\">9:00-12:00<\/td>\n<\/tr>\n<tr class=\"row-5\">\n\t<td class=\"column-1\">Temmuz<\/td><td class=\"column-2\">06.07.2026<\/td><td class=\"column-3\">Pazartesi'den Cuma'ya<\/td><td class=\"column-4\">9:00-12:00<\/td>\n<\/tr>\n<tr class=\"row-6\">\n\t<td class=\"column-1\">A\u011fustos<\/td><td class=\"column-2\">03.08.2026<\/td><td class=\"column-3\">Pazartesi'den Cuma'ya<\/td><td class=\"column-4\">9:00-12:00<\/td>\n<\/tr>\n<tr class=\"row-7\">\n\t<td class=\"column-1\">Eyl\u00fcl<\/td><td class=\"column-2\">07.09.2026<\/td><td class=\"column-3\">Pazartesi'den Cuma'ya<\/td><td class=\"column-4\">9:00-12:00<\/td>\n<\/tr>\n<tr class=\"row-8\">\n\t<td class=\"column-1\">Ekim<\/td><td class=\"column-2\">05.10.2026<\/td><td class=\"column-3\">Pazartesi'den Cuma'ya<\/td><td class=\"column-4\">9:00-12:00<\/td>\n<\/tr>\n<tr class=\"row-9\">\n\t<td class=\"column-1\">Kas\u0131m<\/td><td class=\"column-2\">02.11.2026<\/td><td class=\"column-3\">Pazartesi'den Cuma'ya<\/td><td class=\"column-4\">9:00-12:00<\/td>\n<\/tr>\n<tr class=\"row-10\">\n\t<td class=\"column-1\">Aral\u0131k<\/td><td class=\"column-2\">30.11.2026<\/td><td class=\"column-3\">Pazartesi'den Cuma'ya<\/td><td class=\"column-4\">9:00-12:00<\/td>\n<\/tr>\n<tr class=\"row-11\">\n\t<td class=\"column-1\">Ocak<\/td><td class=\"column-2\">04.01.2027<\/td><td class=\"column-3\">Pazartesi'den Cuma'ya<\/td><td class=\"column-4\">9:00-12:00<\/td>\n<\/tr>\n<tr class=\"row-12\">\n\t<td class=\"column-1\">\u015eubat<\/td><td class=\"column-2\">01.02.2027<\/td><td class=\"column-3\">Pazartesi'den Cuma'ya<\/td><td class=\"column-4\">9:00-12:00<\/td>\n<\/tr>\n<tr class=\"row-13\">\n\t<td class=\"column-1\">Mart<\/td><td class=\"column-2\">01.03.2027<\/td><td class=\"column-3\">Pazartesi'den Cuma'ya<\/td><td class=\"column-4\">9:00-12:00<\/td>\n<\/tr>\n<tr class=\"row-14\">\n\t<td class=\"column-1\">*S\u00fcre:<\/td><td class=\"column-2\">1 bis 4 Wochen<\/td><td class=\"column-3\"><\/td><td class=\"column-4\"><\/td>\n<\/tr>\n<\/tbody>\n<\/table>\n[\/vc_column_text][vc_column_text]<a class=\"whyaweb-anmeldung\" href=\"#\">Buradan kaydolun<\/a>[\/vc_column_text][\/vc_column][\/vc_row][vc_row full_width=&#8221;stretch_row&#8221; css=&#8221;.vc_custom_1632726160873{padding-top: 25px !important;padding-bottom: 25px !important;}&#8221;][vc_column][vc_column_text]<\/p>\n<h2>Yo\u011fun Almanca Kurslar\u0131m\u0131z\u0131n kalitesini belirleyen nedir?<\/h2>\n<p>[\/vc_column_text][vc_row_inner][vc_column_inner width=&#8221;1\/2&#8243;][vc_column_text]Alman \u00f6\u011fretmenlerimiz modern \u00f6\u011fretim y\u00f6ntemlerini kullanmaktad\u0131r. Klasik Y\u00fcksek Almanca \u00f6\u011frenecek ve ayn\u0131 zamanda pragmatik konu\u015fma ifadeleriyle a\u015fina olacaks\u0131n\u0131z. K\u00fc\u00e7\u00fck gezilerle b\u00f6lgesel leh\u00e7ede yerel halkla ileti\u015fim kurman\u0131z kolayla\u015facakt\u0131r. Ayr\u0131ca, Almanca kurslar\u0131m\u0131z\u0131 Avrupa Ortak Dil Referans \u00c7er\u00e7evesi&#8217;ne g\u00f6re yap\u0131land\u0131rd\u0131k ve sizi bir sonraki \u00f6\u011frenme seviyesine h\u0131zl\u0131 ve do\u011fru bir \u015fekilde y\u00f6nlendiriyoruz. Ayr\u0131ca, Almanca kurslar\u0131m\u0131z\u0131 Avrupa Ortak Dil Referans \u00c7er\u00e7evesi&#8217;ne g\u00f6re yap\u0131land\u0131rd\u0131k ve sizi bir sonraki \u00f6\u011frenme seviyesine h\u0131zl\u0131 ve do\u011fru bir \u015fekilde y\u00f6nlendiriyoruz. Son olarak, telc testlerinden veya di\u011fer k\u00fc\u00e7\u00fck s\u0131nav \u00fcnitelerinden al\u0131\u015ft\u0131rmalar\u0131 talep \u00fczerine derslere entegre ediyoruz. Bu size \u00f6\u011frenme ilerlemenizi de\u011ferlendirme \u015fans\u0131 verir ve ayn\u0131 zamanda size k\u00fc\u00e7\u00fck bir s\u0131nav haz\u0131rl\u0131\u011f\u0131 sa\u011flar.[\/vc_column_text][\/vc_column_inner][vc_column_inner width=&#8221;1\/2&#8243;][vc_column_text]<iframe title=\"YouTube video player\" src=\"https:\/\/www.youtube.com\/embed\/sjCsC05EOkA\" width=\"100%\" height=\"315\" frameborder=\"0\" allowfullscreen=\"allowfullscreen\"><\/iframe>[\/vc_column_text][\/vc_column_inner][\/vc_row_inner][\/vc_column][\/vc_row][vc_row full_width=&#8221;stretch_row&#8221; css=&#8221;.vc_custom_1680074808465{background-color: #f8f8f8 !important;}&#8221;][vc_column][vc_column_text]<\/p>\n<h2>Yo\u011funla\u015ft\u0131r\u0131lm\u0131\u015f bir kursta Almanca \u00f6\u011frenin &#8211; teklifimiz<\/h2>\n<p>K\u00f6ln&#8217;deki yo\u011fun Almanca kurslar\u0131m\u0131z hafta i\u00e7i sabahlar\u0131 ger\u00e7ekle\u015fmektedir. Her biri 45 dakikal\u0131k 4 ders boyunca, Almanca \u00f6\u011fretmeniniz \u00e7e\u015fitli dilbilgisi yap\u0131lar\u0131n\u0131 a\u00e7\u0131klayacak ve \u00f6\u011frendiklerinizi \u00f6zg\u00fcrce kullanman\u0131z i\u00e7in farkl\u0131 al\u0131\u015ft\u0131rmalar yard\u0131m\u0131yla size rehberlik edecektir. Buna ek olarak, Almanca \u00f6\u011fretmeniniz sizi di\u011fer kat\u0131l\u0131mc\u0131larla etkile\u015fime girmeye motive edecek, b\u00f6ylece konu\u015fma miktar\u0131 s\u00fcrekli olarak artacakt\u0131r.<\/p>\n<h2>\u00dccretsiz deneme dersi mi?<\/h2>\n<p>\u00d6nce dil okulumuzu Almanca i\u00e7in test etmek mi istersiniz? Tabii ki, bize kaydolun ve size 45 dakikal\u0131k Almanca dersini \u00fccretsiz verelim! Bu s\u00fcre zarf\u0131nda ders tasar\u0131m\u0131n\u0131, \u00f6\u011fretim materyalini ve Almanca \u00f6\u011fretmeninizi tan\u0131yabilirsiniz. Dersinizden memnun kalmazsan\u0131z, kursu iptal edebilirsiniz. Bu, sizin i\u00e7in herhangi bir maliyet olmad\u0131\u011f\u0131 anlam\u0131na gelir.<\/p>\n<h2>Bir bak\u0131\u015fta t\u00fcm bilgiler<\/h2>\n<ul>\n<li>Ne zaman ba\u015flayabilirsiniz? \u00d6nceden Almanca bilgisine sahipseniz her Pazartesi, yeni ba\u015flayan biriyseniz her ay\u0131n ilk Pazartesi g\u00fcn\u00fc ba\u015flayabilirsiniz.<\/li>\n<li>Kat\u0131l\u0131m\u0131n\u0131z i\u00e7in bir makbuz al\u0131yor musunuz? Evet, her seviyenin sonunda bir dil sertifikas\u0131 alacaks\u0131n\u0131z.<\/li>\n<li>Hangi \u00fccretsiz ekstralar var? Seviye Tespit S\u0131navlar\u0131, ayr\u0131nt\u0131l\u0131 tavsiyeler ve deneme dersi.<\/li>\n<li>Kursu be\u011fenmezsem ne olur? Deneme dersimizden yararlanabilirsiniz. Dersin ilk g\u00fcn\u00fcnde Almanca kursunu be\u011fenmezseniz, \u00f6nceden \u00f6dedi\u011finiz kurs \u00fccretlerinin tamam\u0131n\u0131 iade edece\u011fiz.<\/li>\n<\/ul>\n<p>[\/vc_column_text][\/vc_column][\/vc_row]<\/p>\n","protected":false},"excerpt":{"rendered":"<p>[vc_row css=&#8221;.vc_custom_1632726032335{margin-top: 25px !important;}&#8221;][vc_column][vc_column_text] K\u00f6ln&#8217;de Yo\u011fun Almanca Kurslar\u0131 &#8211; A1, A2, B1, B2, C1, C2 A1, A2, B1, B2, C1 ve C2 t\u00fcm dil seviyeleri i\u00e7in K\u00f6ln&#8217;de yo\u011fun Almanca kurslar\u0131. K\u00fc\u00e7\u00fck gruplar halinde h\u0131zl\u0131 ve etkili bir \u015fekilde Almanca \u00f6\u011frenmek istiyorsan\u0131z, yo\u011fun Almanca kurslar\u0131m\u0131za kat\u0131lmak sizin i\u00e7in do\u011fru se\u00e7im olacakt\u0131r. [\/vc_column_text][vc_row_inner][vc_column_inner width=&#8221;1\/2&#8243;][vc_single_image image=&#8221;8629&#8243; img_size=&#8221;full&#8221;][\/vc_column_inner][vc_column_inner width=&#8221;1\/2&#8243;][vc_column_text]Her&hellip; <a class=\"read-more\" href=\"https:\/\/www.sprachschule-aktiv-koeln.de\/tr\/yogun-almanca-kurslari\/\" title=\"Read Yo\u011fun Almanca Kurslar\u0131\">Read more &raquo;<\/a><\/p>\n","protected":false},"author":2,"featured_media":0,"parent":0,"menu_order":0,"comment_status":"closed","ping_status":"closed","template":"","meta":{"footnotes":""},"class_list":["post-8623","page","type-page","status-publish","hentry"],"yoast_head":"<!-- This site is optimized with the Yoast SEO plugin v27.2 - https:\/\/yoast.com\/product\/yoast-seo-wordpress\/ -->\n<title>K\u00f6ln&#039;de Yo\u011fun Almanca Kurslar\u0131 - A1, A2, B1, B2, C1, C2<\/title>\n<meta name=\"description\" content=\"Yeni ba\u015flayanlar ve ileri d\u00fczey (A1&#039;den C2&#039;ye) i\u00e7in K\u00f6ln&#039;de yo\u011fun Almanca kurslar\u0131. Ucuz! En iyi \u00f6\u011fretmen! \u00dccretsiz deneme dersi!\" \/>\n<meta name=\"robots\" content=\"index, follow, max-snippet:-1, max-image-preview:large, max-video-preview:-1\" \/>\n<link rel=\"canonical\" href=\"https:\/\/www.sprachschule-aktiv-koeln.de\/tr\/yogun-almanca-kurslari\/\" \/>\n<meta property=\"og:locale\" content=\"tr_TR\" \/>\n<meta property=\"og:type\" content=\"article\" \/>\n<meta property=\"og:title\" content=\"K\u00f6ln&#039;de Yo\u011fun Almanca Kurslar\u0131 - A1, A2, B1, B2, C1, C2\" \/>\n<meta property=\"og:description\" content=\"Yeni ba\u015flayanlar ve ileri d\u00fczey (A1&#039;den C2&#039;ye) i\u00e7in K\u00f6ln&#039;de yo\u011fun Almanca kurslar\u0131. Ucuz! En iyi \u00f6\u011fretmen! \u00dccretsiz deneme dersi!\" \/>\n<meta property=\"og:url\" content=\"https:\/\/www.sprachschule-aktiv-koeln.de\/tr\/yogun-almanca-kurslari\/\" \/>\n<meta property=\"og:site_name\" content=\"Sprachschule Aktiv K\u00f6ln\" \/>\n<meta property=\"article:modified_time\" content=\"2026-03-18T08:20:56+00:00\" \/>\n<meta name=\"twitter:card\" content=\"summary_large_image\" \/>\n<meta name=\"twitter:label1\" content=\"Tahmini okuma s\u00fcresi\" \/>\n\t<meta name=\"twitter:data1\" content=\"4 dakika\" \/>\n<script type=\"application\/ld+json\" class=\"yoast-schema-graph\">{\"@context\":\"https:\/\/schema.org\",\"@graph\":[{\"@type\":\"WebPage\",\"@id\":\"https:\/\/www.sprachschule-aktiv-koeln.de\/tr\/yogun-almanca-kurslari\/\",\"url\":\"https:\/\/www.sprachschule-aktiv-koeln.de\/tr\/yogun-almanca-kurslari\/\",\"name\":\"K\u00f6ln'de Yo\u011fun Almanca Kurslar\u0131 - A1, A2, B1, B2, C1, C2\",\"isPartOf\":{\"@id\":\"https:\/\/www.sprachschule-aktiv-koeln.de\/#website\"},\"datePublished\":\"2019-11-06T15:01:16+00:00\",\"dateModified\":\"2026-03-18T08:20:56+00:00\",\"description\":\"Yeni ba\u015flayanlar ve ileri d\u00fczey (A1'den C2'ye) i\u00e7in K\u00f6ln'de yo\u011fun Almanca kurslar\u0131. Ucuz! En iyi \u00f6\u011fretmen! \u00dccretsiz deneme dersi!\",\"breadcrumb\":{\"@id\":\"https:\/\/www.sprachschule-aktiv-koeln.de\/tr\/yogun-almanca-kurslari\/#breadcrumb\"},\"inLanguage\":\"tr\",\"potentialAction\":[{\"@type\":\"ReadAction\",\"target\":[\"https:\/\/www.sprachschule-aktiv-koeln.de\/tr\/yogun-almanca-kurslari\/\"]}]},{\"@type\":\"BreadcrumbList\",\"@id\":\"https:\/\/www.sprachschule-aktiv-koeln.de\/tr\/yogun-almanca-kurslari\/#breadcrumb\",\"itemListElement\":[{\"@type\":\"ListItem\",\"position\":1,\"name\":\"Startseite\",\"item\":\"https:\/\/www.sprachschule-aktiv-koeln.de\/tr\/\"},{\"@type\":\"ListItem\",\"position\":2,\"name\":\"Yo\u011fun Almanca Kurslar\u0131\"}]},{\"@type\":\"WebSite\",\"@id\":\"https:\/\/www.sprachschule-aktiv-koeln.de\/#website\",\"url\":\"https:\/\/www.sprachschule-aktiv-koeln.de\/\",\"name\":\"Sprachschule Aktiv K\u00f6ln\",\"description\":\"\",\"potentialAction\":[{\"@type\":\"SearchAction\",\"target\":{\"@type\":\"EntryPoint\",\"urlTemplate\":\"https:\/\/www.sprachschule-aktiv-koeln.de\/?s={search_term_string}\"},\"query-input\":{\"@type\":\"PropertyValueSpecification\",\"valueRequired\":true,\"valueName\":\"search_term_string\"}}],\"inLanguage\":\"tr\"}]}<\/script>\n<!-- \/ Yoast SEO plugin. -->","yoast_head_json":{"title":"K\u00f6ln'de Yo\u011fun Almanca Kurslar\u0131 - A1, A2, B1, B2, C1, C2","description":"Yeni ba\u015flayanlar ve ileri d\u00fczey (A1'den C2'ye) i\u00e7in K\u00f6ln'de yo\u011fun Almanca kurslar\u0131. Ucuz! En iyi \u00f6\u011fretmen! \u00dccretsiz deneme dersi!","robots":{"index":"index","follow":"follow","max-snippet":"max-snippet:-1","max-image-preview":"max-image-preview:large","max-video-preview":"max-video-preview:-1"},"canonical":"https:\/\/www.sprachschule-aktiv-koeln.de\/tr\/yogun-almanca-kurslari\/","og_locale":"tr_TR","og_type":"article","og_title":"K\u00f6ln'de Yo\u011fun Almanca Kurslar\u0131 - A1, A2, B1, B2, C1, C2","og_description":"Yeni ba\u015flayanlar ve ileri d\u00fczey (A1'den C2'ye) i\u00e7in K\u00f6ln'de yo\u011fun Almanca kurslar\u0131. Ucuz! En iyi \u00f6\u011fretmen! \u00dccretsiz deneme dersi!","og_url":"https:\/\/www.sprachschule-aktiv-koeln.de\/tr\/yogun-almanca-kurslari\/","og_site_name":"Sprachschule Aktiv K\u00f6ln","article_modified_time":"2026-03-18T08:20:56+00:00","twitter_card":"summary_large_image","twitter_misc":{"Tahmini okuma s\u00fcresi":"4 dakika"},"schema":{"@context":"https:\/\/schema.org","@graph":[{"@type":"WebPage","@id":"https:\/\/www.sprachschule-aktiv-koeln.de\/tr\/yogun-almanca-kurslari\/","url":"https:\/\/www.sprachschule-aktiv-koeln.de\/tr\/yogun-almanca-kurslari\/","name":"K\u00f6ln'de Yo\u011fun Almanca Kurslar\u0131 - A1, A2, B1, B2, C1, C2","isPartOf":{"@id":"https:\/\/www.sprachschule-aktiv-koeln.de\/#website"},"datePublished":"2019-11-06T15:01:16+00:00","dateModified":"2026-03-18T08:20:56+00:00","description":"Yeni ba\u015flayanlar ve ileri d\u00fczey (A1'den C2'ye) i\u00e7in K\u00f6ln'de yo\u011fun Almanca kurslar\u0131. Ucuz! En iyi \u00f6\u011fretmen! \u00dccretsiz deneme dersi!","breadcrumb":{"@id":"https:\/\/www.sprachschule-aktiv-koeln.de\/tr\/yogun-almanca-kurslari\/#breadcrumb"},"inLanguage":"tr","potentialAction":[{"@type":"ReadAction","target":["https:\/\/www.sprachschule-aktiv-koeln.de\/tr\/yogun-almanca-kurslari\/"]}]},{"@type":"BreadcrumbList","@id":"https:\/\/www.sprachschule-aktiv-koeln.de\/tr\/yogun-almanca-kurslari\/#breadcrumb","itemListElement":[{"@type":"ListItem","position":1,"name":"Startseite","item":"https:\/\/www.sprachschule-aktiv-koeln.de\/tr\/"},{"@type":"ListItem","position":2,"name":"Yo\u011fun Almanca Kurslar\u0131"}]},{"@type":"WebSite","@id":"https:\/\/www.sprachschule-aktiv-koeln.de\/#website","url":"https:\/\/www.sprachschule-aktiv-koeln.de\/","name":"Sprachschule Aktiv K\u00f6ln","description":"","potentialAction":[{"@type":"SearchAction","target":{"@type":"EntryPoint","urlTemplate":"https:\/\/www.sprachschule-aktiv-koeln.de\/?s={search_term_string}"},"query-input":{"@type":"PropertyValueSpecification","valueRequired":true,"valueName":"search_term_string"}}],"inLanguage":"tr"}]}},"_links":{"self":[{"href":"https:\/\/www.sprachschule-aktiv-koeln.de\/tr\/wp-json\/wp\/v2\/pages\/8623","targetHints":{"allow":["GET"]}}],"collection":[{"href":"https:\/\/www.sprachschule-aktiv-koeln.de\/tr\/wp-json\/wp\/v2\/pages"}],"about":[{"href":"https:\/\/www.sprachschule-aktiv-koeln.de\/tr\/wp-json\/wp\/v2\/types\/page"}],"author":[{"embeddable":true,"href":"https:\/\/www.sprachschule-aktiv-koeln.de\/tr\/wp-json\/wp\/v2\/users\/2"}],"replies":[{"embeddable":true,"href":"https:\/\/www.sprachschule-aktiv-koeln.de\/tr\/wp-json\/wp\/v2\/comments?post=8623"}],"version-history":[{"count":6,"href":"https:\/\/www.sprachschule-aktiv-koeln.de\/tr\/wp-json\/wp\/v2\/pages\/8623\/revisions"}],"predecessor-version":[{"id":13271,"href":"https:\/\/www.sprachschule-aktiv-koeln.de\/tr\/wp-json\/wp\/v2\/pages\/8623\/revisions\/13271"}],"wp:attachment":[{"href":"https:\/\/www.sprachschule-aktiv-koeln.de\/tr\/wp-json\/wp\/v2\/media?parent=8623"}],"curies":[{"name":"wp","href":"https:\/\/api.w.org\/{rel}","templated":true}]}}