{"id":8662,"date":"2018-12-17T10:21:24","date_gmt":"2018-12-17T09:21:24","guid":{"rendered":"https:\/\/www.sprachschule-aktiv-koeln.de\/deutsch-privatunterricht\/"},"modified":"2026-03-18T09:26:29","modified_gmt":"2026-03-18T08:26:29","slug":"almanca-oezel-dersler","status":"publish","type":"page","link":"https:\/\/www.sprachschule-aktiv-koeln.de\/tr\/almanca-oezel-dersler\/","title":{"rendered":"Almanca \u00f6zel dersler"},"content":{"rendered":"<p>[vc_row css=&#8221;.vc_custom_1545038958599{margin-top: 20px !important;padding-bottom: 20px !important;}&#8221;][vc_column][vc_column_text]<\/p>\n<h1>K\u00f6ln&#8217;de Almanca \u00f6zel dersler &#8211; Almanca kurslar\u0131 i\u00e7in \u00f6zel \u00f6\u011fretmenler<\/h1>\n<p>[\/vc_column_text][vc_row_inner][vc_column_inner width=&#8221;1\/2&#8243;][vc_single_image image=&#8221;8666&#8243; img_size=&#8221;full&#8221;][\/vc_column_inner][vc_column_inner width=&#8221;1\/2&#8243;][vc_column_text]Almanca \u00f6\u011frenmek istiyorsunuz, ancak i\u015finizde veya \u00f6zel hayat\u0131n\u0131zda \u00e7ok mu me\u015fguls\u00fcn\u00fcz? \u015eartlar\u0131 siz belirleyin ve K\u00f6ln&#8217;de bulunan Sprachschule Aktiv&#8217;deki \u00f6zel kurslar\u0131m\u0131zdan faydalan\u0131n!<\/p>\n<p>Almanca \u00f6zel dersiniz size \u00f6zel olarak haz\u0131rlan\u0131r. Yeri, zaman\u0131 ve tercih etti\u011finiz \u00f6\u011frenme i\u00e7eri\u011fini siz belirlersiniz. Deneyimli dil \u00f6\u011fretmenlerimiz sizinle tan\u0131\u015fmak i\u00e7in sab\u0131rs\u0131zlan\u0131yor.[\/vc_column_text][vc_column_text]<a class=\"whyaweb-kontakt\" href=\"#\">H\u0131zl\u0131 bilgi<\/a>[\/vc_column_text][\/vc_column_inner][\/vc_row_inner][\/vc_column][\/vc_row][vc_row full_width=&#8221;stretch_row&#8221; css=&#8221;.vc_custom_1545038262925{padding-top: 20px !important;padding-bottom: 20px !important;background-color: #f8f8f8 !important;}&#8221;][vc_column][vc_column_text]<\/p>\n<h2>Maliyetler ve kay\u0131t<\/h2>\n<p>45 dakikal\u0131k ders ba\u015f\u0131na fiyat :<\/p>\n<ul>\n<li>10 \u00f6\u011fretim \u00fcnitesinden itibaren: \u00dcnite ba\u015f\u0131na 48 Euro<\/li>\n<li>20 \u00f6\u011fretim \u00fcnitesinden itibaren: \u00dcnite ba\u015f\u0131na 45 Euro<\/li>\n<li>50 \u00f6\u011fretim \u00fcnitesinden itibaren: \u00dcnite ba\u015f\u0131na 40 Euro<\/li>\n<li>80 \u00f6\u011fretim \u00fcnitesinden itibaren: \u00dcnite ba\u015f\u0131na 38 Euro<\/li>\n<\/ul>\n<p>[\/vc_column_text][vc_column_text]<a class=\"whyaweb-anmeldung\" href=\"#\">\u015fimdi kaydolun<\/a>[\/vc_column_text][\/vc_column][\/vc_row][vc_row full_width=&#8221;stretch_row&#8221; css=&#8221;.vc_custom_1545038262925{padding-top: 20px !important;padding-bottom: 20px !important;background-color: #f8f8f8 !important;}&#8221;][vc_column][vc_column_text]<\/p>\n<h2>K\u00f6ln&#8217;de yeni ba\u015flayanlar ve ileri d\u00fczey \u00f6\u011frenciler i\u00e7in Almanca \u00f6zel dersler<\/h2>\n<p>[\/vc_column_text][vc_row_inner][vc_column_inner width=&#8221;1\/2&#8243;][vc_column_text]A1, A2, B1, B2, C1&#8217;den C2&#8217;ye kadar t\u00fcm dil seviyelerini sunuyoruz ve Avrupa Referans \u00c7er\u00e7evesini takip ediyoruz. Yeni ba\u015flayanlar ve ileri d\u00fczey \u00f6\u011frenciler bire bir Almanca derslerimizde emin ellerde. \u015eu anda hangi seviyede oldu\u011funuzdan emin de\u011filseniz, \u00fccretsiz seviye tespit s\u0131nav\u0131m\u0131za girmeniz yeterlidir. Sonu\u00e7, sizin ve dil \u00f6\u011fretmeninizin gelecekteki \u00f6\u011frenme hedeflerini belirlemenize ve tekrarlama yoluyla bilgi eksikliklerini kapatman\u0131za yard\u0131mc\u0131 olur. \u00d6rne\u011fin, B1 seviyesine zaten ula\u015ft\u0131ysan\u0131z, ancak A2&#8217;deki dilbilgisi yap\u0131lar\u0131yla ilgili sorun ya\u015famaya devam ediyorsan\u0131z, dil \u00f6\u011fretmeninin \u00e7e\u015fitli \u00f6\u011frenme mod\u00fcllerini sizin i\u00e7in ayr\u0131 ayr\u0131 derslerde bir araya getirmesi sorun de\u011fildir. Bu \u015fekilde h\u0131zl\u0131 ve ba\u015far\u0131l\u0131 bir \u015fekilde \u00f6\u011frenirsiniz.[\/vc_column_text][\/vc_column_inner][vc_column_inner width=&#8221;1\/2&#8243;][vc_column_text]<iframe src=\"https:\/\/www.youtube.com\/embed\/OmlDX1rDL-w\" width=\"100%\" height=\"350\" frameborder=\"0\" allowfullscreen=\"allowfullscreen\"><\/iframe>[\/vc_column_text][\/vc_column_inner][\/vc_row_inner][\/vc_column][\/vc_row][vc_row css=&#8221;.vc_custom_1545039004361{padding-bottom: 20px !important;}&#8221;][vc_column][vc_column_text]<\/p>\n<h2>K\u00f6ln&#8217;de nitelikli bir \u00f6zel \u00f6\u011fretmenle Almanca \u00f6\u011frenin<\/h2>\n<p>K\u00f6ln&#8217;deki Sprachschule Aktiv&#8217;de \u00f6\u011fretmenlerimiz s\u0131n\u0131fta ders vermeden \u00f6nce \u00e7ok dikkatli bir \u015fekilde test edilir. Ekibimiz i\u00e7in yaln\u0131zca \u00e7ok fazla deneyime sahip nitelikli \u00f6zel \u00f6\u011fretmenler se\u00e7meye \u00f6zen g\u00f6stermiyoruz. Bizim ve sizin \u00f6\u011frenim ba\u015far\u0131n\u0131z i\u00e7in, arkada\u015f\u00e7a tav\u0131rlar ve sempatik bir aura da ayn\u0131 derecede \u00f6nemlidir, b\u00f6ylece siz ve e\u011fitmeniniz aras\u0131ndaki do\u011fru &#8220;kimyay\u0131&#8221; yakalam\u0131\u015f oluruz. Bu nedenle, e\u011fitmeninizin dile m\u00fckemmel bir \u015fekilde hakim oldu\u011fundan ve ayr\u0131ca telaffuz e\u011fitimi konusunda size profesyonel destek sa\u011flayaca\u011f\u0131ndan emin olabilirsiniz.<\/p>\n<h2>Evinizde veya \u015firketinizde \u00f6zel Almanca kurslar\u0131<\/h2>\n<p>\u00d6zel Almanca kurslar\u0131n\u0131n en b\u00fcy\u00fck avantaj\u0131 esnekli\u011fidir. Dil \u00f6\u011fretmeninin evinize mi gelece\u011fine yoksa sizi \u015firketinizde mi ziyaret edece\u011fine karar verebilirsiniz. Ayr\u0131ca haftada ka\u00e7 saat Almanca \u00f6\u011frenmek istedi\u011finize \u00f6zel \u00f6\u011fretmeninizle birlikte karar verirsiniz. G\u00fcn\u00fcn saatini se\u00e7mekte de \u00f6zg\u00fcrs\u00fcn\u00fcz. Sabah saatlerini mi yoksa ak\u015fam saatlerini mi tercih edersiniz? Bu konuda \u00f6zel \u00f6\u011fretmeninizle konu\u015fun. Al\u0131\u015fveri\u015f yapmak veya bir kafede sipari\u015f verip \u00f6deme yapmak gibi, \u00f6\u011fretmeninizin deste\u011fine ihtiya\u00e7 duydu\u011funuz durumlar da olabilir. Ona sorun, sizi dilsel olarak zor durumlara haz\u0131rlayacak ve size e\u015flik edecektir. Ayr\u0131ca \u00f6\u011fretmeninize istedi\u011finiz zaman k\u00fclt\u00fcrel sorular sorabilir ve K\u00f6ln&#8217;e \u00f6zg\u00fc ya\u015fam tarz\u0131n\u0131 size a\u00e7\u0131klamas\u0131n\u0131 isteyebilirsiniz.<br \/>\n[\/vc_column_text][vc_column_text]<a class=\"whyaweb-anmeldung\" href=\"#\">\u015fimdi kaydolun<\/a>[\/vc_column_text][\/vc_column][\/vc_row][vc_row full_width=&#8221;stretch_row&#8221; css=&#8221;.vc_custom_1545038466015{padding-top: 20px !important;padding-bottom: 20px !important;background-color: #f8f8f8 !important;}&#8221;][vc_column][vc_column_text]<\/p>\n<h2>\u00dccretsiz deneme dersinde \u00f6zel dersleri test edin<\/h2>\n<p>\u00d6zellikle \u00f6zel derslerde, dil \u00f6\u011fretmeninizle iyi ge\u00e7inmeniz \u00e7ok \u00f6nemlidir. Ancak o zaman kendinizi rahat hissedecek, etkili ve zevkle \u00f6\u011freneceksiniz. Size en uygun \u00f6\u011frenme durumunu garanti etmek i\u00e7in, bu nedenle size \u00fccretsiz bir deneme dersi sunuyoruz. E\u011fitmeninizi tan\u0131yabilir, \u00f6\u011fretim tarz\u0131n\u0131 test edebilir ve \u00f6\u011frenme hedeflerinizin nas\u0131l uygulanabilece\u011fini netle\u015ftirebilirsiniz. Daha sonra teklifimizin size uygun olup olmad\u0131\u011f\u0131na siz karar verirsiniz. Kursa devam etmek istememeniz halinde, kurs \u00fccretinin tamam\u0131 kesinti yap\u0131lmaks\u0131z\u0131n size iade edilecek ve deneme dersi i\u00e7in sizden \u00fccret al\u0131nmayacakt\u0131r.<br \/>\n[\/vc_column_text][\/vc_column][\/vc_row]<\/p>\n","protected":false},"excerpt":{"rendered":"<p>[vc_row css=&#8221;.vc_custom_1545038958599{margin-top: 20px !important;padding-bottom: 20px !important;}&#8221;][vc_column][vc_column_text] K\u00f6ln&#8217;de Almanca \u00f6zel dersler &#8211; Almanca kurslar\u0131 i\u00e7in \u00f6zel \u00f6\u011fretmenler [\/vc_column_text][vc_row_inner][vc_column_inner width=&#8221;1\/2&#8243;][vc_single_image image=&#8221;8666&#8243; img_size=&#8221;full&#8221;][\/vc_column_inner][vc_column_inner width=&#8221;1\/2&#8243;][vc_column_text]Almanca \u00f6\u011frenmek istiyorsunuz, ancak i\u015finizde veya \u00f6zel hayat\u0131n\u0131zda \u00e7ok mu me\u015fguls\u00fcn\u00fcz? \u015eartlar\u0131 siz belirleyin ve K\u00f6ln&#8217;de bulunan Sprachschule Aktiv&#8217;deki \u00f6zel kurslar\u0131m\u0131zdan faydalan\u0131n! Almanca \u00f6zel dersiniz size \u00f6zel olarak haz\u0131rlan\u0131r. Yeri, zaman\u0131 ve tercih etti\u011finiz \u00f6\u011frenme&hellip; <a class=\"read-more\" href=\"https:\/\/www.sprachschule-aktiv-koeln.de\/tr\/almanca-oezel-dersler\/\" title=\"Read Almanca \u00f6zel dersler\">Read more &raquo;<\/a><\/p>\n","protected":false},"author":1,"featured_media":0,"parent":0,"menu_order":0,"comment_status":"closed","ping_status":"closed","template":"","meta":{"footnotes":""},"class_list":["post-8662","page","type-page","status-publish","hentry"],"yoast_head":"<!-- This site is optimized with the Yoast SEO plugin v27.2 - https:\/\/yoast.com\/product\/yoast-seo-wordpress\/ -->\n<title>K\u00f6ln&#039;de Almanca \u00f6zel dersler - Almanca kurslar\u0131 i\u00e7in \u00f6zel \u00f6\u011fretmenler<\/title>\n<meta name=\"description\" content=\"Almanca \u00f6zel \u00f6\u011fretmen aran\u0131yor mu? Nitelikli anadili ile K\u00f6ln&#039;de Almanca \u00f6zel dersleri. Evinizde A1&#039;den C2&#039;ye \u00f6zel Almanca kurslar\u0131.\" \/>\n<meta name=\"robots\" content=\"index, follow, max-snippet:-1, max-image-preview:large, max-video-preview:-1\" \/>\n<link rel=\"canonical\" href=\"https:\/\/www.sprachschule-aktiv-koeln.de\/tr\/almanca-oezel-dersler\/\" \/>\n<meta property=\"og:locale\" content=\"tr_TR\" \/>\n<meta property=\"og:type\" content=\"article\" \/>\n<meta property=\"og:title\" content=\"K\u00f6ln&#039;de Almanca \u00f6zel dersler - Almanca kurslar\u0131 i\u00e7in \u00f6zel \u00f6\u011fretmenler\" \/>\n<meta property=\"og:description\" content=\"Almanca \u00f6zel \u00f6\u011fretmen aran\u0131yor mu? Nitelikli anadili ile K\u00f6ln&#039;de Almanca \u00f6zel dersleri. Evinizde A1&#039;den C2&#039;ye \u00f6zel Almanca kurslar\u0131.\" \/>\n<meta property=\"og:url\" content=\"https:\/\/www.sprachschule-aktiv-koeln.de\/tr\/almanca-oezel-dersler\/\" \/>\n<meta property=\"og:site_name\" content=\"Sprachschule Aktiv K\u00f6ln\" \/>\n<meta property=\"article:modified_time\" content=\"2026-03-18T08:26:29+00:00\" \/>\n<meta name=\"twitter:card\" content=\"summary_large_image\" \/>\n<meta name=\"twitter:label1\" content=\"Tahmini okuma s\u00fcresi\" \/>\n\t<meta name=\"twitter:data1\" content=\"4 dakika\" \/>\n<script type=\"application\/ld+json\" class=\"yoast-schema-graph\">{\"@context\":\"https:\/\/schema.org\",\"@graph\":[{\"@type\":\"WebPage\",\"@id\":\"https:\/\/www.sprachschule-aktiv-koeln.de\/tr\/almanca-oezel-dersler\/\",\"url\":\"https:\/\/www.sprachschule-aktiv-koeln.de\/tr\/almanca-oezel-dersler\/\",\"name\":\"K\u00f6ln'de Almanca \u00f6zel dersler - Almanca kurslar\u0131 i\u00e7in \u00f6zel \u00f6\u011fretmenler\",\"isPartOf\":{\"@id\":\"https:\/\/www.sprachschule-aktiv-koeln.de\/#website\"},\"datePublished\":\"2018-12-17T09:21:24+00:00\",\"dateModified\":\"2026-03-18T08:26:29+00:00\",\"description\":\"Almanca \u00f6zel \u00f6\u011fretmen aran\u0131yor mu? Nitelikli anadili ile K\u00f6ln'de Almanca \u00f6zel dersleri. Evinizde A1'den C2'ye \u00f6zel Almanca kurslar\u0131.\",\"breadcrumb\":{\"@id\":\"https:\/\/www.sprachschule-aktiv-koeln.de\/tr\/almanca-oezel-dersler\/#breadcrumb\"},\"inLanguage\":\"tr\",\"potentialAction\":[{\"@type\":\"ReadAction\",\"target\":[\"https:\/\/www.sprachschule-aktiv-koeln.de\/tr\/almanca-oezel-dersler\/\"]}]},{\"@type\":\"BreadcrumbList\",\"@id\":\"https:\/\/www.sprachschule-aktiv-koeln.de\/tr\/almanca-oezel-dersler\/#breadcrumb\",\"itemListElement\":[{\"@type\":\"ListItem\",\"position\":1,\"name\":\"Startseite\",\"item\":\"https:\/\/www.sprachschule-aktiv-koeln.de\/tr\/\"},{\"@type\":\"ListItem\",\"position\":2,\"name\":\"Almanca \u00f6zel dersler\"}]},{\"@type\":\"WebSite\",\"@id\":\"https:\/\/www.sprachschule-aktiv-koeln.de\/#website\",\"url\":\"https:\/\/www.sprachschule-aktiv-koeln.de\/\",\"name\":\"Sprachschule Aktiv K\u00f6ln\",\"description\":\"\",\"potentialAction\":[{\"@type\":\"SearchAction\",\"target\":{\"@type\":\"EntryPoint\",\"urlTemplate\":\"https:\/\/www.sprachschule-aktiv-koeln.de\/?s={search_term_string}\"},\"query-input\":{\"@type\":\"PropertyValueSpecification\",\"valueRequired\":true,\"valueName\":\"search_term_string\"}}],\"inLanguage\":\"tr\"}]}<\/script>\n<!-- \/ Yoast SEO plugin. -->","yoast_head_json":{"title":"K\u00f6ln'de Almanca \u00f6zel dersler - Almanca kurslar\u0131 i\u00e7in \u00f6zel \u00f6\u011fretmenler","description":"Almanca \u00f6zel \u00f6\u011fretmen aran\u0131yor mu? Nitelikli anadili ile K\u00f6ln'de Almanca \u00f6zel dersleri. Evinizde A1'den C2'ye \u00f6zel Almanca kurslar\u0131.","robots":{"index":"index","follow":"follow","max-snippet":"max-snippet:-1","max-image-preview":"max-image-preview:large","max-video-preview":"max-video-preview:-1"},"canonical":"https:\/\/www.sprachschule-aktiv-koeln.de\/tr\/almanca-oezel-dersler\/","og_locale":"tr_TR","og_type":"article","og_title":"K\u00f6ln'de Almanca \u00f6zel dersler - Almanca kurslar\u0131 i\u00e7in \u00f6zel \u00f6\u011fretmenler","og_description":"Almanca \u00f6zel \u00f6\u011fretmen aran\u0131yor mu? Nitelikli anadili ile K\u00f6ln'de Almanca \u00f6zel dersleri. Evinizde A1'den C2'ye \u00f6zel Almanca kurslar\u0131.","og_url":"https:\/\/www.sprachschule-aktiv-koeln.de\/tr\/almanca-oezel-dersler\/","og_site_name":"Sprachschule Aktiv K\u00f6ln","article_modified_time":"2026-03-18T08:26:29+00:00","twitter_card":"summary_large_image","twitter_misc":{"Tahmini okuma s\u00fcresi":"4 dakika"},"schema":{"@context":"https:\/\/schema.org","@graph":[{"@type":"WebPage","@id":"https:\/\/www.sprachschule-aktiv-koeln.de\/tr\/almanca-oezel-dersler\/","url":"https:\/\/www.sprachschule-aktiv-koeln.de\/tr\/almanca-oezel-dersler\/","name":"K\u00f6ln'de Almanca \u00f6zel dersler - Almanca kurslar\u0131 i\u00e7in \u00f6zel \u00f6\u011fretmenler","isPartOf":{"@id":"https:\/\/www.sprachschule-aktiv-koeln.de\/#website"},"datePublished":"2018-12-17T09:21:24+00:00","dateModified":"2026-03-18T08:26:29+00:00","description":"Almanca \u00f6zel \u00f6\u011fretmen aran\u0131yor mu? Nitelikli anadili ile K\u00f6ln'de Almanca \u00f6zel dersleri. Evinizde A1'den C2'ye \u00f6zel Almanca kurslar\u0131.","breadcrumb":{"@id":"https:\/\/www.sprachschule-aktiv-koeln.de\/tr\/almanca-oezel-dersler\/#breadcrumb"},"inLanguage":"tr","potentialAction":[{"@type":"ReadAction","target":["https:\/\/www.sprachschule-aktiv-koeln.de\/tr\/almanca-oezel-dersler\/"]}]},{"@type":"BreadcrumbList","@id":"https:\/\/www.sprachschule-aktiv-koeln.de\/tr\/almanca-oezel-dersler\/#breadcrumb","itemListElement":[{"@type":"ListItem","position":1,"name":"Startseite","item":"https:\/\/www.sprachschule-aktiv-koeln.de\/tr\/"},{"@type":"ListItem","position":2,"name":"Almanca \u00f6zel dersler"}]},{"@type":"WebSite","@id":"https:\/\/www.sprachschule-aktiv-koeln.de\/#website","url":"https:\/\/www.sprachschule-aktiv-koeln.de\/","name":"Sprachschule Aktiv K\u00f6ln","description":"","potentialAction":[{"@type":"SearchAction","target":{"@type":"EntryPoint","urlTemplate":"https:\/\/www.sprachschule-aktiv-koeln.de\/?s={search_term_string}"},"query-input":{"@type":"PropertyValueSpecification","valueRequired":true,"valueName":"search_term_string"}}],"inLanguage":"tr"}]}},"_links":{"self":[{"href":"https:\/\/www.sprachschule-aktiv-koeln.de\/tr\/wp-json\/wp\/v2\/pages\/8662","targetHints":{"allow":["GET"]}}],"collection":[{"href":"https:\/\/www.sprachschule-aktiv-koeln.de\/tr\/wp-json\/wp\/v2\/pages"}],"about":[{"href":"https:\/\/www.sprachschule-aktiv-koeln.de\/tr\/wp-json\/wp\/v2\/types\/page"}],"author":[{"embeddable":true,"href":"https:\/\/www.sprachschule-aktiv-koeln.de\/tr\/wp-json\/wp\/v2\/users\/1"}],"replies":[{"embeddable":true,"href":"https:\/\/www.sprachschule-aktiv-koeln.de\/tr\/wp-json\/wp\/v2\/comments?post=8662"}],"version-history":[{"count":5,"href":"https:\/\/www.sprachschule-aktiv-koeln.de\/tr\/wp-json\/wp\/v2\/pages\/8662\/revisions"}],"predecessor-version":[{"id":8664,"href":"https:\/\/www.sprachschule-aktiv-koeln.de\/tr\/wp-json\/wp\/v2\/pages\/8662\/revisions\/8664"}],"wp:attachment":[{"href":"https:\/\/www.sprachschule-aktiv-koeln.de\/tr\/wp-json\/wp\/v2\/media?parent=8662"}],"curies":[{"name":"wp","href":"https:\/\/api.w.org\/{rel}","templated":true}]}}