{"id":8679,"date":"2019-11-20T16:02:03","date_gmt":"2019-11-20T15:02:03","guid":{"rendered":"https:\/\/www.sprachschule-aktiv-koeln.de\/deutschkurse-mit-visum\/"},"modified":"2026-03-18T09:25:16","modified_gmt":"2026-03-18T08:25:16","slug":"almanca-vize-kurslari","status":"publish","type":"page","link":"https:\/\/www.sprachschule-aktiv-koeln.de\/tr\/almanca-vize-kurslari\/","title":{"rendered":"Almanca vize kurslar\u0131"},"content":{"rendered":"<p>[vc_row css=&#8221;.vc_custom_1680076567457{margin-top: 40px !important;}&#8221;][vc_column][vc_column_text]<\/p>\n<h1>Vize ile Almanca kursu \u2013 ba\u015fvuru ko\u015fullar\u0131:<\/h1>\n<p>Almanya vizeniz i\u00e7in bir Almanca kursuna ihtiyac\u0131n\u0131z varsa, K\u00f6ln&#8217;deki Sprachschule Aktiv sizin i\u00e7in do\u011fru yerdir.<\/p>\n<p>Almanya&#8217;ya giri\u015f vizenizi almak i\u00e7in bizimle yo\u011fun bir Almanca kursu (4 hafta, Pazartesi&#8217;den Cuma&#8217;ya art\u0131 Cumartesi g\u00fcn\u00fc ileti\u015fim e\u011fitimi, her biri haftada 24 ders \u00fcnitesi) alabilirsiniz. Vizenizi alabilmeniz i\u00e7in Almanca kursunuzun ne kadar s\u00fcrmesi gerekti\u011fini yetkili makamdan \u00f6\u011frenin. Almanca dilini uzun vadede \u00f6\u011frenme iste\u011finin ciddiyetini gerek\u00e7elendirebilmek i\u00e7in en az 6 ayl\u0131k bir s\u00fcre \u00f6neriyoruz. Ne kadar uzun s\u00fcre ba\u015fvurursan\u0131z, vize alma \u015fans\u0131n\u0131z o kadar y\u00fcksek olur. Vize ba\u015fvurunuz i\u00e7in yard\u0131ma m\u0131 ihtiyac\u0131n\u0131z var? Sizin i\u00e7in buraday\u0131z![\/vc_column_text][vc_row_inner][vc_column_inner width=&#8221;1\/2&#8243;][vc_single_image image=&#8221;8684&#8243; img_size=&#8221;full&#8221;][\/vc_column_inner][vc_column_inner width=&#8221;1\/2&#8243;][vc_column_text]Vize ba\u015fvurunuzda size yard\u0131mc\u0131 olmaktan, form ve belgeleri doldurman\u0131za yard\u0131mc\u0131 olmaktan keyif duyar\u0131z. Ayr\u0131ca size ipu\u00e7lar\u0131 vermeyi ve deneyimimizi sizinle payla\u015fmay\u0131 isteriz. Rezervasyondan hemen sonra bizden bir fatura alacaks\u0131n\u0131z. Kurs \u00fccretinin %50&#8217;si \u00f6denir \u00f6denmez, size kurs onay\u0131n\u0131 ve vize ba\u015fvurusunu g\u00f6nderece\u011fiz. Daha sonra bu iki belgeyi do\u011frudan yetkili makama sunabilirsiniz. Sprachschule Aktiv K\u00f6ln&#8217;deki vizeli Almanca kursu hakk\u0131nda ba\u015fka sorular\u0131n\u0131z varsa l\u00fctfen bizimle ileti\u015fime ge\u00e7in. Kay\u0131ttan sertifikaya kadar &#8211; Sprachschule Aktiv K\u00f6ln sizin yan\u0131n\u0131zda![\/vc_column_text][vc_column_text]<a class=\"whyaweb-kontakt\" href=\"#\">H\u0131zl\u0131 bilgi<\/a>[\/vc_column_text][\/vc_column_inner][\/vc_row_inner][\/vc_column][\/vc_row][vc_row][vc_column][vc_column_text]<\/p>\n<h2>K\u00f6ln &#8211; Almanca \u00f6\u011frenin ve Almanya&#8217;y\u0131 tan\u0131y\u0131n<\/h2>\n<p>Sprachschule Aktiv size K\u00f6ln&#8217;de pop\u00fcler Neumarkt&#8217;\u0131n tam merkezinde vizeli yo\u011fun bir Almanca kursu sunmakta. Bir mod\u00fcl i\u00e7in (\u00f6rne\u011fin A1.1) d\u00f6rt haftaya ihtiyac\u0131n\u0131z vard\u0131r. Bir seviyeyi tamamlamak i\u00e7in sekiz haftaya ihtiyac\u0131n\u0131z vard\u0131r (\u00f6rne\u011fin B1 i\u00e7in B1.1 ve B1.2). Bireysel seviyeler A1, A2, B1, B2, C1 ve C2 olarak ayr\u0131lm\u0131\u015ft\u0131r. T\u00fcm \u00f6nemli bilgileri burada bulabilirsiniz:<\/p>\n<p>Sabah kursu: Pazartesi&#8217;den Cuma&#8217;ya, haftada 24 ders!<\/p>\n<p>Art\u0131, kat\u0131l\u0131mc\u0131 say\u0131s\u0131n\u0131n yeterli olmas\u0131 halinde haftada 1 kez dilbilgisi kursu.<\/p>\n<p>Fiyatlar\u0131m\u0131z:<br \/>\n1 hafta: 199,00 \u20ac<br \/>\n2 hafta: 349,00 \u20ac<br \/>\n3 hafta: 449,00 \u20ac<br \/>\n4 hafta (ayl\u0131k): 499,-\u20ac (haftada 24 \u00dcnite)<\/p>\n<p>\n<table id=\"tablepress-20\" class=\"tablepress tablepress-id-20\">\n<thead>\n<tr class=\"row-1\">\n\t<th class=\"column-1\">Yo\u011fun Almanca Kursu<\/th><th class=\"column-2\">Kurs ba\u015flang\u0131c\u0131<\/th><th class=\"column-3\">Randevular<\/th><th class=\"column-4\">Zamanlar<\/th>\n<\/tr>\n<\/thead>\n<tbody class=\"row-striping row-hover\">\n<tr class=\"row-2\">\n\t<td class=\"column-1\">Nisan<\/td><td class=\"column-2\">07.04.2026<\/td><td class=\"column-3\">Pazartesi'den Cuma'ya<\/td><td class=\"column-4\">9:00-12:00<\/td>\n<\/tr>\n<tr class=\"row-3\">\n\t<td class=\"column-1\">May\u0131s<\/td><td class=\"column-2\">04.05.2026<\/td><td class=\"column-3\">Pazartesi'den Cuma'ya<\/td><td class=\"column-4\">9:00-12:00<\/td>\n<\/tr>\n<tr class=\"row-4\">\n\t<td class=\"column-1\">Haziran<\/td><td class=\"column-2\">01.06.2026<\/td><td class=\"column-3\">Pazartesi'den Cuma'ya<\/td><td class=\"column-4\">9:00-12:00<\/td>\n<\/tr>\n<tr class=\"row-5\">\n\t<td class=\"column-1\">Temmuz<\/td><td class=\"column-2\">06.07.2026<\/td><td class=\"column-3\">Pazartesi'den Cuma'ya<\/td><td class=\"column-4\">9:00-12:00<\/td>\n<\/tr>\n<tr class=\"row-6\">\n\t<td class=\"column-1\">A\u011fustos<\/td><td class=\"column-2\">03.08.2026<\/td><td class=\"column-3\">Pazartesi'den Cuma'ya<\/td><td class=\"column-4\">9:00-12:00<\/td>\n<\/tr>\n<tr class=\"row-7\">\n\t<td class=\"column-1\">Eyl\u00fcl<\/td><td class=\"column-2\">07.09.2026<\/td><td class=\"column-3\">Pazartesi'den Cuma'ya<\/td><td class=\"column-4\">9:00-12:00<\/td>\n<\/tr>\n<tr class=\"row-8\">\n\t<td class=\"column-1\">Ekim<\/td><td class=\"column-2\">05.10.2026<\/td><td class=\"column-3\">Pazartesi'den Cuma'ya<\/td><td class=\"column-4\">9:00-12:00<\/td>\n<\/tr>\n<tr class=\"row-9\">\n\t<td class=\"column-1\">Kas\u0131m<\/td><td class=\"column-2\">02.11.2026<\/td><td class=\"column-3\">Pazartesi'den Cuma'ya<\/td><td class=\"column-4\">9:00-12:00<\/td>\n<\/tr>\n<tr class=\"row-10\">\n\t<td class=\"column-1\">Aral\u0131k<\/td><td class=\"column-2\">30.11.2026<\/td><td class=\"column-3\">Pazartesi'den Cuma'ya<\/td><td class=\"column-4\">9:00-12:00<\/td>\n<\/tr>\n<tr class=\"row-11\">\n\t<td class=\"column-1\">Ocak<\/td><td class=\"column-2\">04.01.2027<\/td><td class=\"column-3\">Pazartesi'den Cuma'ya<\/td><td class=\"column-4\">9:00-12:00<\/td>\n<\/tr>\n<tr class=\"row-12\">\n\t<td class=\"column-1\">\u015eubat<\/td><td class=\"column-2\">01.02.2027<\/td><td class=\"column-3\">Pazartesi'den Cuma'ya<\/td><td class=\"column-4\">9:00-12:00<\/td>\n<\/tr>\n<tr class=\"row-13\">\n\t<td class=\"column-1\">Mart<\/td><td class=\"column-2\">01.03.2027<\/td><td class=\"column-3\">Pazartesi'den Cuma'ya<\/td><td class=\"column-4\">9:00-12:00<\/td>\n<\/tr>\n<tr class=\"row-14\">\n\t<td class=\"column-1\">*S\u00fcre:\t<\/td><td class=\"column-2\">1-4 hafta<\/td><td class=\"column-3\"><\/td><td class=\"column-4\"><\/td>\n<\/tr>\n<\/tbody>\n<\/table>\n[\/vc_column_text][vc_column_text]<a class=\"whyaweb-anmeldung\" href=\"#\">\u015fimdi kaydolun<\/a>[\/vc_column_text][\/vc_column][\/vc_row][vc_row][vc_column][vc_column_text]<\/p>\n<h2>Dil vizem i\u00e7in neye ihtiyac\u0131m var?<\/h2>\n<ul>\n<li>ge\u00e7erli kimlik kart\u0131<\/li>\n<li>Sa\u011fl\u0131k sigortas\u0131<\/li>\n<li>Vize i\u00e7in iki ba\u015fvuru formu<\/li>\n<li>\u0130ki adet yeni \u00e7ekilmi\u015f vesikal\u0131k foto\u011fraf<\/li>\n<li>Almanca kursuna kat\u0131ld\u0131\u011f\u0131n\u0131z\u0131 g\u00f6steren belge<\/li>\n<li>En az ortaokul bitirme sertifikas\u0131na sahip oldu\u011funuzu g\u00f6steren belge<\/li>\n<li>Vize i\u00e7in \u00f6deme yapt\u0131\u011f\u0131n\u0131za dair kan\u0131t<\/li>\n<li>Kurs i\u00e7in \u00f6deme yapt\u0131\u011f\u0131n\u0131za dair kan\u0131t.<\/li>\n<\/ul>\n<p>Yine de vizenizi alamazsan\u0131z, ret bildirimini ibraz ettikten sonra paran\u0131z\u0131 geri alacaks\u0131n\u0131z. Bu durumda, 250.00 \u20ac tutar\u0131nda bir i\u015flem \u00fccreti talep etmemiz gerekmektedir. Vizeniz zaman\u0131nda onaylanmazsa, kursunuzun ba\u015flang\u0131c\u0131n\u0131 \u00fccretsiz olarak 4 aya kadar erteleyebilirsiniz. Hemen dil okulumuza kaydolun: info@sprachschule-aktiv-koeln.de<\/p>\n<p>Ortaklar\u0131m\u0131zla i\u015fbirli\u011fi i\u00e7inde sizin i\u00e7in konaklama ayarlamaktan mutluluk duyaca\u011f\u0131z.<\/p>\n<p>Rhein nehri&#8217;nin ortas\u0131ndaki en \u00e7ekici Alman \u015fehirlerinden birini tan\u0131y\u0131n. Sizinle tan\u0131\u015fmak i\u00e7in sab\u0131rs\u0131zlan\u0131yoruz!<br \/>\n[\/vc_column_text][vc_column_text]<a class=\"whyaweb-anmeldung\" href=\"#\">\u015fimdi kaydolun<\/a>[\/vc_column_text][\/vc_column][\/vc_row]<\/p>\n","protected":false},"excerpt":{"rendered":"<p>[vc_row css=&#8221;.vc_custom_1680076567457{margin-top: 40px !important;}&#8221;][vc_column][vc_column_text] Vize ile Almanca kursu \u2013 ba\u015fvuru ko\u015fullar\u0131: Almanya vizeniz i\u00e7in bir Almanca kursuna ihtiyac\u0131n\u0131z varsa, K\u00f6ln&#8217;deki Sprachschule Aktiv sizin i\u00e7in do\u011fru yerdir. Almanya&#8217;ya giri\u015f vizenizi almak i\u00e7in bizimle yo\u011fun bir Almanca kursu (4 hafta, Pazartesi&#8217;den Cuma&#8217;ya art\u0131 Cumartesi g\u00fcn\u00fc ileti\u015fim e\u011fitimi, her biri haftada 24 ders \u00fcnitesi) alabilirsiniz. Vizenizi alabilmeniz i\u00e7in&hellip; <a class=\"read-more\" href=\"https:\/\/www.sprachschule-aktiv-koeln.de\/tr\/almanca-vize-kurslari\/\" title=\"Read Almanca vize kurslar\u0131\">Read more &raquo;<\/a><\/p>\n","protected":false},"author":2,"featured_media":0,"parent":0,"menu_order":0,"comment_status":"closed","ping_status":"closed","template":"","meta":{"footnotes":""},"class_list":["post-8679","page","type-page","status-publish","hentry"],"yoast_head":"<!-- This site is optimized with the Yoast SEO plugin v27.2 - https:\/\/yoast.com\/product\/yoast-seo-wordpress\/ -->\n<title>Deutschkurse mit Visum in K\u00f6ln \u2013 Visa f\u00fcr Deutschland<\/title>\n<meta name=\"description\" content=\"Intensivkurs f\u00fcr Deutsch inklusve Bescheinigung f\u00fcr ein Visum. 20 Stunden pro Woche Deutschunterricht und kostenlose Beratung f\u00fcr Visa-Antrag.\" \/>\n<meta name=\"robots\" content=\"index, follow, max-snippet:-1, max-image-preview:large, max-video-preview:-1\" \/>\n<link rel=\"canonical\" href=\"https:\/\/www.sprachschule-aktiv-koeln.de\/tr\/almanca-vize-kurslari\/\" \/>\n<meta property=\"og:locale\" content=\"tr_TR\" \/>\n<meta property=\"og:type\" content=\"article\" \/>\n<meta property=\"og:title\" content=\"Deutschkurse mit Visum in K\u00f6ln \u2013 Visa f\u00fcr Deutschland\" \/>\n<meta property=\"og:description\" content=\"Intensivkurs f\u00fcr Deutsch inklusve Bescheinigung f\u00fcr ein Visum. 20 Stunden pro Woche Deutschunterricht und kostenlose Beratung f\u00fcr Visa-Antrag.\" \/>\n<meta property=\"og:url\" content=\"https:\/\/www.sprachschule-aktiv-koeln.de\/tr\/almanca-vize-kurslari\/\" \/>\n<meta property=\"og:site_name\" content=\"Sprachschule Aktiv K\u00f6ln\" \/>\n<meta property=\"article:modified_time\" content=\"2026-03-18T08:25:16+00:00\" \/>\n<meta name=\"twitter:card\" content=\"summary_large_image\" \/>\n<meta name=\"twitter:label1\" content=\"Tahmini okuma s\u00fcresi\" \/>\n\t<meta name=\"twitter:data1\" content=\"3 dakika\" \/>\n<script type=\"application\/ld+json\" class=\"yoast-schema-graph\">{\"@context\":\"https:\/\/schema.org\",\"@graph\":[{\"@type\":\"WebPage\",\"@id\":\"https:\/\/www.sprachschule-aktiv-koeln.de\/tr\/almanca-vize-kurslari\/\",\"url\":\"https:\/\/www.sprachschule-aktiv-koeln.de\/tr\/almanca-vize-kurslari\/\",\"name\":\"Deutschkurse mit Visum in K\u00f6ln \u2013 Visa f\u00fcr Deutschland\",\"isPartOf\":{\"@id\":\"https:\/\/www.sprachschule-aktiv-koeln.de\/#website\"},\"datePublished\":\"2019-11-20T15:02:03+00:00\",\"dateModified\":\"2026-03-18T08:25:16+00:00\",\"description\":\"Intensivkurs f\u00fcr Deutsch inklusve Bescheinigung f\u00fcr ein Visum. 20 Stunden pro Woche Deutschunterricht und kostenlose Beratung f\u00fcr Visa-Antrag.\",\"breadcrumb\":{\"@id\":\"https:\/\/www.sprachschule-aktiv-koeln.de\/tr\/almanca-vize-kurslari\/#breadcrumb\"},\"inLanguage\":\"tr\",\"potentialAction\":[{\"@type\":\"ReadAction\",\"target\":[\"https:\/\/www.sprachschule-aktiv-koeln.de\/tr\/almanca-vize-kurslari\/\"]}]},{\"@type\":\"BreadcrumbList\",\"@id\":\"https:\/\/www.sprachschule-aktiv-koeln.de\/tr\/almanca-vize-kurslari\/#breadcrumb\",\"itemListElement\":[{\"@type\":\"ListItem\",\"position\":1,\"name\":\"Startseite\",\"item\":\"https:\/\/www.sprachschule-aktiv-koeln.de\/tr\/\"},{\"@type\":\"ListItem\",\"position\":2,\"name\":\"Almanca vize kurslar\u0131\"}]},{\"@type\":\"WebSite\",\"@id\":\"https:\/\/www.sprachschule-aktiv-koeln.de\/#website\",\"url\":\"https:\/\/www.sprachschule-aktiv-koeln.de\/\",\"name\":\"Sprachschule Aktiv K\u00f6ln\",\"description\":\"\",\"potentialAction\":[{\"@type\":\"SearchAction\",\"target\":{\"@type\":\"EntryPoint\",\"urlTemplate\":\"https:\/\/www.sprachschule-aktiv-koeln.de\/?s={search_term_string}\"},\"query-input\":{\"@type\":\"PropertyValueSpecification\",\"valueRequired\":true,\"valueName\":\"search_term_string\"}}],\"inLanguage\":\"tr\"}]}<\/script>\n<!-- \/ Yoast SEO plugin. -->","yoast_head_json":{"title":"Deutschkurse mit Visum in K\u00f6ln \u2013 Visa f\u00fcr Deutschland","description":"Intensivkurs f\u00fcr Deutsch inklusve Bescheinigung f\u00fcr ein Visum. 20 Stunden pro Woche Deutschunterricht und kostenlose Beratung f\u00fcr Visa-Antrag.","robots":{"index":"index","follow":"follow","max-snippet":"max-snippet:-1","max-image-preview":"max-image-preview:large","max-video-preview":"max-video-preview:-1"},"canonical":"https:\/\/www.sprachschule-aktiv-koeln.de\/tr\/almanca-vize-kurslari\/","og_locale":"tr_TR","og_type":"article","og_title":"Deutschkurse mit Visum in K\u00f6ln \u2013 Visa f\u00fcr Deutschland","og_description":"Intensivkurs f\u00fcr Deutsch inklusve Bescheinigung f\u00fcr ein Visum. 20 Stunden pro Woche Deutschunterricht und kostenlose Beratung f\u00fcr Visa-Antrag.","og_url":"https:\/\/www.sprachschule-aktiv-koeln.de\/tr\/almanca-vize-kurslari\/","og_site_name":"Sprachschule Aktiv K\u00f6ln","article_modified_time":"2026-03-18T08:25:16+00:00","twitter_card":"summary_large_image","twitter_misc":{"Tahmini okuma s\u00fcresi":"3 dakika"},"schema":{"@context":"https:\/\/schema.org","@graph":[{"@type":"WebPage","@id":"https:\/\/www.sprachschule-aktiv-koeln.de\/tr\/almanca-vize-kurslari\/","url":"https:\/\/www.sprachschule-aktiv-koeln.de\/tr\/almanca-vize-kurslari\/","name":"Deutschkurse mit Visum in K\u00f6ln \u2013 Visa f\u00fcr Deutschland","isPartOf":{"@id":"https:\/\/www.sprachschule-aktiv-koeln.de\/#website"},"datePublished":"2019-11-20T15:02:03+00:00","dateModified":"2026-03-18T08:25:16+00:00","description":"Intensivkurs f\u00fcr Deutsch inklusve Bescheinigung f\u00fcr ein Visum. 20 Stunden pro Woche Deutschunterricht und kostenlose Beratung f\u00fcr Visa-Antrag.","breadcrumb":{"@id":"https:\/\/www.sprachschule-aktiv-koeln.de\/tr\/almanca-vize-kurslari\/#breadcrumb"},"inLanguage":"tr","potentialAction":[{"@type":"ReadAction","target":["https:\/\/www.sprachschule-aktiv-koeln.de\/tr\/almanca-vize-kurslari\/"]}]},{"@type":"BreadcrumbList","@id":"https:\/\/www.sprachschule-aktiv-koeln.de\/tr\/almanca-vize-kurslari\/#breadcrumb","itemListElement":[{"@type":"ListItem","position":1,"name":"Startseite","item":"https:\/\/www.sprachschule-aktiv-koeln.de\/tr\/"},{"@type":"ListItem","position":2,"name":"Almanca vize kurslar\u0131"}]},{"@type":"WebSite","@id":"https:\/\/www.sprachschule-aktiv-koeln.de\/#website","url":"https:\/\/www.sprachschule-aktiv-koeln.de\/","name":"Sprachschule Aktiv K\u00f6ln","description":"","potentialAction":[{"@type":"SearchAction","target":{"@type":"EntryPoint","urlTemplate":"https:\/\/www.sprachschule-aktiv-koeln.de\/?s={search_term_string}"},"query-input":{"@type":"PropertyValueSpecification","valueRequired":true,"valueName":"search_term_string"}}],"inLanguage":"tr"}]}},"_links":{"self":[{"href":"https:\/\/www.sprachschule-aktiv-koeln.de\/tr\/wp-json\/wp\/v2\/pages\/8679","targetHints":{"allow":["GET"]}}],"collection":[{"href":"https:\/\/www.sprachschule-aktiv-koeln.de\/tr\/wp-json\/wp\/v2\/pages"}],"about":[{"href":"https:\/\/www.sprachschule-aktiv-koeln.de\/tr\/wp-json\/wp\/v2\/types\/page"}],"author":[{"embeddable":true,"href":"https:\/\/www.sprachschule-aktiv-koeln.de\/tr\/wp-json\/wp\/v2\/users\/2"}],"replies":[{"embeddable":true,"href":"https:\/\/www.sprachschule-aktiv-koeln.de\/tr\/wp-json\/wp\/v2\/comments?post=8679"}],"version-history":[{"count":4,"href":"https:\/\/www.sprachschule-aktiv-koeln.de\/tr\/wp-json\/wp\/v2\/pages\/8679\/revisions"}],"predecessor-version":[{"id":13276,"href":"https:\/\/www.sprachschule-aktiv-koeln.de\/tr\/wp-json\/wp\/v2\/pages\/8679\/revisions\/13276"}],"wp:attachment":[{"href":"https:\/\/www.sprachschule-aktiv-koeln.de\/tr\/wp-json\/wp\/v2\/media?parent=8679"}],"curies":[{"name":"wp","href":"https:\/\/api.w.org\/{rel}","templated":true}]}}