{"id":8696,"date":"2019-11-13T16:24:39","date_gmt":"2019-11-13T15:24:39","guid":{"rendered":"https:\/\/www.sprachschule-aktiv-koeln.de\/pruefungsvorbereitung-fuer-deutsch-telc-tests\/"},"modified":"2026-03-18T09:22:10","modified_gmt":"2026-03-18T08:22:10","slug":"telc-almanca-sinavlari","status":"publish","type":"page","link":"https:\/\/www.sprachschule-aktiv-koeln.de\/tr\/telc-almanca-sinavlari\/","title":{"rendered":"telc Almanca s\u0131navlar\u0131"},"content":{"rendered":"<p>[vc_row css=&#8221;.vc_custom_1680077177838{margin-top: 40px !important;}&#8221;][vc_column][vc_column_text]<\/p>\n<h1>K\u00f6ln&#8217;de A1&#8217;den C2&#8217;ye telc Almanca S\u0131navlar\u0131 &#8211; S\u0131nav Merkezi<\/h1>\n<p>K\u00f6ln \u00dcniversitesi&#8217;nde bir e\u011fitim program\u0131na kabul edilmek i\u00e7in veya uluslararas\u0131 ge\u00e7erlili\u011fi olan bir s\u0131nava m\u0131 ihtiyac\u0131n\u0131z var? Uluslararas\u0131 ge\u00e7erlili\u011fi olan telc s\u0131navlar\u0131na kaydolun ve Sprachschule Aktiv K\u00f6ln&#8217;de bizimle birlikte s\u0131nava girin. [\/vc_column_text][vc_row_inner][vc_column_inner width=&#8221;1\/2&#8243;][vc_single_image image=&#8221;8700&#8243; img_size=&#8221;full&#8221;][\/vc_column_inner][vc_column_inner width=&#8221;1\/2&#8243;][vc_column_text]M\u00fckemmel haz\u0131rl\u0131k, s\u0131nav\u0131 ger\u00e7ek zamanl\u0131 olarak sim\u00fcle etti\u011finiz ve telc s\u0131nav uzmanlar\u0131ndan stratejiler ve ba\u015far\u0131 hakk\u0131nda ihtiyac\u0131n\u0131z olan t\u00fcm ipu\u00e7lar\u0131n\u0131 ald\u0131\u011f\u0131n\u0131z haz\u0131rl\u0131k kurslar\u0131m\u0131zda bulunabilirsiniz. A1&#8217;den C2&#8217;ye kadar, a\u015fa\u011f\u0131da listelenen tarihlerde herhangi bir Almanca seviyesinin yan\u0131 s\u0131ra \u0130ngilizce, \u0130spanyolca, Frans\u0131zca gibi yabanc\u0131 dilleri ve talep \u00fczerine daha bir\u00e7ok dili sertifikaland\u0131rabilirsiniz. S\u0131nav tarihlerimizde vaktiniz yoksa, bizimle bireysel bir s\u0131nav tarihi ayarlayabilirsiniz. Size tavsiyelerde bulunmaktan mutluluk duyaca\u011f\u0131z. Kay\u0131ttan sertifikan\u0131za kadar.[\/vc_column_text][vc_column_text]<a class=\"whyaweb-anmeldung\" href=\"#\">Buradan kaydolun<\/a>[\/vc_column_text][\/vc_column_inner][\/vc_row_inner][\/vc_column][\/vc_row][vc_row css=&#8221;.vc_custom_1680078034311{margin-top: 30px !important;}&#8221;][vc_column][vc_column_text]\n<table id=\"tablepress-21\" class=\"tablepress tablepress-id-21\">\n<thead>\n<tr class=\"row-1\">\n\t<th class=\"column-1\">Tarihler<\/th><td class=\"column-2\"><\/td><td class=\"column-3\"><\/td><td class=\"column-4\"><\/td><td class=\"column-5\"><\/td><td class=\"column-6\"><\/td><td class=\"column-7\"><\/td>\n<\/tr>\n<\/thead>\n<tbody class=\"row-striping row-hover\">\n<tr class=\"row-2\">\n\t<td class=\"column-1\">telc A1<\/td><td class=\"column-2\">25.04.2026<br \/>\r\n<small>schriftlich und m\u00fcndlich<\/small><\/td><td class=\"column-3\">26.05.2026<br \/>\r\n<small>schriftlich und m\u00fcndlich<\/small><\/td><td class=\"column-4\">30.06.2026<br \/>\r\n<small>schriftlich und m\u00fcndlich<\/small><\/td><td class=\"column-5\">28.07.2026<br \/>\r\n<small>schriftlich und m\u00fcndlich<\/small><\/td><td class=\"column-6\">25.08.2026<br \/>\r\n<small>schriftlich und m\u00fcndlich<\/small><\/td><td class=\"column-7\"><\/td>\n<\/tr>\n<tr class=\"row-3\">\n\t<td class=\"column-1\">telc A2<\/td><td class=\"column-2\">25.04.2026<br \/>\r\n<small>schriftlich und m\u00fcndlich<\/small><\/td><td class=\"column-3\">26.05.2026<br \/>\r\n<small>schriftlich und m\u00fcndlich<\/small><\/td><td class=\"column-4\">30.06.2026<br \/>\r\n<small>schriftlich und m\u00fcndlich<\/small><\/td><td class=\"column-5\">28.07.2026<br \/>\r\n<small>schriftlich und m\u00fcndlich<\/small><\/td><td class=\"column-6\">25.08.2026<br \/>\r\n<small>schriftlich und m\u00fcndlich<\/small><\/td><td class=\"column-7\"><\/td>\n<\/tr>\n<tr class=\"row-4\">\n\t<td class=\"column-1\">telc B1<\/td><td class=\"column-2\">25.04.2026<br \/>\r\n<small>schriftlich und m\u00fcndlich<\/small><\/td><td class=\"column-3\">26.05.2026<br \/>\r\n<small>schriftlich <\/small><br \/>\r\n+ 27.05.2026<small> m\u00fcndlich <\/small><\/td><td class=\"column-4\">30.06.2026<br \/>\r\n<small>schriftlich und m\u00fcndlich<\/small><\/td><td class=\"column-5\">28.07.2026<br \/>\r\n<small>schriftlich <\/small><br \/>\r\n+ 29.07.2026<small> m\u00fcndlich <\/small><\/td><td class=\"column-6\">25.08.2026<br \/>\r\n<small>schriftlich <\/small><br \/>\r\n+ 26.08.2026<small> m\u00fcndlich <\/small><\/td><td class=\"column-7\"><\/td>\n<\/tr>\n<tr class=\"row-5\">\n\t<td class=\"column-1\">telc B2<\/td><td class=\"column-2\">25.04.2026<br \/>\r\n<small>schriftlich und m\u00fcndlich<\/small><\/td><td class=\"column-3\">26.05.2026<br \/>\r\n<small>schriftlich <\/small><br \/>\r\n+ 27.05.2026<small> m\u00fcndlich <\/small><\/td><td class=\"column-4\">30.06.2026<br \/>\r\n<small>schriftlich und m\u00fcndlich<\/small><\/td><td class=\"column-5\">28.07.2026<br \/>\r\n<small>schriftlich <\/small><br \/>\r\n+ 29.07.2026<small> m\u00fcndlich <\/small><\/td><td class=\"column-6\">25.08.2026<br \/>\r\n<small>schriftlich <\/small><br \/>\r\n+ 26.08.2026<small> m\u00fcndlich <\/small><\/td><td class=\"column-7\"><\/td>\n<\/tr>\n<tr class=\"row-6\">\n\t<td class=\"column-1\">telc C1 Hochschule<\/td><td class=\"column-2\">25.04.2026<br \/>\r\n<small>schriftlich und m\u00fcndlich<\/small><\/td><td class=\"column-3\">26.05.2026<br \/>\r\n<small>schriftlich <\/small><br \/>\r\n+ 27.05.2026<small> m\u00fcndlich <\/small><\/td><td class=\"column-4\">30.06.2026<br \/>\r\n<small>schriftlich und m\u00fcndlich<\/small><\/td><td class=\"column-5\">28.07.2026<br \/>\r\n<small>schriftlich <\/small><br \/>\r\n+ 29.07.2026<small> m\u00fcndlich <\/small><\/td><td class=\"column-6\">25.08.2026<br \/>\r\n<small>schriftlich <\/small><br \/>\r\n+ 26.08.2026<small> m\u00fcndlich <\/small><\/td><td class=\"column-7\"><\/td>\n<\/tr>\n<tr class=\"row-7\">\n\t<td class=\"column-1\"><\/td><td class=\"column-2\"><\/td><td class=\"column-3\"><\/td><td class=\"column-4\"><\/td><td class=\"column-5\"><\/td><td class=\"column-6\"><\/td><td class=\"column-7\"><\/td>\n<\/tr>\n<tr class=\"row-8\">\n\t<td class=\"column-1\"><\/td><td class=\"column-2\"><\/td><td class=\"column-3\"><\/td><td class=\"column-4\"><\/td><td class=\"column-5\"><\/td><td class=\"column-6\"><\/td><td class=\"column-7\"><\/td>\n<\/tr>\n<tr class=\"row-9\">\n\t<td class=\"column-1\">Son kay\u0131t tarihi:<\/td><td class=\"column-2\">15 Tage vor der Pr\u00fcfung!<\/td><td class=\"column-3\">15 Tage vor der Pr\u00fcfung!<\/td><td class=\"column-4\">15 Tage vor der Pr\u00fcfung!<\/td><td class=\"column-5\">15 Tage vor der Pr\u00fcfung!<\/td><td class=\"column-6\">15 Tage vor der Pr\u00fcfung!<\/td><td class=\"column-7\">Kay\u0131t \u00fccreti<br \/>\r\n15,00\u20ac <\/td>\n<\/tr>\n<\/tbody>\n<\/table>\n[\/vc_column_text][vc_column_text]<a class=\"whyaweb-anmeldung\" href=\"#\">Buradan kaydolun<\/a>[\/vc_column_text][\/vc_column][\/vc_row][vc_row full_width=&#8221;stretch_row&#8221; css=&#8221;.vc_custom_1680077655895{padding-top: 25px !important;padding-bottom: 15px !important;background-color: #f8f8f8 !important;}&#8221;][vc_column][vc_column_text]<\/p>\n<h2>499,00\u20ac ya Telc kurslar\u0131m\u0131z ile m\u00fckemmel \u015fekilde haz\u0131rlanma<\/h2>\n<p>Sprachschule Aktiv K\u00f6ln size her seviye i\u00e7in bir telc s\u0131nav haz\u0131rl\u0131k kursu sunuyor. S\u0131navdan \u00f6nce d\u00f6rt hafta boyunca, \u00e7o\u011fu telc s\u0131nav g\u00f6revlisi olan profesyonel \u00f6\u011fretmenlerimizle yo\u011fun bir kursta haftada be\u015f kez yaz\u0131l\u0131 ve s\u00f6zl\u00fc telc s\u0131navlar\u0131 i\u00e7in stratejiler ve \u00f6\u011fretim i\u00e7eri\u011fi \u00fczerinde pratik yapacaks\u0131n\u0131z. Eski model testlere ve s\u0131navlara ve ger\u00e7ek zamanl\u0131 sim\u00fclasyona eri\u015febilirsiniz. E\u011fitmenlerimiz, s\u0131nav\u0131 en iyi \u015fekilde ve maksimum ba\u015far\u0131yla nas\u0131l ge\u00e7ebilece\u011finiz konusunda size ipu\u00e7lar\u0131 ve \u00f6nerilerde bulunacakt\u0131r. Emin de\u011fil misiniz? \u0130statistiklere g\u00f6re, t\u00fcm \u00f6\u011frencilerin %94,40&#8217;\u0131 telc s\u0131nav\u0131n\u0131 ge\u00e7mektedir. \u015eans\u0131n\u0131z\u0131 \u015fimdi art\u0131r\u0131n!<\/p>\n<p>\u00d6nemli bilgi:<\/p>\n<p>S\u0131nav \u00fccreti en ge\u00e7 ilgili seviye i\u00e7in son kay\u0131t tarihine kadar \u00f6denmelidir. S\u0131nava haz\u0131rl\u0131k kurs \u00fccreti en ge\u00e7 kursun ba\u015flang\u0131c\u0131nda \u00f6denmelidir. Sa\u011fl\u0131k nedenlerinden dolay\u0131 kat\u0131lman\u0131z engellenirse, sa\u011fl\u0131k raporu ibraz etmeniz halinde s\u0131nav \u00fccreti 80,00 \u20ac iptal \u00fccreti d\u00fc\u015f\u00fclerek size iade edilecektir.<\/p>\n<h2>Kabul ko\u015fullar\u0131 K\u00f6ln \u00dcniversitesi:<\/h2>\n<p>Birinci derece programa (lisans derecesi veya devlet s\u0131nav\u0131) ba\u015fvuru veya kabul i\u00e7in, en az C1 d\u00fczeyinde Almanca dil becerilerinin kan\u0131tlanmas\u0131 gerekmektedir. Bir telc sertifikas\u0131 tan\u0131nm\u0131\u015f bir kan\u0131t g\u00f6revi g\u00f6r\u00fcr ve kay\u0131t i\u00e7in idealdir. Hukuk, t\u0131p veya psikoloji gibi \u00e7ok y\u00fcksek d\u00fczeyde dil yeterlili\u011fi gerektiren<\/p>\n<p>konularda C2 sertifikas\u0131 al\u0131nmas\u0131 bile tavsiye edilir.<\/p>\n<p>K\u00f6ln \u00dcniversitesi&#8217;nde a\u015fa\u011f\u0131daki sertifikalar DSH 2 yerine kabul edilmektedir:<\/p>\n<ul>\n<li>\u00dcniversiteye Kabul i\u00e7in Almanca Dil S\u0131nav\u0131 (DSH-2 veya DSH-3)*<\/li>\n<li>TestDaF (Yabanc\u0131 Dil Olarak Almanca) 4. seviye ile s\u0131nav\u0131n d\u00f6rt b\u00f6l\u00fcm\u00fcn\u00fcn tamam\u0131nda<\/li>\n<li>Goethe Sertifikas\u0131 C2<\/li>\n<li>telc Almanca C1 \u00dcniversitesi<\/li>\n<li>telc Almanca C2<\/li>\n<\/ul>\n<p>*K\u00f6ln \u00dcniversitesi&#8217;nde DSH s\u0131nav\u0131na giremezsiniz, \u00e7\u00fcnk\u00fc DSH derslerine yaln\u0131zca lisans program\u0131na kabul edildiyseniz kay\u0131t olabilirsiniz.<br \/>\n[\/vc_column_text][\/vc_column][\/vc_row][vc_row][vc_column][vc_column_text]<\/p>\n<h2>Soru cevap &#8211; telc K\u00f6ln\u2019de<\/h2>\n<h3>S\u0131nav haz\u0131rl\u0131k kursu Evet veya Hay\u0131r ve ne zaman ger\u00e7ekle\u015fiyor?<\/h3>\n<p>Telc s\u0131navlar\u0131n\u0131n sonu\u00e7lar\u0131, okulumuzda haz\u0131rl\u0131k kursuna kat\u0131lan t\u00fcm \u00f6\u011frencilerin %94,40&#8217;\u0131n\u0131n telc s\u0131nav\u0131n\u0131 ge\u00e7ti\u011fini g\u00f6stermi\u015ftir. %56,76&#8217;s\u0131 s\u0131nav haz\u0131rl\u0131k kursuna kat\u0131lmadan ba\u015far\u0131l\u0131 olmu\u015ftur. Telc s\u0131nav\u0131na haz\u0131rl\u0131k, yo\u011fun kurslar\u0131m\u0131z \u00e7er\u00e7evesinde ger\u00e7ekle\u015fmektedir. Ekstra bir kursa ihtiyac\u0131n\u0131z yok ve paradan tasarruf edersiniz. Telc s\u0131nav\u0131n\u0131n bile\u015fenleri okudu\u011funu anlama, dinledi\u011fini anlama, dil mod\u00fclleri, yaz\u0131l\u0131 ifade ve s\u00f6zl\u00fc b\u00f6l\u00fcmd\u00fcr. Ayr\u0131ca s\u0131nav ger\u00e7ek zamanl\u0131 olarak da sim\u00fcle edilmektedir. Telc haz\u0131rl\u0131\u011f\u0131m\u0131zla \u015fans\u0131n\u0131z\u0131 \u00f6nemli \u00f6l\u00e7\u00fcde art\u0131r\u0131rs\u0131n\u0131z. \u015eimdi kay\u0131t olun!<\/p>\n<h3>S\u0131nav ne kadar s\u00fcr\u00fcyor ve nas\u0131l yap\u0131land\u0131r\u0131lm\u0131\u015ft\u0131r?<\/h3>\n<p>S\u0131nav bir yaz\u0131l\u0131 ve bir s\u00f6zl\u00fc b\u00f6l\u00fcmden olu\u015fmaktad\u0131r. Yaz\u0131l\u0131 b\u00f6l\u00fcm okudu\u011funu anlama, dinledi\u011fini anlama ve yaz\u0131l\u0131 ifadeden olu\u015fmaktad\u0131r. Bu b\u00f6l\u00fcm 20 dakika ara ile yakla\u015f\u0131k 3,5 saat s\u00fcrmektedir. S\u00f6zl\u00fc b\u00f6l\u00fcm genellikle di\u011fer 2-3 kat\u0131l\u0131mc\u0131yla birlikte bir grup s\u0131nav\u0131 olarak ger\u00e7ekle\u015fir ve yakla\u015f\u0131k 15-20 dakika s\u00fcrmektedir. S\u00f6zl\u00fc s\u0131navdan \u00f6nce haz\u0131rlanmak i\u00e7in 20 dakikan\u0131z var.<\/p>\n<h3>S\u0131nava gelirken ne getirmem gerekiyor?<\/h3>\n<p>Pasaport veya kimlik kart\u0131. Bir kur\u015fun kalem, kalemt\u0131ra\u015f ve silgiye ihtiyac\u0131n\u0131z var. Sadece kur\u015fun kalemle yazabilirsiniz. T\u00fckenmez kalem veya benzerleri yasakt\u0131r.<\/p>\n<h3>S\u0131nav\u0131 ne s\u0131kl\u0131kla tekrarlayabilirim?<\/h3>\n<p>S\u0131nav\u0131 istedi\u011finiz s\u0131kl\u0131kta tekrarlayabilirsiniz.<\/p>\n<h3>Bireysel randevular var m\u0131?<\/h3>\n<p>Ayr\u0131ca bir telc s\u0131nav\u0131 i\u00e7in tercih etti\u011finiz tarihi bize g\u00f6nderebilirsiniz. Daha sonra, planlanmam\u0131\u015f bir s\u0131nav i\u00e7in asgari kat\u0131l\u0131mc\u0131 say\u0131s\u0131na sahip olup olmad\u0131\u011f\u0131m\u0131z\u0131 ve s\u0131nav\u0131 istedi\u011finiz tarihte ger\u00e7ekle\u015ftirip ger\u00e7ekle\u015ftiremeyece\u011fimizi kontrol edece\u011fiz veya s\u0131nav\u0131 ger\u00e7ekle\u015ftirmek i\u00e7in size ayr\u0131 bir teklif sunaca\u011f\u0131z. Acil durumlarda sizin i\u00e7in \u00f6zel bir s\u0131nav tasarlamaktan da mutluluk duyar\u0131z.<\/p>\n<h3>Minimum kat\u0131l\u0131mc\u0131 say\u0131s\u0131 nedir?<\/h3>\n<p>Telc s\u0131nav\u0131na haz\u0131rl\u0131k kursu i\u00e7in en az 3 kat\u0131l\u0131mc\u0131 gerekmekedir. Telc s\u0131nav\u0131 i\u00e7in de en az 3 kat\u0131l\u0131mc\u0131 gerekmektedir.<\/p>\n<h3>Sonucu almak ne kadar s\u00fcrer?<\/h3>\n<p>S\u0131navdan yakla\u015f\u0131k 5-6 hafta sonra s\u0131nav sonucu ve s\u0131nav sertifikas\u0131 otomatik olarak e-posta ile g\u00f6nderilecek. S\u0131nav Frankfurt&#8217;taki telc Enstit\u00fcs\u00fc&#8217;nde de\u011ferlendirilir, bu nedenle Sprachschule Aktiv K\u00f6ln&#8217;\u00fcn gerekli de\u011ferlendirme s\u00fcresi \u00fczerinde hi\u00e7bir etkisi yoktur ve ayr\u0131ca hi\u00e7bir sorumluluk kabul etmez.<br \/>\nSonu\u00e7lar a\u00e7\u0131kland\u0131\u011f\u0131nda sizinle otomatik olarak ileti\u015fime ge\u00e7ece\u011fiz! Talep \u00fczerine sertifikay\u0131 size posta yoluyla g\u00f6nderece\u011fiz.<\/p>\n<h3>Herhangi bir ek maliyet var m\u0131?<\/h3>\n<p>Telc s\u0131nav \u00fccretleri sizin i\u00e7in t\u00fcm masraflar\u0131 i\u00e7ermektedir. Ayr\u0131ca 15 \u20ac kay\u0131t \u00fccreti al\u0131nacakt\u0131r.[\/vc_column_text][\/vc_column][\/vc_row]<\/p>\n","protected":false},"excerpt":{"rendered":"<p>[vc_row css=&#8221;.vc_custom_1680077177838{margin-top: 40px !important;}&#8221;][vc_column][vc_column_text] K\u00f6ln&#8217;de A1&#8217;den C2&#8217;ye telc Almanca S\u0131navlar\u0131 &#8211; S\u0131nav Merkezi K\u00f6ln \u00dcniversitesi&#8217;nde bir e\u011fitim program\u0131na kabul edilmek i\u00e7in veya uluslararas\u0131 ge\u00e7erlili\u011fi olan bir s\u0131nava m\u0131 ihtiyac\u0131n\u0131z var? Uluslararas\u0131 ge\u00e7erlili\u011fi olan telc s\u0131navlar\u0131na kaydolun ve Sprachschule Aktiv K\u00f6ln&#8217;de bizimle birlikte s\u0131nava girin. [\/vc_column_text][vc_row_inner][vc_column_inner width=&#8221;1\/2&#8243;][vc_single_image image=&#8221;8700&#8243; img_size=&#8221;full&#8221;][\/vc_column_inner][vc_column_inner width=&#8221;1\/2&#8243;][vc_column_text]M\u00fckemmel haz\u0131rl\u0131k, s\u0131nav\u0131 ger\u00e7ek zamanl\u0131 olarak sim\u00fcle&hellip; <a class=\"read-more\" href=\"https:\/\/www.sprachschule-aktiv-koeln.de\/tr\/telc-almanca-sinavlari\/\" title=\"Read telc Almanca s\u0131navlar\u0131\">Read more &raquo;<\/a><\/p>\n","protected":false},"author":2,"featured_media":0,"parent":0,"menu_order":0,"comment_status":"closed","ping_status":"closed","template":"","meta":{"footnotes":""},"class_list":["post-8696","page","type-page","status-publish","hentry"],"yoast_head":"<!-- This site is optimized with the Yoast SEO plugin v27.2 - https:\/\/yoast.com\/product\/yoast-seo-wordpress\/ -->\n<title>Pr\u00fcfungsvorbereitung f\u00fcr Deutsch Telc-Tests in K\u00f6ln - A1 bis C2<\/title>\n<meta name=\"description\" content=\"Pr\u00fcfungsvorbereitung f\u00fcr die Deutsch telc-Tests in K\u00f6ln.Vorbereitung und Abnahme der telc-Tests in Intensiv- und Privatkursen von der A1, A2, B1, B2, C1.\" \/>\n<meta name=\"robots\" content=\"index, follow, max-snippet:-1, max-image-preview:large, max-video-preview:-1\" \/>\n<link rel=\"canonical\" href=\"https:\/\/www.sprachschule-aktiv-koeln.de\/tr\/telc-almanca-sinavlari\/\" \/>\n<meta property=\"og:locale\" content=\"tr_TR\" \/>\n<meta property=\"og:type\" content=\"article\" \/>\n<meta property=\"og:title\" content=\"Pr\u00fcfungsvorbereitung f\u00fcr Deutsch Telc-Tests in K\u00f6ln - A1 bis C2\" \/>\n<meta property=\"og:description\" content=\"Pr\u00fcfungsvorbereitung f\u00fcr die Deutsch telc-Tests in K\u00f6ln.Vorbereitung und Abnahme der telc-Tests in Intensiv- und Privatkursen von der A1, A2, B1, B2, C1.\" \/>\n<meta property=\"og:url\" content=\"https:\/\/www.sprachschule-aktiv-koeln.de\/tr\/telc-almanca-sinavlari\/\" \/>\n<meta property=\"og:site_name\" content=\"Sprachschule Aktiv K\u00f6ln\" \/>\n<meta property=\"article:modified_time\" content=\"2026-03-18T08:22:10+00:00\" \/>\n<meta name=\"twitter:card\" content=\"summary_large_image\" \/>\n<meta name=\"twitter:label1\" content=\"Tahmini okuma s\u00fcresi\" \/>\n\t<meta name=\"twitter:data1\" content=\"5 dakika\" \/>\n<script type=\"application\/ld+json\" class=\"yoast-schema-graph\">{\"@context\":\"https:\/\/schema.org\",\"@graph\":[{\"@type\":\"WebPage\",\"@id\":\"https:\/\/www.sprachschule-aktiv-koeln.de\/tr\/telc-almanca-sinavlari\/\",\"url\":\"https:\/\/www.sprachschule-aktiv-koeln.de\/tr\/telc-almanca-sinavlari\/\",\"name\":\"Pr\u00fcfungsvorbereitung f\u00fcr Deutsch Telc-Tests in K\u00f6ln - A1 bis C2\",\"isPartOf\":{\"@id\":\"https:\/\/www.sprachschule-aktiv-koeln.de\/#website\"},\"datePublished\":\"2019-11-13T15:24:39+00:00\",\"dateModified\":\"2026-03-18T08:22:10+00:00\",\"description\":\"Pr\u00fcfungsvorbereitung f\u00fcr die Deutsch telc-Tests in K\u00f6ln.Vorbereitung und Abnahme der telc-Tests in Intensiv- und Privatkursen von der A1, A2, B1, B2, C1.\",\"breadcrumb\":{\"@id\":\"https:\/\/www.sprachschule-aktiv-koeln.de\/tr\/telc-almanca-sinavlari\/#breadcrumb\"},\"inLanguage\":\"tr\",\"potentialAction\":[{\"@type\":\"ReadAction\",\"target\":[\"https:\/\/www.sprachschule-aktiv-koeln.de\/tr\/telc-almanca-sinavlari\/\"]}]},{\"@type\":\"BreadcrumbList\",\"@id\":\"https:\/\/www.sprachschule-aktiv-koeln.de\/tr\/telc-almanca-sinavlari\/#breadcrumb\",\"itemListElement\":[{\"@type\":\"ListItem\",\"position\":1,\"name\":\"Startseite\",\"item\":\"https:\/\/www.sprachschule-aktiv-koeln.de\/tr\/\"},{\"@type\":\"ListItem\",\"position\":2,\"name\":\"telc Almanca s\u0131navlar\u0131\"}]},{\"@type\":\"WebSite\",\"@id\":\"https:\/\/www.sprachschule-aktiv-koeln.de\/#website\",\"url\":\"https:\/\/www.sprachschule-aktiv-koeln.de\/\",\"name\":\"Sprachschule Aktiv K\u00f6ln\",\"description\":\"\",\"potentialAction\":[{\"@type\":\"SearchAction\",\"target\":{\"@type\":\"EntryPoint\",\"urlTemplate\":\"https:\/\/www.sprachschule-aktiv-koeln.de\/?s={search_term_string}\"},\"query-input\":{\"@type\":\"PropertyValueSpecification\",\"valueRequired\":true,\"valueName\":\"search_term_string\"}}],\"inLanguage\":\"tr\"}]}<\/script>\n<!-- \/ Yoast SEO plugin. -->","yoast_head_json":{"title":"Pr\u00fcfungsvorbereitung f\u00fcr Deutsch Telc-Tests in K\u00f6ln - A1 bis C2","description":"Pr\u00fcfungsvorbereitung f\u00fcr die Deutsch telc-Tests in K\u00f6ln.Vorbereitung und Abnahme der telc-Tests in Intensiv- und Privatkursen von der A1, A2, B1, B2, C1.","robots":{"index":"index","follow":"follow","max-snippet":"max-snippet:-1","max-image-preview":"max-image-preview:large","max-video-preview":"max-video-preview:-1"},"canonical":"https:\/\/www.sprachschule-aktiv-koeln.de\/tr\/telc-almanca-sinavlari\/","og_locale":"tr_TR","og_type":"article","og_title":"Pr\u00fcfungsvorbereitung f\u00fcr Deutsch Telc-Tests in K\u00f6ln - A1 bis C2","og_description":"Pr\u00fcfungsvorbereitung f\u00fcr die Deutsch telc-Tests in K\u00f6ln.Vorbereitung und Abnahme der telc-Tests in Intensiv- und Privatkursen von der A1, A2, B1, B2, C1.","og_url":"https:\/\/www.sprachschule-aktiv-koeln.de\/tr\/telc-almanca-sinavlari\/","og_site_name":"Sprachschule Aktiv K\u00f6ln","article_modified_time":"2026-03-18T08:22:10+00:00","twitter_card":"summary_large_image","twitter_misc":{"Tahmini okuma s\u00fcresi":"5 dakika"},"schema":{"@context":"https:\/\/schema.org","@graph":[{"@type":"WebPage","@id":"https:\/\/www.sprachschule-aktiv-koeln.de\/tr\/telc-almanca-sinavlari\/","url":"https:\/\/www.sprachschule-aktiv-koeln.de\/tr\/telc-almanca-sinavlari\/","name":"Pr\u00fcfungsvorbereitung f\u00fcr Deutsch Telc-Tests in K\u00f6ln - A1 bis C2","isPartOf":{"@id":"https:\/\/www.sprachschule-aktiv-koeln.de\/#website"},"datePublished":"2019-11-13T15:24:39+00:00","dateModified":"2026-03-18T08:22:10+00:00","description":"Pr\u00fcfungsvorbereitung f\u00fcr die Deutsch telc-Tests in K\u00f6ln.Vorbereitung und Abnahme der telc-Tests in Intensiv- und Privatkursen von der A1, A2, B1, B2, C1.","breadcrumb":{"@id":"https:\/\/www.sprachschule-aktiv-koeln.de\/tr\/telc-almanca-sinavlari\/#breadcrumb"},"inLanguage":"tr","potentialAction":[{"@type":"ReadAction","target":["https:\/\/www.sprachschule-aktiv-koeln.de\/tr\/telc-almanca-sinavlari\/"]}]},{"@type":"BreadcrumbList","@id":"https:\/\/www.sprachschule-aktiv-koeln.de\/tr\/telc-almanca-sinavlari\/#breadcrumb","itemListElement":[{"@type":"ListItem","position":1,"name":"Startseite","item":"https:\/\/www.sprachschule-aktiv-koeln.de\/tr\/"},{"@type":"ListItem","position":2,"name":"telc Almanca s\u0131navlar\u0131"}]},{"@type":"WebSite","@id":"https:\/\/www.sprachschule-aktiv-koeln.de\/#website","url":"https:\/\/www.sprachschule-aktiv-koeln.de\/","name":"Sprachschule Aktiv K\u00f6ln","description":"","potentialAction":[{"@type":"SearchAction","target":{"@type":"EntryPoint","urlTemplate":"https:\/\/www.sprachschule-aktiv-koeln.de\/?s={search_term_string}"},"query-input":{"@type":"PropertyValueSpecification","valueRequired":true,"valueName":"search_term_string"}}],"inLanguage":"tr"}]}},"_links":{"self":[{"href":"https:\/\/www.sprachschule-aktiv-koeln.de\/tr\/wp-json\/wp\/v2\/pages\/8696","targetHints":{"allow":["GET"]}}],"collection":[{"href":"https:\/\/www.sprachschule-aktiv-koeln.de\/tr\/wp-json\/wp\/v2\/pages"}],"about":[{"href":"https:\/\/www.sprachschule-aktiv-koeln.de\/tr\/wp-json\/wp\/v2\/types\/page"}],"author":[{"embeddable":true,"href":"https:\/\/www.sprachschule-aktiv-koeln.de\/tr\/wp-json\/wp\/v2\/users\/2"}],"replies":[{"embeddable":true,"href":"https:\/\/www.sprachschule-aktiv-koeln.de\/tr\/wp-json\/wp\/v2\/comments?post=8696"}],"version-history":[{"count":5,"href":"https:\/\/www.sprachschule-aktiv-koeln.de\/tr\/wp-json\/wp\/v2\/pages\/8696\/revisions"}],"predecessor-version":[{"id":8697,"href":"https:\/\/www.sprachschule-aktiv-koeln.de\/tr\/wp-json\/wp\/v2\/pages\/8696\/revisions\/8697"}],"wp:attachment":[{"href":"https:\/\/www.sprachschule-aktiv-koeln.de\/tr\/wp-json\/wp\/v2\/media?parent=8696"}],"curies":[{"name":"wp","href":"https:\/\/api.w.org\/{rel}","templated":true}]}}