{"id":8714,"date":"2019-11-25T15:13:06","date_gmt":"2019-11-25T14:13:06","guid":{"rendered":"https:\/\/www.sprachschule-aktiv-koeln.de\/deutschkurse-in-koeln-mit-unterkunft\/"},"modified":"2026-03-18T09:22:49","modified_gmt":"2026-03-18T08:22:49","slug":"koelnde-konaklamali-almanca-kurslari","status":"publish","type":"page","link":"https:\/\/www.sprachschule-aktiv-koeln.de\/tr\/koelnde-konaklamali-almanca-kurslari\/","title":{"rendered":"K\u00f6ln&#8217;de konaklamal\u0131 Almanca kurslar\u0131"},"content":{"rendered":"<p>[vc_row css=&#8221;.vc_custom_1680078153323{margin-top: 40px !important;}&#8221;][vc_column][vc_column_text]<\/p>\n<h1>K\u00f6ln&#8217;de konaklamal\u0131 Almanca kurslar\u0131 &#8211; ev sahibi aileler veya ortak daireler<\/h1>\n<p>[\/vc_column_text][vc_row_inner][vc_column_inner width=&#8221;1\/2&#8243;][vc_single_image image=&#8221;8717&#8243; img_size=&#8221;full&#8221;][\/vc_column_inner][vc_column_inner width=&#8221;1\/2&#8243;][vc_column_text]K\u00f6ln&#8217;de Almanca \u00f6\u011frenmek istiyorsunuz ve bu s\u00fcre i\u00e7in kalacak yere mi ihtiyac\u0131n\u0131z var? O halde sizin i\u00e7in ideal ileti\u015fim partneri biziz. Ev sahibi aileler, ortak daireler veya \u00f6\u011frenci yurtlar\u0131 aras\u0131nda se\u00e7im yapabilirsiniz. Yoksa bir otelde veya konukevinde kalmay\u0131 m\u0131 tercih edersiniz? Bu t\u00fcr bir konaklamay\u0131 organize etmenize yard\u0131mc\u0131 olmaktan da mutluluk duyar\u0131z. Bizimle ileti\u015fime ge\u00e7meniz yeterli![\/vc_column_text][vc_column_text]<a class=\"whyaweb-kontakt\" href=\"#\">H\u0131zl\u0131 bilgi<\/a>[\/vc_column_text][\/vc_column_inner][\/vc_row_inner][\/vc_column][\/vc_row][vc_row][vc_column][vc_column_text]<\/p>\n<h2>K\u00f6ln&#8217;de konaklamal\u0131 Almanca kursu \u2013 Ko\u015fullar<\/h2>\n<p>K\u00f6ln\u2019deki Sprachschule Aktiv\u2019de bizimle en az 4 haftal\u0131k bir rezervasyonla yo\u011fun bir kursa kat\u0131lma taktirinde sizin i\u00e7in konaklama arayaca\u011f\u0131z. Yeni ba\u015flayanlar ve ileri d\u00fczey \u00f6\u011frenciler i\u00e7in yo\u011fun Almanca kursu sunuyoruz \u2013 A1, A2, B1, B2, C1. Almanca kursu haftada 45\u2019er dakikal\u0131k 20 dersten olu\u015fur ve Pazartesi\u2019den Cuma\u2019ya kadar devam eder. Kurs saatleri sabah 9.00\u2019dan \u00f6\u011flen 12\u2019ye kadar devam etmektedir. A1\u2019den C2\u2019ye kadar t\u00fcm \u00f6\u011frenim seviyelerinde her Pazartesi ba\u015flayabilirsiniz.<\/p>\n<p>4 haftal\u0131k Yo\u011fun Almanca Kursu i\u00e7in kurs \u00fccreti: 399 \u20ac<br \/>\nKonaklama masraflar\u0131: Ayl\u0131k 400 ila 600 \u20ac aras\u0131nda.<\/p>\n<h2>Bir ailenin yan\u0131nda kalmay\u0131 m\u0131 tercih edersiniz?<\/h2>\n<p>Ev sahibi bir ailenin yan\u0131nda kalmay\u0131 tercih ederseniz, h\u0131zl\u0131 bir \u015fekilde Alman ya\u015fam tarz\u0131na adapte olabilirsiniz. Tabii ki ev sahibi aileleri kabul etmeden \u00f6nce \u00e7ok dikkatli bir \u015fekilde inceliyoruz. Onlar\u0131n ho\u015fg\u00f6r\u00fcl\u00fc, a\u00e7\u0131k fikirli, di\u011fer k\u00fclt\u00fcrlere b\u00fcy\u00fck ilgi duyan ve sizi aile hayatlar\u0131na dostane bir \u015fekilde kabul edecek insanlar oldu\u011fundan emin oluyoruz. Oday\u0131 kahvalt\u0131 veya kahvalt\u0131s\u0131z olarak rezerve edebilirsiniz. Tabii ki yar\u0131m pansiyon veya tam pansiyon da tercih edebilirsiniz.<br \/>\n[\/vc_column_text][\/vc_column][\/vc_row][vc_row full_width=&#8221;stretch_row&#8221; css=&#8221;.vc_custom_1680078814205{padding-top: 25px !important;padding-bottom: 15px !important;background-color: #f8f8f8 !important;}&#8221;][vc_column][vc_column_text]<\/p>\n<h2>K\u00f6ln \u015fehrindeki konaklaman\u0131z\u0131 kendiniz mi aramak istiyorsunuz? Gen\u00e7lik yurtlar\u0131, payla\u015f\u0131ml\u0131 daireler ve oteller<\/h2>\n<p>Sizin i\u00e7in do\u011fru ya\u015fam ko\u015fulunu bulmak i\u00e7in kalacak yerinizi kendiniz aramay\u0131 tercih ediyorsan\u0131z, gen\u00e7lik yurtlar\u0131, ortak daireler ve di\u011fer konaklama se\u00e7eneklerine y\u00f6nelik ba\u011flant\u0131lar\u0131m\u0131z kesinlikle size yard\u0131mc\u0131 olacakt\u0131r. Farkl\u0131 konaklama se\u00e7eneklerine sahip adresler i\u00e7erir. Bu sayede tesisleri, konumlar\u0131 ve fiyatlar\u0131 kar\u015f\u0131la\u015ft\u0131rabilirsiniz.<\/p>\n<ul>\n<li><a href=\"https:\/\/www.immowelt.de\/suche\/koeln\/wohnungen\/mieten\" target=\"_blank\" rel=\"noopener\">K\u00f6ln&#8217;deki Daireler<\/a><\/li>\n<li><a href=\"https:\/\/www.wg-gesucht.de\/\" target=\"_blank\" rel=\"noopener\">Ortak dairelerde odalar<\/a><\/li>\n<li><a href=\"https:\/\/housinganywhere.com\/de\/?utm_source=StudentenWG\" target=\"_blank\" rel=\"noopener\">Ortak dairelerde odalar<\/a><\/li>\n<li><a href=\"https:\/\/www.kstw.de\/wohnen\" target=\"_blank\" rel=\"noopener\">\u00d6\u011frenci Birli\u011fi K\u00f6ln<\/a><\/li>\n<li><a href=\"https:\/\/www.koelntourismus.de\/buchen\/hotels-unterkuenfte\" target=\"_blank\" rel=\"noopener\">K\u00f6ln&#8217;deki Gen\u00e7lik yurtlar\u0131, oteller ve kampingler<\/a><\/li>\n<li><a href=\"https:\/\/www.koelntourismus.de\/buchen\/hotels-unterkuenfte\" target=\"_blank\" rel=\"noopener\">K\u00f6ln&#8217;de mobilyal\u0131 konaklama<\/a><\/li>\n<li><a href=\"https:\/\/www.hc24.de\/de\/m%C3%B6blierter-wohnraum-in-k%C3%B6ln.htm\" target=\"_blank\" rel=\"noopener\">h\u0131zl\u0131 istek<\/a><\/li>\n<\/ul>\n<h2>K\u00f6ln\u2019de konaklamal\u0131 Almanca dersleri hakk\u0131nda bilinmesi gerekenler<\/h2>\n<p>K\u00f6ln\u2019deki Almanca dil okulumuz konaklamal\u0131 bir Almanca kursu i\u00e7in rezervasyon yapt\u0131rmak istiyorsan\u0131z, erken zamanda kay\u0131t yapt\u0131rman\u0131z\u0131 tavsiye ederiz. K\u00f6ln, Rhein Nehri k\u0131y\u0131s\u0131ndaki bu metropole \u00e7ok say\u0131da ziyaret\u00e7i \u00e7eken pek \u00e7ok etkinli\u011fe ev sahipli\u011fi yapan olduk\u00e7a canl\u0131 bir \u015fehirdir. \u0130htiya\u00e7lar\u0131n\u0131z\u0131 kar\u015f\u0131layan bir konaklama yeri bulabilmemiz i\u00e7in talebinizi bize zaman\u0131nda bildirmenizde fayda vard\u0131r. Daha sonra, K\u00f6ln&#8217;deki konaklaman\u0131z\u0131 m\u00fcmk\u00fcn oldu\u011funca keyifli hale getirmek i\u00e7in elimizden gelen her \u015feyi yapaca\u011f\u0131z. K\u00f6ln\u2019de konaklama ve Almanca \u00f6\u011frenme konular\u0131nda size hi\u00e7bir y\u00fck\u00fcml\u00fcl\u00fck alt\u0131na girmeden tavsiyelerde bulunmaktan mutluluk duyar\u0131z. Sizinle tan\u0131\u015fmak i\u00e7in sab\u0131rs\u0131zlan\u0131yoruz.[\/vc_column_text][\/vc_column][\/vc_row]<\/p>\n","protected":false},"excerpt":{"rendered":"<p>[vc_row css=&#8221;.vc_custom_1680078153323{margin-top: 40px !important;}&#8221;][vc_column][vc_column_text] K\u00f6ln&#8217;de konaklamal\u0131 Almanca kurslar\u0131 &#8211; ev sahibi aileler veya ortak daireler [\/vc_column_text][vc_row_inner][vc_column_inner width=&#8221;1\/2&#8243;][vc_single_image image=&#8221;8717&#8243; img_size=&#8221;full&#8221;][\/vc_column_inner][vc_column_inner width=&#8221;1\/2&#8243;][vc_column_text]K\u00f6ln&#8217;de Almanca \u00f6\u011frenmek istiyorsunuz ve bu s\u00fcre i\u00e7in kalacak yere mi ihtiyac\u0131n\u0131z var? O halde sizin i\u00e7in ideal ileti\u015fim partneri biziz. Ev sahibi aileler, ortak daireler veya \u00f6\u011frenci yurtlar\u0131 aras\u0131nda se\u00e7im yapabilirsiniz. Yoksa bir otelde veya&hellip; <a class=\"read-more\" href=\"https:\/\/www.sprachschule-aktiv-koeln.de\/tr\/koelnde-konaklamali-almanca-kurslari\/\" title=\"Read K\u00f6ln&#8217;de konaklamal\u0131 Almanca kurslar\u0131\">Read more &raquo;<\/a><\/p>\n","protected":false},"author":2,"featured_media":0,"parent":0,"menu_order":0,"comment_status":"closed","ping_status":"closed","template":"","meta":{"footnotes":""},"class_list":["post-8714","page","type-page","status-publish","hentry"],"yoast_head":"<!-- This site is optimized with the Yoast SEO plugin v27.2 - https:\/\/yoast.com\/product\/yoast-seo-wordpress\/ -->\n<title>K\u00f6ln&#039;de konaklamal\u0131 Almanca kurslar\u0131 - ev sahibi aileler veya ortak daireler<\/title>\n<meta name=\"description\" content=\"K\u00f6ln&#039;de aile yan\u0131nda konaklama, ortak daireler ve \u00f6\u011frenci yurtlar\u0131 ile Almanca kurslar\u0131 veya Almanca \u00f6\u011fretmeninizle birlikte ya\u015fayabilirsiniz.\" \/>\n<meta name=\"robots\" content=\"index, follow, max-snippet:-1, max-image-preview:large, max-video-preview:-1\" \/>\n<link rel=\"canonical\" href=\"https:\/\/www.sprachschule-aktiv-koeln.de\/tr\/koelnde-konaklamali-almanca-kurslari\/\" \/>\n<meta property=\"og:locale\" content=\"tr_TR\" \/>\n<meta property=\"og:type\" content=\"article\" \/>\n<meta property=\"og:title\" content=\"K\u00f6ln&#039;de konaklamal\u0131 Almanca kurslar\u0131 - ev sahibi aileler veya ortak daireler\" \/>\n<meta property=\"og:description\" content=\"K\u00f6ln&#039;de aile yan\u0131nda konaklama, ortak daireler ve \u00f6\u011frenci yurtlar\u0131 ile Almanca kurslar\u0131 veya Almanca \u00f6\u011fretmeninizle birlikte ya\u015fayabilirsiniz.\" \/>\n<meta property=\"og:url\" content=\"https:\/\/www.sprachschule-aktiv-koeln.de\/tr\/koelnde-konaklamali-almanca-kurslari\/\" \/>\n<meta property=\"og:site_name\" content=\"Sprachschule Aktiv K\u00f6ln\" \/>\n<meta property=\"article:modified_time\" content=\"2026-03-18T08:22:49+00:00\" \/>\n<meta name=\"twitter:card\" content=\"summary_large_image\" \/>\n<meta name=\"twitter:label1\" content=\"Tahmini okuma s\u00fcresi\" \/>\n\t<meta name=\"twitter:data1\" content=\"3 dakika\" \/>\n<script type=\"application\/ld+json\" class=\"yoast-schema-graph\">{\"@context\":\"https:\/\/schema.org\",\"@graph\":[{\"@type\":\"WebPage\",\"@id\":\"https:\/\/www.sprachschule-aktiv-koeln.de\/tr\/koelnde-konaklamali-almanca-kurslari\/\",\"url\":\"https:\/\/www.sprachschule-aktiv-koeln.de\/tr\/koelnde-konaklamali-almanca-kurslari\/\",\"name\":\"K\u00f6ln'de konaklamal\u0131 Almanca kurslar\u0131 - ev sahibi aileler veya ortak daireler\",\"isPartOf\":{\"@id\":\"https:\/\/www.sprachschule-aktiv-koeln.de\/#website\"},\"datePublished\":\"2019-11-25T14:13:06+00:00\",\"dateModified\":\"2026-03-18T08:22:49+00:00\",\"description\":\"K\u00f6ln'de aile yan\u0131nda konaklama, ortak daireler ve \u00f6\u011frenci yurtlar\u0131 ile Almanca kurslar\u0131 veya Almanca \u00f6\u011fretmeninizle birlikte ya\u015fayabilirsiniz.\",\"breadcrumb\":{\"@id\":\"https:\/\/www.sprachschule-aktiv-koeln.de\/tr\/koelnde-konaklamali-almanca-kurslari\/#breadcrumb\"},\"inLanguage\":\"tr\",\"potentialAction\":[{\"@type\":\"ReadAction\",\"target\":[\"https:\/\/www.sprachschule-aktiv-koeln.de\/tr\/koelnde-konaklamali-almanca-kurslari\/\"]}]},{\"@type\":\"BreadcrumbList\",\"@id\":\"https:\/\/www.sprachschule-aktiv-koeln.de\/tr\/koelnde-konaklamali-almanca-kurslari\/#breadcrumb\",\"itemListElement\":[{\"@type\":\"ListItem\",\"position\":1,\"name\":\"Startseite\",\"item\":\"https:\/\/www.sprachschule-aktiv-koeln.de\/tr\/\"},{\"@type\":\"ListItem\",\"position\":2,\"name\":\"K\u00f6ln&#8217;de konaklamal\u0131 Almanca kurslar\u0131\"}]},{\"@type\":\"WebSite\",\"@id\":\"https:\/\/www.sprachschule-aktiv-koeln.de\/#website\",\"url\":\"https:\/\/www.sprachschule-aktiv-koeln.de\/\",\"name\":\"Sprachschule Aktiv K\u00f6ln\",\"description\":\"\",\"potentialAction\":[{\"@type\":\"SearchAction\",\"target\":{\"@type\":\"EntryPoint\",\"urlTemplate\":\"https:\/\/www.sprachschule-aktiv-koeln.de\/?s={search_term_string}\"},\"query-input\":{\"@type\":\"PropertyValueSpecification\",\"valueRequired\":true,\"valueName\":\"search_term_string\"}}],\"inLanguage\":\"tr\"}]}<\/script>\n<!-- \/ Yoast SEO plugin. -->","yoast_head_json":{"title":"K\u00f6ln'de konaklamal\u0131 Almanca kurslar\u0131 - ev sahibi aileler veya ortak daireler","description":"K\u00f6ln'de aile yan\u0131nda konaklama, ortak daireler ve \u00f6\u011frenci yurtlar\u0131 ile Almanca kurslar\u0131 veya Almanca \u00f6\u011fretmeninizle birlikte ya\u015fayabilirsiniz.","robots":{"index":"index","follow":"follow","max-snippet":"max-snippet:-1","max-image-preview":"max-image-preview:large","max-video-preview":"max-video-preview:-1"},"canonical":"https:\/\/www.sprachschule-aktiv-koeln.de\/tr\/koelnde-konaklamali-almanca-kurslari\/","og_locale":"tr_TR","og_type":"article","og_title":"K\u00f6ln'de konaklamal\u0131 Almanca kurslar\u0131 - ev sahibi aileler veya ortak daireler","og_description":"K\u00f6ln'de aile yan\u0131nda konaklama, ortak daireler ve \u00f6\u011frenci yurtlar\u0131 ile Almanca kurslar\u0131 veya Almanca \u00f6\u011fretmeninizle birlikte ya\u015fayabilirsiniz.","og_url":"https:\/\/www.sprachschule-aktiv-koeln.de\/tr\/koelnde-konaklamali-almanca-kurslari\/","og_site_name":"Sprachschule Aktiv K\u00f6ln","article_modified_time":"2026-03-18T08:22:49+00:00","twitter_card":"summary_large_image","twitter_misc":{"Tahmini okuma s\u00fcresi":"3 dakika"},"schema":{"@context":"https:\/\/schema.org","@graph":[{"@type":"WebPage","@id":"https:\/\/www.sprachschule-aktiv-koeln.de\/tr\/koelnde-konaklamali-almanca-kurslari\/","url":"https:\/\/www.sprachschule-aktiv-koeln.de\/tr\/koelnde-konaklamali-almanca-kurslari\/","name":"K\u00f6ln'de konaklamal\u0131 Almanca kurslar\u0131 - ev sahibi aileler veya ortak daireler","isPartOf":{"@id":"https:\/\/www.sprachschule-aktiv-koeln.de\/#website"},"datePublished":"2019-11-25T14:13:06+00:00","dateModified":"2026-03-18T08:22:49+00:00","description":"K\u00f6ln'de aile yan\u0131nda konaklama, ortak daireler ve \u00f6\u011frenci yurtlar\u0131 ile Almanca kurslar\u0131 veya Almanca \u00f6\u011fretmeninizle birlikte ya\u015fayabilirsiniz.","breadcrumb":{"@id":"https:\/\/www.sprachschule-aktiv-koeln.de\/tr\/koelnde-konaklamali-almanca-kurslari\/#breadcrumb"},"inLanguage":"tr","potentialAction":[{"@type":"ReadAction","target":["https:\/\/www.sprachschule-aktiv-koeln.de\/tr\/koelnde-konaklamali-almanca-kurslari\/"]}]},{"@type":"BreadcrumbList","@id":"https:\/\/www.sprachschule-aktiv-koeln.de\/tr\/koelnde-konaklamali-almanca-kurslari\/#breadcrumb","itemListElement":[{"@type":"ListItem","position":1,"name":"Startseite","item":"https:\/\/www.sprachschule-aktiv-koeln.de\/tr\/"},{"@type":"ListItem","position":2,"name":"K\u00f6ln&#8217;de konaklamal\u0131 Almanca kurslar\u0131"}]},{"@type":"WebSite","@id":"https:\/\/www.sprachschule-aktiv-koeln.de\/#website","url":"https:\/\/www.sprachschule-aktiv-koeln.de\/","name":"Sprachschule Aktiv K\u00f6ln","description":"","potentialAction":[{"@type":"SearchAction","target":{"@type":"EntryPoint","urlTemplate":"https:\/\/www.sprachschule-aktiv-koeln.de\/?s={search_term_string}"},"query-input":{"@type":"PropertyValueSpecification","valueRequired":true,"valueName":"search_term_string"}}],"inLanguage":"tr"}]}},"_links":{"self":[{"href":"https:\/\/www.sprachschule-aktiv-koeln.de\/tr\/wp-json\/wp\/v2\/pages\/8714","targetHints":{"allow":["GET"]}}],"collection":[{"href":"https:\/\/www.sprachschule-aktiv-koeln.de\/tr\/wp-json\/wp\/v2\/pages"}],"about":[{"href":"https:\/\/www.sprachschule-aktiv-koeln.de\/tr\/wp-json\/wp\/v2\/types\/page"}],"author":[{"embeddable":true,"href":"https:\/\/www.sprachschule-aktiv-koeln.de\/tr\/wp-json\/wp\/v2\/users\/2"}],"replies":[{"embeddable":true,"href":"https:\/\/www.sprachschule-aktiv-koeln.de\/tr\/wp-json\/wp\/v2\/comments?post=8714"}],"version-history":[{"count":7,"href":"https:\/\/www.sprachschule-aktiv-koeln.de\/tr\/wp-json\/wp\/v2\/pages\/8714\/revisions"}],"predecessor-version":[{"id":13274,"href":"https:\/\/www.sprachschule-aktiv-koeln.de\/tr\/wp-json\/wp\/v2\/pages\/8714\/revisions\/13274"}],"wp:attachment":[{"href":"https:\/\/www.sprachschule-aktiv-koeln.de\/tr\/wp-json\/wp\/v2\/media?parent=8714"}],"curies":[{"name":"wp","href":"https:\/\/api.w.org\/{rel}","templated":true}]}}