{"id":8732,"date":"2020-07-26T09:11:27","date_gmt":"2020-07-26T07:11:27","guid":{"rendered":"https:\/\/www.sprachschule-aktiv-koeln.de\/krankenversicherung-fuer-auslaendische-studenten\/"},"modified":"2026-03-18T09:21:25","modified_gmt":"2026-03-18T08:21:25","slug":"yabanci-oegrenciler-icin-saglik-sigortasi","status":"publish","type":"page","link":"https:\/\/www.sprachschule-aktiv-koeln.de\/tr\/yabanci-oegrenciler-icin-saglik-sigortasi\/","title":{"rendered":"Yabanc\u0131 \u00f6\u011frenciler i\u00e7in sa\u011fl\u0131k sigortas\u0131"},"content":{"rendered":"<p>[vc_row css=&#8221;.vc_custom_1680078927344{margin-top: 40px !important;}&#8221;][vc_column][vc_column_text]<\/p>\n<h1>Yabanc\u0131 \u00f6\u011frenciler i\u00e7in sa\u011fl\u0131k sigortas\u0131<\/h1>\n<p>Almanya&#8217;da yabanc\u0131 dil \u00f6\u011frencileri i\u00e7in sa\u011fl\u0131k sigortas\u0131 \u00e7ok \u00f6nemlidir. Halihaz\u0131rda zorunlu sigorta kapsam\u0131nda de\u011filsiniz, vize ba\u015fvurusunda bulunmadan \u00f6nce zaman\u0131nda sa\u011fl\u0131k sigortas\u0131 ba\u015fvurusunuda bulunmal\u0131s\u0131n\u0131z. Almanya vizesi sadece ge\u00e7erli bir sa\u011fl\u0131k sigortas\u0131 ile m\u00fcmk\u00fcnd\u00fcr. Ba\u015fvuru sadece birka\u00e7 dakika s\u00fcrer ve online olarak yap\u0131l\u0131r.[\/vc_column_text][vc_row_inner][vc_column_inner width=&#8221;1\/2&#8243;][vc_single_image image=&#8221;8734&#8243; img_size=&#8221;full&#8221;][\/vc_column_inner][vc_column_inner width=&#8221;1\/2&#8243;][vc_column_text]Ancak farkl\u0131 sigorta se\u00e7enekleri hakk\u0131nda kendinizi \u00f6nceden bilgilendirmelisiniz. Sigorta kapsam\u0131 her zaman ayn\u0131 olmayabilir. Do\u011fru sigortay\u0131 se\u00e7ti\u011finizde, \u00e7ok para tasarruf edebilir ve yine de en y\u00fcksek kaliteyi elde edebilirsiniz. Uygun bir sigorta poli\u00e7esi bulman\u0131za yard\u0131mc\u0131 olmaktan memnuniyet duyar\u0131z. \u0130yi ve g\u00fcvenilir bir \u015firket ile \u00e7al\u0131\u015ft\u0131\u011f\u0131m\u0131z\u0131 da burada belirtmek isteriz.<\/p>\n<p><a href=\"https:\/\/www.sprachschule-aktiv-koeln.de\/tr\/yogun-almanca-kurslari\/\">ALMANCA KURSLARIMIZIN BA\u015eLANGI\u00c7 TARI\u0307HLERI\u0307NE BURADAN ULA\u015eABI\u0307LI\u0307RSI\u0307NI\u0307Z!<\/a>[\/vc_column_text][vc_column_text]<a class=\"whyaweb-kontakt\" href=\"#\">H\u0131zl\u0131 bilgi<\/a>[\/vc_column_text][\/vc_column_inner][\/vc_row_inner][\/vc_column][\/vc_row][vc_row full_width=&#8221;stretch_row&#8221; css=&#8221;.vc_custom_1680079208058{padding-top: 25px !important;padding-bottom: 15px !important;background-color: #f8f8f8 !important;}&#8221;][vc_column][vc_column_text]<\/p>\n<h2>Sa\u011fl\u0131k sigortas\u0131 poli\u00e7esi almak i\u00e7in gerekenler nelerdir?<\/h2>\n<p>\u0130\u015fbirli\u011fi orta\u011f\u0131m\u0131z sa\u011fl\u0131k sigortas\u0131 \u015firketi Care Concept\u2019tir. Sigorta, dil \u00f6\u011frencilerin ihtiya\u00e7lar\u0131na g\u00f6re \u00f6zel olarak tasarlanm\u0131\u015f ve ki\u015fiye \u00f6zel \u00fcr\u00fcnler sunmaktad\u0131r. Bu sigorta 35 ya\u015f\u0131na kadar sorunsuz bir \u015fekilde yapt\u0131r\u0131labilir. Almanya veya Avusturya\u2019da bir dil okuluna gitmek isteyen d\u00fcnya \u00e7ap\u0131ndaki dil \u00f6\u011frencileri bu sigortay\u0131 yapt\u0131rabilir. Almanca \u00f6\u011frenirken ideal koruma.<\/p>\n<h2>Sa\u011fl\u0131k sigortas\u0131 fonu ne gibi faydalar sa\u011flar?<\/h2>\n<p>Care Concept\u2019in sa\u011fl\u0131k sigortas\u0131nda sigortal\u0131ysan\u0131z, ayakta tedavi, yatarak tedavi ve di\u015f bak\u0131m\u0131 hizmeti al\u0131rs\u0131n\u0131z. Bireysel teklifler, hizmetlerin kapsam\u0131 bak\u0131m\u0131ndan farkl\u0131l\u0131k g\u00f6stermektedir. Burada sizin i\u00e7in neyin \u00f6nemli oldu\u011funu \u00f6nceden \u00f6\u011frenin.<\/p>\n<h2>Sa\u011fl\u0131k sigortas\u0131n\u0131n maliyeti nedir?<\/h2>\n<p>Sa\u011fl\u0131k sigortas\u0131 farkl\u0131 tarifeler sunmaktad\u0131r. Elbette t\u00fcm tarifelerde gerekli tedarik sa\u011flanacakt\u0131r. Belirli alanlarda k\u00fc\u00e7\u00fck farkl\u0131l\u0131klar vard\u0131r. En ucuz (Care College Basics) halihaz\u0131rda ayl\u0131k 28 \u20ac\u2019dan ba\u015flayan fiyatlarla sunulmaktad\u0131r. Ayr\u0131ca Care College Comfort (ayl\u0131k 35 \u20ac\u2019dan ba\u015flayan fiyatlarla) ve Care College Premium (ayl\u0131k 63\u20ac\u2019dan ba\u015flayan fiyatlarla) se\u00e7enekleride mevcut. En ucuz tarife ile gerekli tedaviyi al\u0131rs\u0131n\u0131z ancak k\u00fc\u00e7\u00fck bir kat\u0131l\u0131m pay\u0131 dahildir. Care College Premium ayr\u0131ca g\u00f6rsel yard\u0131mc\u0131lar\u0131n (100 \u20ac\u2019ya kadar), g\u00fcnl\u00fck hastane \u00f6dene\u011finin ve kazaya ba\u011fl\u0131 protezlerin<br \/>\n(2500 \u20ac\u2019ya kadar) masraflar\u0131n\u0131 da kar\u015f\u0131lamaktad\u0131r. Bu d\u00fc\u015f\u00fck fiyatlar ilk 18 ay i\u00e7in ge\u00e7erlidir. Daha ayr\u0131nt\u0131l\u0131 bilgi i\u00e7in l\u00fctfen Care Concept ana sayfas\u0131n\u0131 z\u0131yaret ediniz.[\/vc_column_text][\/vc_column][\/vc_row][vc_row][vc_column][vc_column_text]<\/p>\n<h2>\u0130nternet \u00fczerinden kolay sipari\u015f<\/h2>\n<p>Sa\u011fl\u0131k sigortan\u0131z\u0131 online olarak kolayca ve rahat\u00e7a yap\u0131n. \u00d6nceki hastal\u0131klar\u0131n\u0131zla ilgili bilgi gerekli de\u011fildir. Ayr\u0131ca, sorumluluk veya kaza sigortas\u0131 da yapt\u0131r\u0131labilir. Sadece birka\u00e7 dakika i\u00e7inde sigorta belgelerini bir e-posta ile alacaks\u0131n\u0131z. Daha sonra hemen vize ba\u015fvurusunda bulunabilirsiniz. Sigorta belgeleri de elbette size posta yoluyla g\u00f6ndelilecektir. Bu genellikle iki i\u015f g\u00fcn\u00fc i\u00e7inde ger\u00e7ekle\u015fir.<\/p>\n<p><a href=\"https:\/\/www.care-concept.de\/krankenversicherung\/sprachschueler_und_studenten\/auslaendische_studenten_versicherung_e-antrag.php?vmnr=9005730067&amp;mail=info@sprachschule-aktiv-koeln.de\">bilgi &#8211; Fiyatlar ve kay\u0131t &#8211; Sa\u011fl\u0131k sigortas\u0131 Almanya vizesi i\u00e7in an\u0131nda onay!<\/a><\/p>\n<h2>Geli\u015fmi\u015f bir sa\u011fl\u0131k sistemine giri\u015f<\/h2>\n<p>\u00d6\u011frenciler i\u00e7in sa\u011fl\u0131k sigortas\u0131 primi Almanya\u2019daki normal \u00e7al\u0131\u015fanlara k\u0131yasla \u00e7ok y\u00fcksek de\u011fildir. Ayr\u0131ca kendi doktorunuzu se\u00e7mekte de \u00f6zg\u00fcrs\u00fcn\u00fcz. Sizi sa\u011fl\u0131k sigortas\u0131 fonunun k\u0131lavuzlar\u0131na g\u00f6re tedavi edeceklerdir. Ayr\u0131ca, \u00f6\u011frenciler i\u00e7in sa\u011fl\u0131k sigortas\u0131, Alman \u00e7al\u0131\u015fanlar i\u00e7in sa\u011fl\u0131k sigortas\u0131nda sa\u011flanmayan tedavi noktalar\u0131n\u0131 da i\u00e7erir. Bu \u015fekilde, \u00e7ok a\u011f\u0131r hastalanmalar\u0131 halinde kendi \u00fclkelerine geri g\u00f6nderilmiyorlar. Ama siz. Care Concept, t\u00fcm endi\u015feleri ve ihtiya\u00e7lar\u0131 kar\u015f\u0131lamak i\u00e7in farkl\u0131 tarifeler sunmaktad\u0131r. \u00d6rne\u011fin Comfort paketi, sigortaya ihtiya\u00e7 duymaman\u0131z halinde prim iadesi bile sa\u011fl\u0131yor. \u015eimdi \u00f6\u011frenin![\/vc_column_text][\/vc_column][\/vc_row]<\/p>\n","protected":false},"excerpt":{"rendered":"<p>[vc_row css=&#8221;.vc_custom_1680078927344{margin-top: 40px !important;}&#8221;][vc_column][vc_column_text] Yabanc\u0131 \u00f6\u011frenciler i\u00e7in sa\u011fl\u0131k sigortas\u0131 Almanya&#8217;da yabanc\u0131 dil \u00f6\u011frencileri i\u00e7in sa\u011fl\u0131k sigortas\u0131 \u00e7ok \u00f6nemlidir. Halihaz\u0131rda zorunlu sigorta kapsam\u0131nda de\u011filsiniz, vize ba\u015fvurusunda bulunmadan \u00f6nce zaman\u0131nda sa\u011fl\u0131k sigortas\u0131 ba\u015fvurusunuda bulunmal\u0131s\u0131n\u0131z. Almanya vizesi sadece ge\u00e7erli bir sa\u011fl\u0131k sigortas\u0131 ile m\u00fcmk\u00fcnd\u00fcr. Ba\u015fvuru sadece birka\u00e7 dakika s\u00fcrer ve online olarak yap\u0131l\u0131r.[\/vc_column_text][vc_row_inner][vc_column_inner width=&#8221;1\/2&#8243;][vc_single_image image=&#8221;8734&#8243; img_size=&#8221;full&#8221;][\/vc_column_inner][vc_column_inner width=&#8221;1\/2&#8243;][vc_column_text]Ancak farkl\u0131&hellip; <a class=\"read-more\" href=\"https:\/\/www.sprachschule-aktiv-koeln.de\/tr\/yabanci-oegrenciler-icin-saglik-sigortasi\/\" title=\"Read Yabanc\u0131 \u00f6\u011frenciler i\u00e7in sa\u011fl\u0131k sigortas\u0131\">Read more &raquo;<\/a><\/p>\n","protected":false},"author":2,"featured_media":0,"parent":0,"menu_order":0,"comment_status":"closed","ping_status":"closed","template":"","meta":{"footnotes":""},"class_list":["post-8732","page","type-page","status-publish","hentry"],"yoast_head":"<!-- This site is optimized with the Yoast SEO plugin v27.2 - https:\/\/yoast.com\/product\/yoast-seo-wordpress\/ -->\n<title>Yabanc\u0131 \u00f6\u011frenciler i\u00e7in sa\u011fl\u0131k sigortas\u0131<\/title>\n<meta name=\"description\" content=\"K\u00f6ln&#039;deki Almanca kurslar\u0131 i\u00e7in yabanc\u0131 \u00f6\u011frenciler i\u00e7in sa\u011fl\u0131k sigortas\u0131 i\u00e7in \u00f6nemli bilgiler, gereksinimler ve fiyatlar.\" \/>\n<meta name=\"robots\" content=\"index, follow, max-snippet:-1, max-image-preview:large, max-video-preview:-1\" \/>\n<link rel=\"canonical\" href=\"https:\/\/www.sprachschule-aktiv-koeln.de\/tr\/yabanci-oegrenciler-icin-saglik-sigortasi\/\" \/>\n<meta property=\"og:locale\" content=\"tr_TR\" \/>\n<meta property=\"og:type\" content=\"article\" \/>\n<meta property=\"og:title\" content=\"Yabanc\u0131 \u00f6\u011frenciler i\u00e7in sa\u011fl\u0131k sigortas\u0131\" \/>\n<meta property=\"og:description\" content=\"K\u00f6ln&#039;deki Almanca kurslar\u0131 i\u00e7in yabanc\u0131 \u00f6\u011frenciler i\u00e7in sa\u011fl\u0131k sigortas\u0131 i\u00e7in \u00f6nemli bilgiler, gereksinimler ve fiyatlar.\" \/>\n<meta property=\"og:url\" content=\"https:\/\/www.sprachschule-aktiv-koeln.de\/tr\/yabanci-oegrenciler-icin-saglik-sigortasi\/\" \/>\n<meta property=\"og:site_name\" content=\"Sprachschule Aktiv K\u00f6ln\" \/>\n<meta property=\"article:modified_time\" content=\"2026-03-18T08:21:25+00:00\" \/>\n<meta name=\"twitter:card\" content=\"summary_large_image\" \/>\n<meta name=\"twitter:label1\" content=\"Tahmini okuma s\u00fcresi\" \/>\n\t<meta name=\"twitter:data1\" content=\"3 dakika\" \/>\n<script type=\"application\/ld+json\" class=\"yoast-schema-graph\">{\"@context\":\"https:\/\/schema.org\",\"@graph\":[{\"@type\":\"WebPage\",\"@id\":\"https:\/\/www.sprachschule-aktiv-koeln.de\/tr\/yabanci-oegrenciler-icin-saglik-sigortasi\/\",\"url\":\"https:\/\/www.sprachschule-aktiv-koeln.de\/tr\/yabanci-oegrenciler-icin-saglik-sigortasi\/\",\"name\":\"Yabanc\u0131 \u00f6\u011frenciler i\u00e7in sa\u011fl\u0131k sigortas\u0131\",\"isPartOf\":{\"@id\":\"https:\/\/www.sprachschule-aktiv-koeln.de\/#website\"},\"datePublished\":\"2020-07-26T07:11:27+00:00\",\"dateModified\":\"2026-03-18T08:21:25+00:00\",\"description\":\"K\u00f6ln'deki Almanca kurslar\u0131 i\u00e7in yabanc\u0131 \u00f6\u011frenciler i\u00e7in sa\u011fl\u0131k sigortas\u0131 i\u00e7in \u00f6nemli bilgiler, gereksinimler ve fiyatlar.\",\"breadcrumb\":{\"@id\":\"https:\/\/www.sprachschule-aktiv-koeln.de\/tr\/yabanci-oegrenciler-icin-saglik-sigortasi\/#breadcrumb\"},\"inLanguage\":\"tr\",\"potentialAction\":[{\"@type\":\"ReadAction\",\"target\":[\"https:\/\/www.sprachschule-aktiv-koeln.de\/tr\/yabanci-oegrenciler-icin-saglik-sigortasi\/\"]}]},{\"@type\":\"BreadcrumbList\",\"@id\":\"https:\/\/www.sprachschule-aktiv-koeln.de\/tr\/yabanci-oegrenciler-icin-saglik-sigortasi\/#breadcrumb\",\"itemListElement\":[{\"@type\":\"ListItem\",\"position\":1,\"name\":\"Startseite\",\"item\":\"https:\/\/www.sprachschule-aktiv-koeln.de\/tr\/\"},{\"@type\":\"ListItem\",\"position\":2,\"name\":\"Yabanc\u0131 \u00f6\u011frenciler i\u00e7in sa\u011fl\u0131k sigortas\u0131\"}]},{\"@type\":\"WebSite\",\"@id\":\"https:\/\/www.sprachschule-aktiv-koeln.de\/#website\",\"url\":\"https:\/\/www.sprachschule-aktiv-koeln.de\/\",\"name\":\"Sprachschule Aktiv K\u00f6ln\",\"description\":\"\",\"potentialAction\":[{\"@type\":\"SearchAction\",\"target\":{\"@type\":\"EntryPoint\",\"urlTemplate\":\"https:\/\/www.sprachschule-aktiv-koeln.de\/?s={search_term_string}\"},\"query-input\":{\"@type\":\"PropertyValueSpecification\",\"valueRequired\":true,\"valueName\":\"search_term_string\"}}],\"inLanguage\":\"tr\"}]}<\/script>\n<!-- \/ Yoast SEO plugin. -->","yoast_head_json":{"title":"Yabanc\u0131 \u00f6\u011frenciler i\u00e7in sa\u011fl\u0131k sigortas\u0131","description":"K\u00f6ln'deki Almanca kurslar\u0131 i\u00e7in yabanc\u0131 \u00f6\u011frenciler i\u00e7in sa\u011fl\u0131k sigortas\u0131 i\u00e7in \u00f6nemli bilgiler, gereksinimler ve fiyatlar.","robots":{"index":"index","follow":"follow","max-snippet":"max-snippet:-1","max-image-preview":"max-image-preview:large","max-video-preview":"max-video-preview:-1"},"canonical":"https:\/\/www.sprachschule-aktiv-koeln.de\/tr\/yabanci-oegrenciler-icin-saglik-sigortasi\/","og_locale":"tr_TR","og_type":"article","og_title":"Yabanc\u0131 \u00f6\u011frenciler i\u00e7in sa\u011fl\u0131k sigortas\u0131","og_description":"K\u00f6ln'deki Almanca kurslar\u0131 i\u00e7in yabanc\u0131 \u00f6\u011frenciler i\u00e7in sa\u011fl\u0131k sigortas\u0131 i\u00e7in \u00f6nemli bilgiler, gereksinimler ve fiyatlar.","og_url":"https:\/\/www.sprachschule-aktiv-koeln.de\/tr\/yabanci-oegrenciler-icin-saglik-sigortasi\/","og_site_name":"Sprachschule Aktiv K\u00f6ln","article_modified_time":"2026-03-18T08:21:25+00:00","twitter_card":"summary_large_image","twitter_misc":{"Tahmini okuma s\u00fcresi":"3 dakika"},"schema":{"@context":"https:\/\/schema.org","@graph":[{"@type":"WebPage","@id":"https:\/\/www.sprachschule-aktiv-koeln.de\/tr\/yabanci-oegrenciler-icin-saglik-sigortasi\/","url":"https:\/\/www.sprachschule-aktiv-koeln.de\/tr\/yabanci-oegrenciler-icin-saglik-sigortasi\/","name":"Yabanc\u0131 \u00f6\u011frenciler i\u00e7in sa\u011fl\u0131k sigortas\u0131","isPartOf":{"@id":"https:\/\/www.sprachschule-aktiv-koeln.de\/#website"},"datePublished":"2020-07-26T07:11:27+00:00","dateModified":"2026-03-18T08:21:25+00:00","description":"K\u00f6ln'deki Almanca kurslar\u0131 i\u00e7in yabanc\u0131 \u00f6\u011frenciler i\u00e7in sa\u011fl\u0131k sigortas\u0131 i\u00e7in \u00f6nemli bilgiler, gereksinimler ve fiyatlar.","breadcrumb":{"@id":"https:\/\/www.sprachschule-aktiv-koeln.de\/tr\/yabanci-oegrenciler-icin-saglik-sigortasi\/#breadcrumb"},"inLanguage":"tr","potentialAction":[{"@type":"ReadAction","target":["https:\/\/www.sprachschule-aktiv-koeln.de\/tr\/yabanci-oegrenciler-icin-saglik-sigortasi\/"]}]},{"@type":"BreadcrumbList","@id":"https:\/\/www.sprachschule-aktiv-koeln.de\/tr\/yabanci-oegrenciler-icin-saglik-sigortasi\/#breadcrumb","itemListElement":[{"@type":"ListItem","position":1,"name":"Startseite","item":"https:\/\/www.sprachschule-aktiv-koeln.de\/tr\/"},{"@type":"ListItem","position":2,"name":"Yabanc\u0131 \u00f6\u011frenciler i\u00e7in sa\u011fl\u0131k sigortas\u0131"}]},{"@type":"WebSite","@id":"https:\/\/www.sprachschule-aktiv-koeln.de\/#website","url":"https:\/\/www.sprachschule-aktiv-koeln.de\/","name":"Sprachschule Aktiv K\u00f6ln","description":"","potentialAction":[{"@type":"SearchAction","target":{"@type":"EntryPoint","urlTemplate":"https:\/\/www.sprachschule-aktiv-koeln.de\/?s={search_term_string}"},"query-input":{"@type":"PropertyValueSpecification","valueRequired":true,"valueName":"search_term_string"}}],"inLanguage":"tr"}]}},"_links":{"self":[{"href":"https:\/\/www.sprachschule-aktiv-koeln.de\/tr\/wp-json\/wp\/v2\/pages\/8732","targetHints":{"allow":["GET"]}}],"collection":[{"href":"https:\/\/www.sprachschule-aktiv-koeln.de\/tr\/wp-json\/wp\/v2\/pages"}],"about":[{"href":"https:\/\/www.sprachschule-aktiv-koeln.de\/tr\/wp-json\/wp\/v2\/types\/page"}],"author":[{"embeddable":true,"href":"https:\/\/www.sprachschule-aktiv-koeln.de\/tr\/wp-json\/wp\/v2\/users\/2"}],"replies":[{"embeddable":true,"href":"https:\/\/www.sprachschule-aktiv-koeln.de\/tr\/wp-json\/wp\/v2\/comments?post=8732"}],"version-history":[{"count":5,"href":"https:\/\/www.sprachschule-aktiv-koeln.de\/tr\/wp-json\/wp\/v2\/pages\/8732\/revisions"}],"predecessor-version":[{"id":13272,"href":"https:\/\/www.sprachschule-aktiv-koeln.de\/tr\/wp-json\/wp\/v2\/pages\/8732\/revisions\/13272"}],"wp:attachment":[{"href":"https:\/\/www.sprachschule-aktiv-koeln.de\/tr\/wp-json\/wp\/v2\/media?parent=8732"}],"curies":[{"name":"wp","href":"https:\/\/api.w.org\/{rel}","templated":true}]}}