{"id":8748,"date":"2020-01-15T04:58:12","date_gmt":"2020-01-15T03:58:12","guid":{"rendered":"https:\/\/www.sprachschule-aktiv-koeln.de\/koeln-erleben-freizeittipps-nach-dem-deutschkurs\/"},"modified":"2023-03-29T10:56:44","modified_gmt":"2023-03-29T08:56:44","slug":"almanca-kursundan-sonra-bos-zaman-icin-tavsiyeler","status":"publish","type":"page","link":"https:\/\/www.sprachschule-aktiv-koeln.de\/tr\/almanca-kursundan-sonra-bos-zaman-icin-tavsiyeler\/","title":{"rendered":"K\u00f6ln\u2019\u00fc deneyimleyin \u2013 Almanca kursundan sonra bo\u015f zaman i\u00e7in tavsiyeler"},"content":{"rendered":"<p>[vc_row css=&#8221;.vc_custom_1680079891041{margin-top: 40px !important;}&#8221;][vc_column][vc_column_text]<\/p>\n<h1>K\u00f6ln\u2019\u00fc deneyimleyin \u2013 Almanca kursundan sonra bo\u015f zaman i\u00e7in tavsiyeler<\/h1>\n<p>[\/vc_column_text][vc_row_inner][vc_column_inner width=&#8221;1\/2&#8243;][vc_single_image image=&#8221;8562&#8243; img_size=&#8221;full&#8221;][\/vc_column_inner][vc_column_inner width=&#8221;1\/2&#8243;][vc_column_text]Almanca kursumdan sonra ne yapaca\u011f\u0131m? K\u00f6ln\u2019\u00fc ya\u015fay\u0131n \u2013 Burada Almanca kursunuzdan sonra bo\u015f zamanlar\u0131n\u0131z\u0131 de\u011ferlendirmek i\u00e7in ipu\u00e7lar\u0131 bulacaks\u0131n\u0131z:<\/p>\n<p>Rhein nehri k\u0131y\u0131s\u0131nda yer alan hareketli metropol K\u00f6ln, 1,1 milyon n\u00fcfusuyla Almanya\u2019n\u0131n d\u00f6rd\u00fcnc\u00fc b\u00fcy\u00fck \u015fehridir. Tarihi eski \u015fehir K\u00f6ln\u2019\u00fcn uzun ge\u00e7mi\u015fine tan\u0131kl\u0131k etmektedir, ancak \u015fehrin ayn\u0131 zamanda \u00e7ok modern bir taraf\u0131da vard\u0131r. B\u00fct\u00fcn g\u00fcn y\u00fcr\u00fcmekten yorulduysan\u0131z, say\u0131s\u0131z barda dinlenmek ve soluklanmak i\u00e7in rahat bir yer bulaca\u011f\u0131n\u0131zdan emin olabilirsiniz. B\u00f6yle bir bar\u0131 ziyaret etti\u011finizde, elbette y\u00f6resel bir bira olan &#8220;K\u00f6lsch &#8220;\u00fc denemeden ge\u00e7emezsiniz. K\u00f6ln halk\u0131n\u0131n a\u00e7\u0131k ve samimi do\u011fas\u0131, turistlerin K\u00f6ln&#8217;de kendilerini ger\u00e7ekten evlerinde hissetmelerini sa\u011flar.[\/vc_column_text][\/vc_column_inner][\/vc_row_inner][\/vc_column][\/vc_row][vc_row][vc_column][vc_column_text]<\/p>\n<h2>K\u00f6ln&#8217;\u00fcn g\u00f6r\u00fclmeye de\u011fer yerleri &#8211; tarihten \u00e7\u0131lg\u0131nl\u0131\u011fa<\/h2>\n<p>\u015eehrin mutlak simgesi K\u00f6ln Katedrali&#8217;dir! T\u00fcm Almanya&#8217;daki en \u00fcnl\u00fc turistik yerlerden biridir. Her g\u00fcn yakla\u015f\u0131k 20.000 ziyaret\u00e7i buray\u0131 g\u00f6rmek istemektedir. Temeli 13. y\u00fczy\u0131l gibi erken bir tarihte at\u0131lm\u0131\u015ft\u0131r ve 1996 y\u0131l\u0131ndan bu yana UNESCO D\u00fcnya Miras\u0131 Listesi&#8217;nde yer almaktad\u0131r. Di\u011fer \u015feylerin yan\u0131 s\u0131ra, bunu g\u00fczel vitray pencerelere ve \u00dc\u00e7 Kutsal Krallar&#8217;\u0131n kemiklerini i\u00e7eren tap\u0131na\u011fa bor\u00e7ludur. 157 metre y\u00fcksekli\u011findeki Gotik kilise kuleleri ile d\u00fcnyan\u0131n en y\u00fcksek ikinci kilise binas\u0131d\u0131r. K\u00f6ln&#8217;\u00fcn eski kentinde y\u0131\u011fma evler olarak adland\u0131r\u0131lan k\u00fc\u00e7\u00fck sokaklar, k\u00f6kl\u00fc ma\u011fazalar ve restoranlar bulacaks\u0131n\u0131z. Evlerin \u00fczerinde ta\u015ftan oyulmu\u015f maskeler, yani Schandmasken&#8217;ler g\u00f6rebilirsiniz. Bunlar\u0131n k\u00f6keni hakk\u0131nda bir\u00e7ok farkl\u0131 efsane vard\u0131r. Ayr\u0131ca evlerin duvarlar\u0131nda ge\u00e7mi\u015fte ya\u015fanan sel felaketlerini anlatan sel izlerini de g\u00f6rebilirsiniz. Sonu\u00e7 olarak, eski \u015fehirde bir kez deneyimlemeniz gereken \u00f6zel bir atmosfer var. K\u00f6ln katedralinin yan\u0131 s\u0131ra sundu\u011fu bir ba\u015fka \u00fcst\u00fcnl\u00fck daha vard\u0131r: \u015eehirde katedralin yan\u0131 s\u0131ra Almanya&#8217;n\u0131n en eski belediye binas\u0131 da bulunmaktad\u0131r. Zaten 12. y\u00fczy\u0131l\u0131n ba\u015flar\u0131nda &#8220;vatanda\u015fl\u0131k evi&#8221; olarak bahsedilmi\u015ftir. Hala \u00e7ok say\u0131da orijinal Gotik mimari g\u00f6rebilirsiniz, ancak belediye binas\u0131 2. D\u00fcnya Sava\u015f\u0131 s\u0131ras\u0131nda b\u00fcy\u00fck \u00f6l\u00e7\u00fcde tahrip edildi\u011finden modern unsurlarla birle\u015ftirilmi\u015ftir. Belediye binas\u0131n\u0131n kulesinde bulunan ve g\u00fcnde d\u00f6rt kez \u00e7alan \u00e7an \u00f6zel bir cazibe yarat\u0131r. Ancak \u015fehir sadece tarihi a\u00e7\u0131dan ilgin\u00e7 \u015feyler sunmuyor. \u015eimdiden bir ba\u015fka simge olarak kabul edilen yeni bina ise K\u00f6ln \u00dc\u00e7geni\u2019dir. 2005&#8217;te tamamlanan ve 100 metreden daha y\u00fcksek olan modern ofis binas\u0131n\u0131n tepesinde, t\u00fcm \u015fehrin ve Rhein Nehri&#8217;nin harika manzaras\u0131n\u0131 g\u00f6rebilece\u011finiz bir izleme platformu bulunmaktad\u0131r. \u00dc\u00e7gen, K\u00f6ln Katedrali&#8217;nin tam kar\u015f\u0131s\u0131nda yer almaktad\u0131r ve ula\u015f\u0131m\u0131 kolayd\u0131r. T\u0131pk\u0131 K\u00f6ln Katedrali ve \u00dc\u00e7gen&#8217;in eski ve yeniyi uyumlu bir \u015fekilde bir araya getirmesi gibi, S\u00fcdstadt&#8217;taki d\u00f6n\u00fc\u015ft\u00fcr\u00fclm\u00fc\u015f Rheinauhafen&#8217;de de modern bina kompleksleri ve listelenmi\u015f, restore edilmi\u015f evler yan yana durmaktad\u0131r. Do\u011frudan Rhein Nehri \u00fczerinde yer alan gen\u00e7 ve canl\u0131 bir b\u00f6lgedir. Burada sizi gezmeye, bakmaya ve dola\u015fmaya davet eden bir\u00e7ok k\u00fc\u00e7\u00fck kafe, restoran ve ayr\u0131ca galeriler bulacaks\u0131n\u0131z. Tekne severler burada bulunan marinadan \u00e7ok memnun kalacaklard\u0131r. Tatl\u0131c\u0131lar K\u00f6ln \u00c7ikolata M\u00fczesi&#8217;ne bay\u0131lacak. Burada 4.000 metrekarelik bir alanda \u00e7ikolata ile ilgili her \u015feyi deneyimleyebilirsiniz. Ziyaret\u00e7iler, kakao \u00e7ekirdeklerinin yeti\u015ftirilmesinden hasada ve \u00e7ikolata \u00fcretimine kadar \u00fcretim s\u00fcrecini deneyimleyebilirler. \u00c7\u0131kolatan\u0131n hakk\u0131nda da pek \u00e7ok bilgi var. M\u00fczenin en \u00f6nemli \u00f6zelli\u011fi dev \u00e7ikolata \u00e7e\u015fmesidir. Burada, k\u00fc\u00e7\u00fck waffle\u2019larla lezzetli tatl\u0131lar\u0131n tad\u0131na bakabilirsiniz. K\u00f6lsch i\u00e7mek i\u00e7in geleneksel \u2018Lommerzheim\u2019 pub\u2019\u0131ndan daha otantik bir yer yoktur. Burada rustik bir atmosferde biran\u0131z\u0131n tad\u0131n\u0131 \u00e7\u0131karabilir ve yerel halkla ho\u015f sohbet edebilirsiniz. Bu pub, her\u015feyden \u00f6nce ad\u0131n\u0131 ve atmosferini bor\u00e7lu oldu\u011fu eski hanc\u0131 Hans Lommerzheim taraf\u0131ndan \u015fekillendirilmi\u015ftir. Lommerzheim 2008 y\u0131l\u0131nda bir yenileme \u00e7al\u0131\u015fmas\u0131n\u0131n ard\u0131ndan yeniden a\u00e7\u0131lm\u0131\u015f, ancak eski atmosferin korunmas\u0131na b\u00fcy\u00fck \u00f6nem verilmi\u015ftir. Do\u011fru zamanda do\u011fru yerde! Her y\u0131l \u015eubat ay\u0131 civar\u0131nda t\u00fcm \u015fehir \u00e7\u0131lg\u0131nlar\u0131n kalesine d\u00f6n\u00fc\u015f\u00fcr. Karneval K\u00f6ln\u2019de \u00e7ok pop\u00fcler ve y\u0131l\u0131n be\u015finci mevsimi olarak kabul edilir. \u2018Rosenmontag\u2019 g\u00fcn\u00fc t\u00fcm \u015fehir boyunca devam eden geleneksel karneval ge\u00e7idini sak\u0131n ka\u00e7\u0131rmay\u0131n. Kost\u00fcm giymi\u015f pek \u00e7ok seyirci ge\u00e7it arabalar\u0131n\u0131n yolunu tutarak ge\u00e7it arabalar\u0131ndan ya\u011facak \u015feker ve \u00e7i\u00e7ekleri d\u00f6rt g\u00f6zle beklemektedir. \u015eehrin her yerinde \u015famatal\u0131 kahkahalar, danslar ve kutlamalar var. Kat\u0131l\u0131m kesinlikle arzu edilmektedir!<br \/>\n[\/vc_column_text][\/vc_column][\/vc_row]<\/p>\n","protected":false},"excerpt":{"rendered":"<p>[vc_row css=&#8221;.vc_custom_1680079891041{margin-top: 40px !important;}&#8221;][vc_column][vc_column_text] K\u00f6ln\u2019\u00fc deneyimleyin \u2013 Almanca kursundan sonra bo\u015f zaman i\u00e7in tavsiyeler [\/vc_column_text][vc_row_inner][vc_column_inner width=&#8221;1\/2&#8243;][vc_single_image image=&#8221;8562&#8243; img_size=&#8221;full&#8221;][\/vc_column_inner][vc_column_inner width=&#8221;1\/2&#8243;][vc_column_text]Almanca kursumdan sonra ne yapaca\u011f\u0131m? K\u00f6ln\u2019\u00fc ya\u015fay\u0131n \u2013 Burada Almanca kursunuzdan sonra bo\u015f zamanlar\u0131n\u0131z\u0131 de\u011ferlendirmek i\u00e7in ipu\u00e7lar\u0131 bulacaks\u0131n\u0131z: Rhein nehri k\u0131y\u0131s\u0131nda yer alan hareketli metropol K\u00f6ln, 1,1 milyon n\u00fcfusuyla Almanya\u2019n\u0131n d\u00f6rd\u00fcnc\u00fc b\u00fcy\u00fck \u015fehridir. Tarihi eski \u015fehir K\u00f6ln\u2019\u00fcn&hellip; <a class=\"read-more\" href=\"https:\/\/www.sprachschule-aktiv-koeln.de\/tr\/almanca-kursundan-sonra-bos-zaman-icin-tavsiyeler\/\" title=\"Read K\u00f6ln\u2019\u00fc deneyimleyin \u2013 Almanca kursundan sonra bo\u015f zaman i\u00e7in tavsiyeler\">Read more &raquo;<\/a><\/p>\n","protected":false},"author":2,"featured_media":0,"parent":0,"menu_order":0,"comment_status":"closed","ping_status":"closed","template":"","meta":{"footnotes":""},"class_list":["post-8748","page","type-page","status-publish","hentry"],"yoast_head":"<!-- This site is optimized with the Yoast SEO plugin v27.2 - https:\/\/yoast.com\/product\/yoast-seo-wordpress\/ -->\n<title>K\u00f6ln&#039;\u00fcn g\u00f6r\u00fclmeye de\u011fer yerleri - tarihten \u00e7\u0131lg\u0131nl\u0131\u011fa<\/title>\n<meta name=\"description\" content=\"K\u00f6ln&#039;\u00fc Deneyimleyin - Burada, Almanca kursundan sonra ziyaret edebilece\u011finiz e\u011flence ipu\u00e7lar\u0131 ve g\u00f6r\u00fclecek yerler bulacaks\u0131n\u0131z.\" \/>\n<meta name=\"robots\" content=\"index, follow, max-snippet:-1, max-image-preview:large, max-video-preview:-1\" \/>\n<link rel=\"canonical\" href=\"https:\/\/www.sprachschule-aktiv-koeln.de\/tr\/almanca-kursundan-sonra-bos-zaman-icin-tavsiyeler\/\" \/>\n<meta property=\"og:locale\" content=\"tr_TR\" \/>\n<meta property=\"og:type\" content=\"article\" \/>\n<meta property=\"og:title\" content=\"K\u00f6ln&#039;\u00fcn g\u00f6r\u00fclmeye de\u011fer yerleri - tarihten \u00e7\u0131lg\u0131nl\u0131\u011fa\" \/>\n<meta property=\"og:description\" content=\"K\u00f6ln&#039;\u00fc Deneyimleyin - Burada, Almanca kursundan sonra ziyaret edebilece\u011finiz e\u011flence ipu\u00e7lar\u0131 ve g\u00f6r\u00fclecek yerler bulacaks\u0131n\u0131z.\" \/>\n<meta property=\"og:url\" content=\"https:\/\/www.sprachschule-aktiv-koeln.de\/tr\/almanca-kursundan-sonra-bos-zaman-icin-tavsiyeler\/\" \/>\n<meta property=\"og:site_name\" content=\"Sprachschule Aktiv K\u00f6ln\" \/>\n<meta property=\"article:modified_time\" content=\"2023-03-29T08:56:44+00:00\" \/>\n<meta name=\"twitter:card\" content=\"summary_large_image\" \/>\n<meta name=\"twitter:label1\" content=\"Tahmini okuma s\u00fcresi\" \/>\n\t<meta name=\"twitter:data1\" content=\"4 dakika\" \/>\n<script type=\"application\/ld+json\" class=\"yoast-schema-graph\">{\"@context\":\"https:\/\/schema.org\",\"@graph\":[{\"@type\":\"WebPage\",\"@id\":\"https:\/\/www.sprachschule-aktiv-koeln.de\/tr\/almanca-kursundan-sonra-bos-zaman-icin-tavsiyeler\/\",\"url\":\"https:\/\/www.sprachschule-aktiv-koeln.de\/tr\/almanca-kursundan-sonra-bos-zaman-icin-tavsiyeler\/\",\"name\":\"K\u00f6ln'\u00fcn g\u00f6r\u00fclmeye de\u011fer yerleri - tarihten \u00e7\u0131lg\u0131nl\u0131\u011fa\",\"isPartOf\":{\"@id\":\"https:\/\/www.sprachschule-aktiv-koeln.de\/#website\"},\"datePublished\":\"2020-01-15T03:58:12+00:00\",\"dateModified\":\"2023-03-29T08:56:44+00:00\",\"description\":\"K\u00f6ln'\u00fc Deneyimleyin - Burada, Almanca kursundan sonra ziyaret edebilece\u011finiz e\u011flence ipu\u00e7lar\u0131 ve g\u00f6r\u00fclecek yerler bulacaks\u0131n\u0131z.\",\"breadcrumb\":{\"@id\":\"https:\/\/www.sprachschule-aktiv-koeln.de\/tr\/almanca-kursundan-sonra-bos-zaman-icin-tavsiyeler\/#breadcrumb\"},\"inLanguage\":\"tr\",\"potentialAction\":[{\"@type\":\"ReadAction\",\"target\":[\"https:\/\/www.sprachschule-aktiv-koeln.de\/tr\/almanca-kursundan-sonra-bos-zaman-icin-tavsiyeler\/\"]}]},{\"@type\":\"BreadcrumbList\",\"@id\":\"https:\/\/www.sprachschule-aktiv-koeln.de\/tr\/almanca-kursundan-sonra-bos-zaman-icin-tavsiyeler\/#breadcrumb\",\"itemListElement\":[{\"@type\":\"ListItem\",\"position\":1,\"name\":\"Startseite\",\"item\":\"https:\/\/www.sprachschule-aktiv-koeln.de\/tr\/\"},{\"@type\":\"ListItem\",\"position\":2,\"name\":\"K\u00f6ln\u2019\u00fc deneyimleyin \u2013 Almanca kursundan sonra bo\u015f zaman i\u00e7in tavsiyeler\"}]},{\"@type\":\"WebSite\",\"@id\":\"https:\/\/www.sprachschule-aktiv-koeln.de\/#website\",\"url\":\"https:\/\/www.sprachschule-aktiv-koeln.de\/\",\"name\":\"Sprachschule Aktiv K\u00f6ln\",\"description\":\"\",\"potentialAction\":[{\"@type\":\"SearchAction\",\"target\":{\"@type\":\"EntryPoint\",\"urlTemplate\":\"https:\/\/www.sprachschule-aktiv-koeln.de\/?s={search_term_string}\"},\"query-input\":{\"@type\":\"PropertyValueSpecification\",\"valueRequired\":true,\"valueName\":\"search_term_string\"}}],\"inLanguage\":\"tr\"}]}<\/script>\n<!-- \/ Yoast SEO plugin. -->","yoast_head_json":{"title":"K\u00f6ln'\u00fcn g\u00f6r\u00fclmeye de\u011fer yerleri - tarihten \u00e7\u0131lg\u0131nl\u0131\u011fa","description":"K\u00f6ln'\u00fc Deneyimleyin - Burada, Almanca kursundan sonra ziyaret edebilece\u011finiz e\u011flence ipu\u00e7lar\u0131 ve g\u00f6r\u00fclecek yerler bulacaks\u0131n\u0131z.","robots":{"index":"index","follow":"follow","max-snippet":"max-snippet:-1","max-image-preview":"max-image-preview:large","max-video-preview":"max-video-preview:-1"},"canonical":"https:\/\/www.sprachschule-aktiv-koeln.de\/tr\/almanca-kursundan-sonra-bos-zaman-icin-tavsiyeler\/","og_locale":"tr_TR","og_type":"article","og_title":"K\u00f6ln'\u00fcn g\u00f6r\u00fclmeye de\u011fer yerleri - tarihten \u00e7\u0131lg\u0131nl\u0131\u011fa","og_description":"K\u00f6ln'\u00fc Deneyimleyin - Burada, Almanca kursundan sonra ziyaret edebilece\u011finiz e\u011flence ipu\u00e7lar\u0131 ve g\u00f6r\u00fclecek yerler bulacaks\u0131n\u0131z.","og_url":"https:\/\/www.sprachschule-aktiv-koeln.de\/tr\/almanca-kursundan-sonra-bos-zaman-icin-tavsiyeler\/","og_site_name":"Sprachschule Aktiv K\u00f6ln","article_modified_time":"2023-03-29T08:56:44+00:00","twitter_card":"summary_large_image","twitter_misc":{"Tahmini okuma s\u00fcresi":"4 dakika"},"schema":{"@context":"https:\/\/schema.org","@graph":[{"@type":"WebPage","@id":"https:\/\/www.sprachschule-aktiv-koeln.de\/tr\/almanca-kursundan-sonra-bos-zaman-icin-tavsiyeler\/","url":"https:\/\/www.sprachschule-aktiv-koeln.de\/tr\/almanca-kursundan-sonra-bos-zaman-icin-tavsiyeler\/","name":"K\u00f6ln'\u00fcn g\u00f6r\u00fclmeye de\u011fer yerleri - tarihten \u00e7\u0131lg\u0131nl\u0131\u011fa","isPartOf":{"@id":"https:\/\/www.sprachschule-aktiv-koeln.de\/#website"},"datePublished":"2020-01-15T03:58:12+00:00","dateModified":"2023-03-29T08:56:44+00:00","description":"K\u00f6ln'\u00fc Deneyimleyin - Burada, Almanca kursundan sonra ziyaret edebilece\u011finiz e\u011flence ipu\u00e7lar\u0131 ve g\u00f6r\u00fclecek yerler bulacaks\u0131n\u0131z.","breadcrumb":{"@id":"https:\/\/www.sprachschule-aktiv-koeln.de\/tr\/almanca-kursundan-sonra-bos-zaman-icin-tavsiyeler\/#breadcrumb"},"inLanguage":"tr","potentialAction":[{"@type":"ReadAction","target":["https:\/\/www.sprachschule-aktiv-koeln.de\/tr\/almanca-kursundan-sonra-bos-zaman-icin-tavsiyeler\/"]}]},{"@type":"BreadcrumbList","@id":"https:\/\/www.sprachschule-aktiv-koeln.de\/tr\/almanca-kursundan-sonra-bos-zaman-icin-tavsiyeler\/#breadcrumb","itemListElement":[{"@type":"ListItem","position":1,"name":"Startseite","item":"https:\/\/www.sprachschule-aktiv-koeln.de\/tr\/"},{"@type":"ListItem","position":2,"name":"K\u00f6ln\u2019\u00fc deneyimleyin \u2013 Almanca kursundan sonra bo\u015f zaman i\u00e7in tavsiyeler"}]},{"@type":"WebSite","@id":"https:\/\/www.sprachschule-aktiv-koeln.de\/#website","url":"https:\/\/www.sprachschule-aktiv-koeln.de\/","name":"Sprachschule Aktiv K\u00f6ln","description":"","potentialAction":[{"@type":"SearchAction","target":{"@type":"EntryPoint","urlTemplate":"https:\/\/www.sprachschule-aktiv-koeln.de\/?s={search_term_string}"},"query-input":{"@type":"PropertyValueSpecification","valueRequired":true,"valueName":"search_term_string"}}],"inLanguage":"tr"}]}},"_links":{"self":[{"href":"https:\/\/www.sprachschule-aktiv-koeln.de\/tr\/wp-json\/wp\/v2\/pages\/8748","targetHints":{"allow":["GET"]}}],"collection":[{"href":"https:\/\/www.sprachschule-aktiv-koeln.de\/tr\/wp-json\/wp\/v2\/pages"}],"about":[{"href":"https:\/\/www.sprachschule-aktiv-koeln.de\/tr\/wp-json\/wp\/v2\/types\/page"}],"author":[{"embeddable":true,"href":"https:\/\/www.sprachschule-aktiv-koeln.de\/tr\/wp-json\/wp\/v2\/users\/2"}],"replies":[{"embeddable":true,"href":"https:\/\/www.sprachschule-aktiv-koeln.de\/tr\/wp-json\/wp\/v2\/comments?post=8748"}],"version-history":[{"count":4,"href":"https:\/\/www.sprachschule-aktiv-koeln.de\/tr\/wp-json\/wp\/v2\/pages\/8748\/revisions"}],"predecessor-version":[{"id":8753,"href":"https:\/\/www.sprachschule-aktiv-koeln.de\/tr\/wp-json\/wp\/v2\/pages\/8748\/revisions\/8753"}],"wp:attachment":[{"href":"https:\/\/www.sprachschule-aktiv-koeln.de\/tr\/wp-json\/wp\/v2\/media?parent=8748"}],"curies":[{"name":"wp","href":"https:\/\/api.w.org\/{rel}","templated":true}]}}